{"id":3393,"date":"2025-06-19T08:51:31","date_gmt":"2025-06-19T08:51:31","guid":{"rendered":"https:\/\/www.kultura.cat\/project\/avantprojecte-museografic-parc-arqueologic-del-puig-de-sa-morisca\/"},"modified":"2025-06-19T09:51:08","modified_gmt":"2025-06-19T09:51:08","slug":"anteprojecto-museografico-parque-arqueologico-del-puig-de-sa-morisca","status":"publish","type":"project","link":"https:\/\/www.kultura.cat\/es\/project\/anteprojecto-museografico-parque-arqueologico-del-puig-de-sa-morisca\/","title":{"rendered":"Anteprojecto museogr\u00e1fico Parque Arqueol\u00f3gico del Puig de sa Morisca"},"content":{"rendered":"<p>[et_pb_section fb_built=\u00bb1&#8243; admin_label=\u00bbsection\u00bb _builder_version=\u00bb4.16&#8243; custom_padding=\u00bb0px||23px|||\u00bb global_colors_info=\u00bb{}\u00bb][et_pb_row admin_label=\u00bbrow\u00bb _builder_version=\u00bb4.27.4&#8243; background_image=\u00bbhttps:\/\/www.kultura.cat\/wp-content\/uploads\/2025\/06\/Z6.-TALAIOT-TORRE-III-CAMINS-9f.jpg\u00bb background_repeat=\u00bbrepeat\u00bb width=\u00bb100%\u00bb max_width=\u00bb2560px\u00bb height=\u00bb450px\u00bb max_height=\u00bb450px\u00bb custom_margin=\u00bb|auto|35px|auto||\u00bb custom_padding=\u00bb0px|||||\u00bb global_colors_info=\u00bb{}\u00bb][et_pb_column type=\u00bb4_4&#8243; _builder_version=\u00bb4.16&#8243; custom_padding=\u00bb|||\u00bb global_colors_info=\u00bb{}\u00bb custom_padding__hover=\u00bb|||\u00bb][\/et_pb_column][\/et_pb_row][et_pb_row admin_label=\u00bbrow\u00bb _builder_version=\u00bb4.16&#8243; background_size=\u00bbinitial\u00bb background_position=\u00bbtop_left\u00bb background_repeat=\u00bbrepeat\u00bb custom_padding=\u00bb1px|||||\u00bb global_colors_info=\u00bb{}\u00bb][et_pb_column type=\u00bb4_4&#8243; _builder_version=\u00bb4.16&#8243; custom_padding=\u00bb|||\u00bb global_colors_info=\u00bb{}\u00bb custom_padding__hover=\u00bb|||\u00bb][et_pb_text admin_label=\u00bbText\u00bb _builder_version=\u00bb4.27.4&#8243; header_3_text_color=\u00bb#a0a0a0&#8243; header_3_font_size=\u00bb18px\u00bb background_size=\u00bbinitial\u00bb background_position=\u00bbtop_left\u00bb background_repeat=\u00bbrepeat\u00bb custom_margin=\u00bb||20px|||\u00bb use_border_color=\u00bboff\u00bb border_color=\u00bb#ffffff\u00bb border_style=\u00bbsolid\u00bb global_colors_info=\u00bb{}\u00bb]<\/p>\n<h3>MUSEOLOG\u00cdA Y MUSEOGRAF\u00cdA<\/h3>\n<p>[\/et_pb_text][et_pb_text admin_label=\u00bbText\u00bb _builder_version=\u00bb4.27.4&#8243; background_size=\u00bbinitial\u00bb background_position=\u00bbtop_left\u00bb background_repeat=\u00bbrepeat\u00bb custom_margin=\u00bb||3px|||\u00bb custom_padding=\u00bb0px|||||\u00bb use_border_color=\u00bboff\u00bb border_color=\u00bb#ffffff\u00bb border_style=\u00bbsolid\u00bb global_colors_info=\u00bb{}\u00bb]<\/p>\n<h2 class=\"title\"><b>Anteproyecto museogr\u00e1fico <strong>para la exposici\u00f3n permanente de los conjuntos patrimoniales\u00a0<\/strong><\/b><\/h2>\n<h1><strong><span>Parc Arqueol\u00f2gic del Puig de sa Morisca<\/span><\/strong><\/h1>\n<p>[\/et_pb_text][et_pb_text admin_label=\u00bbText\u00bb _builder_version=\u00bb4.27.4&#8243; background_size=\u00bbinitial\u00bb background_position=\u00bbtop_left\u00bb background_repeat=\u00bbrepeat\u00bb use_border_color=\u00bboff\u00bb border_color=\u00bb#ffffff\u00bb border_style=\u00bbsolid\u00bb global_colors_info=\u00bb{}\u00bb]<\/p>\n<h3><span>Santa Pon\u00e7a \u2013 Calvi\u00e0, Mallorca.<\/span><\/h3>\n<h3>Fecha de ejecuci\u00f3n 2023<\/h3>\n<p>[\/et_pb_text][\/et_pb_column][\/et_pb_row][et_pb_row column_structure=\u00bb3_4,1_4&#8243; admin_label=\u00bbrow\u00bb _builder_version=\u00bb4.16&#8243; background_size=\u00bbinitial\u00bb background_position=\u00bbtop_left\u00bb background_repeat=\u00bbrepeat\u00bb custom_padding=\u00bb4px|||||\u00bb global_colors_info=\u00bb{}\u00bb][et_pb_column type=\u00bb3_4&#8243; _builder_version=\u00bb4.16&#8243; custom_padding=\u00bb|||\u00bb global_colors_info=\u00bb{}\u00bb custom_padding__hover=\u00bb|||\u00bb][et_pb_text admin_label=\u00bbText\u00bb _builder_version=\u00bb4.27.4&#8243; header_4_line_height=\u00bb1.4em\u00bb background_size=\u00bbinitial\u00bb background_position=\u00bbtop_left\u00bb background_repeat=\u00bbrepeat\u00bb use_border_color=\u00bboff\u00bb border_color=\u00bb#ffffff\u00bb border_style=\u00bbsolid\u00bb global_colors_info=\u00bb{}\u00bb]<\/p>\n<p><strong><span>Proyecto museogr\u00e1fico orientado a la interpretaci\u00f3n integral del paisaje cultural del Puig de sa Morisca desde una perspectiva hist\u00f3rica, territorial y patrimonial.<\/span><\/strong><\/p>\n<p><span>El proyecto se ha concebido como una propuesta innovadora para la creaci\u00f3n de un espacio de difusi\u00f3n e interpretaci\u00f3n del paisaje cultural del Puig de sa Morisca y de su entorno natural y patrimonial. El relato expositivo recorre las principales etapas hist\u00f3ricas del territorio \u2014desde la prehistoria hasta la actualidad\u2014 y las conecta con las din\u00e1micas sociales, econ\u00f3micas y ambientales que han configurado este enclave estrat\u00e9gico de Calvi\u00e0.<\/span><\/p>\n<p><span>La museograf\u00eda combina recursos gr\u00e1ficos, audiovisuales, interactivos y escenogr\u00e1ficos para ofrecer una experiencia accesible, did\u00e1ctica y comprensible para todos los p\u00fablicos. El proyecto incluye tambi\u00e9n la musealizaci\u00f3n de los yacimientos arqueol\u00f3gicos del parque y pone en valor su diversidad cultural, natural y paisaj\u00edstica del entorno.<\/span><\/p>\n<p>[\/et_pb_text][\/et_pb_column][et_pb_column type=\u00bb1_4&#8243; _builder_version=\u00bb4.16&#8243; custom_padding=\u00bb|||\u00bb global_colors_info=\u00bb{}\u00bb custom_padding__hover=\u00bb|||\u00bb][et_pb_text admin_label=\u00bbText\u00bb _builder_version=\u00bb4.27.4&#8243; background_size=\u00bbinitial\u00bb background_position=\u00bbtop_left\u00bb background_repeat=\u00bbrepeat\u00bb use_border_color=\u00bboff\u00bb border_color=\u00bb#ffffff\u00bb border_style=\u00bbsolid\u00bb global_colors_info=\u00bb{}\u00bb]<\/p>\n<h4>Trabajo realizado para:<\/h4>\n<p><span>Ayuntamiento de Calvi\u00e0<\/span><\/p>\n<p><strong><b><span style=\"font-weight: 400;\"><\/span><\/b><\/strong><\/p>\n<p>&nbsp;<\/p>\n<p>[\/et_pb_text][\/et_pb_column][\/et_pb_row][\/et_pb_section][et_pb_section fb_built=\u00bb1&#8243; admin_label=\u00bbsection\u00bb _builder_version=\u00bb4.16&#8243; background_color=\u00bb#f7f7f7&#8243; custom_padding=\u00bb26px||28px|||\u00bb global_colors_info=\u00bb{}\u00bb][et_pb_row admin_label=\u00bbrow\u00bb _builder_version=\u00bb4.16&#8243; background_size=\u00bbinitial\u00bb background_position=\u00bbtop_left\u00bb background_repeat=\u00bbrepeat\u00bb custom_padding=\u00bb14px|||||\u00bb global_colors_info=\u00bb{}\u00bb][et_pb_column type=\u00bb4_4&#8243; _builder_version=\u00bb4.16&#8243; custom_padding=\u00bb|||\u00bb global_colors_info=\u00bb{}\u00bb custom_padding__hover=\u00bb|||\u00bb][et_pb_text _builder_version=\u00bb4.27.4&#8243; _module_preset=\u00bbdefault\u00bb header_2_text_color=\u00bb#bc1d4d\u00bb custom_margin=\u00bb||21px|||\u00bb global_colors_info=\u00bb{}\u00bb]<\/p>\n<h2 style=\"text-align: center;\">Galer\u00eda de im\u00e1genes<\/h2>\n<p>[\/et_pb_text][et_pb_gallery gallery_ids=\u00bb3381,3378,3375,3372,3384&#8243; fullwidth=\u00bbon\u00bb admin_label=\u00bbGaler\u00eda\u00bb _builder_version=\u00bb4.27.4&#8243; caption_all_caps=\u00bboff\u00bb auto=\u00bbon\u00bb auto_speed=\u00bb5000&#8243; use_border_color=\u00bboff\u00bb border_color=\u00bb#ffffff\u00bb border_style=\u00bbsolid\u00bb global_colors_info=\u00bb{}\u00bb] [\/et_pb_gallery][\/et_pb_column][\/et_pb_row][et_pb_row _builder_version=\u00bb4.24.0&#8243; _module_preset=\u00bbdefault\u00bb locked=\u00bboff\u00bb global_colors_info=\u00bb{}\u00bb][et_pb_column type=\u00bb4_4&#8243; _builder_version=\u00bb4.24.0&#8243; _module_preset=\u00bbdefault\u00bb global_colors_info=\u00bb{}\u00bb][et_pb_text _builder_version=\u00bb4.27.4&#8243; _module_preset=\u00bbdefault\u00bb header_2_text_color=\u00bb#bc1d4d\u00bb custom_margin=\u00bb||21px|||\u00bb global_colors_info=\u00bb{}\u00bb]<\/p>\n<h2 style=\"text-align: center;\">Proyectos relacionados<\/h2>\n<p>[\/et_pb_text][et_pb_portfolio fullwidth=\u00bboff\u00bb posts_number=\u00bb4&#8243; include_categories=\u00bb8&#8243; show_categories=\u00bboff\u00bb show_pagination=\u00bboff\u00bb zoom_icon_color=\u00bb#bc1d4d\u00bb hover_icon=\u00bb&#x50;||divi||400&#8243; _builder_version=\u00bb4.24.0&#8243; _module_preset=\u00bbdefault\u00bb title_text_color=\u00bbrgba(0,0,0,0.76)\u00bb title_font_size=\u00bb14px\u00bb locked=\u00bboff\u00bb global_colors_info=\u00bb{}\u00bb][\/et_pb_portfolio][\/et_pb_column][\/et_pb_row][\/et_pb_section][et_pb_section fb_built=\u00bb1&#8243; custom_padding_last_edited=\u00bbon|desktop\u00bb admin_label=\u00bbsection\u00bb _builder_version=\u00bb4.27.4&#8243; background_image=\u00bbhttps:\/\/www.kultura.cat\/wp-content\/uploads\/2025\/06\/sa-moriscareflejo-biblio.jpg\u00bb parallax=\u00bbon\u00bb parallax_method=\u00bboff\u00bb custom_padding_tablet=\u00bb50px|0|50px|0&#8243; custom_padding_phone=\u00bb\u00bb transparent_background=\u00bboff\u00bb padding_mobile=\u00bboff\u00bb make_fullwidth=\u00bboff\u00bb use_custom_width=\u00bboff\u00bb width_unit=\u00bbon\u00bb global_colors_info=\u00bb{}\u00bb title_text=\u00bbsa moriscareflejo biblio\u00bb][et_pb_row admin_label=\u00bbrow\u00bb _builder_version=\u00bb4.16&#8243; background_size=\u00bbinitial\u00bb background_position=\u00bbtop_left\u00bb background_repeat=\u00bbrepeat\u00bb global_colors_info=\u00bb{}\u00bb][et_pb_column type=\u00bb4_4&#8243; _builder_version=\u00bb4.16&#8243; custom_padding=\u00bb|||\u00bb global_colors_info=\u00bb{}\u00bb custom_padding__hover=\u00bb|||\u00bb][et_pb_cta title=\u00bb\u00bfTe gusta nuestro trabajo?\u00bb button_url=\u00bbmailto:info@kultura.cat\u00bb url_new_window=\u00bbon\u00bb button_text=\u00bbCont\u00e1ctanos\u00bb admin_label=\u00bbCall To Action\u00bb _builder_version=\u00bb4.27.4&#8243; use_background_color=\u00bboff\u00bb background_size=\u00bbinitial\u00bb background_position=\u00bbtop_left\u00bb background_repeat=\u00bbrepeat\u00bb min_height=\u00bb70px\u00bb link_option_url_new_window=\u00bbon\u00bb use_border_color=\u00bboff\u00bb border_color=\u00bb#ffffff\u00bb border_style=\u00bbsolid\u00bb button_letter_spacing_hover=\u00bb0&#8243; global_colors_info=\u00bb{}\u00bb button_text_size__hover_enabled=\u00bboff\u00bb button_one_text_size__hover_enabled=\u00bboff\u00bb button_two_text_size__hover_enabled=\u00bboff\u00bb button_text_color__hover_enabled=\u00bboff\u00bb button_one_text_color__hover_enabled=\u00bboff\u00bb button_two_text_color__hover_enabled=\u00bboff\u00bb button_border_width__hover_enabled=\u00bboff\u00bb button_one_border_width__hover_enabled=\u00bboff\u00bb button_two_border_width__hover_enabled=\u00bboff\u00bb button_border_color__hover_enabled=\u00bboff\u00bb button_one_border_color__hover_enabled=\u00bboff\u00bb button_two_border_color__hover_enabled=\u00bboff\u00bb button_border_radius__hover_enabled=\u00bboff\u00bb button_one_border_radius__hover_enabled=\u00bboff\u00bb button_two_border_radius__hover_enabled=\u00bboff\u00bb button_letter_spacing__hover_enabled=\u00bbon\u00bb button_letter_spacing__hover=\u00bb0&#8243; button_one_letter_spacing__hover_enabled=\u00bboff\u00bb button_two_letter_spacing__hover_enabled=\u00bboff\u00bb button_bg_color__hover_enabled=\u00bboff\u00bb button_one_bg_color__hover_enabled=\u00bboff\u00bb button_two_bg_color__hover_enabled=\u00bboff\u00bb][\/et_pb_cta][\/et_pb_column][\/et_pb_row][\/et_pb_section]<\/p>\n","protected":false},"excerpt":{"rendered":"<p>MUSEOLOG\u00cdA Y MUSEOGRAF\u00cdAAnteproyecto museogr\u00e1fico para la exposici\u00f3n permanente de los conjuntos patrimoniales\u00a0 Parc Arqueol\u00f2gic del Puig de sa MoriscaSanta Pon\u00e7a \u2013 Calvi\u00e0, Mallorca. Fecha de ejecuci\u00f3n 2023Proyecto museogr\u00e1fico orientado a la interpretaci\u00f3n integral del paisaje cultural del Puig de sa Morisca desde una perspectiva hist\u00f3rica, territorial y patrimonial. El proyecto se ha concebido como una [&hellip;]<\/p>\n","protected":false},"author":2,"featured_media":3381,"comment_status":"open","ping_status":"closed","template":"","meta":{"_et_pb_use_builder":"on","_et_pb_old_content":"","_et_gb_content_width":"","footnotes":""},"project_category":[8,35,13,31],"project_tag":[],"class_list":["post-3393","project","type-project","status-publish","has-post-thumbnail","hentry","project_category-museologia-i-museografia","project_category-museologia-i-museografia-es","project_category-ultimo","project_category-ultimo-es"],"yoast_head":"<!-- This site is optimized with the Yoast SEO plugin v24.8.1 - https:\/\/yoast.com\/wordpress\/plugins\/seo\/ -->\n<title>Anteprojecto museogr\u00e1fico Parque Arqueol\u00f3gico del Puig de sa Morisca - Kultura<\/title>\n<meta name=\"description\" content=\"Proyecto museogr\u00e1fico orientado a la interpretaci\u00f3n integral del paisaje cultural del Puig de sa Morisca desde una perspectiva hist\u00f3rica, territorial y patrimonial\" \/>\n<meta name=\"robots\" content=\"index, follow, max-snippet:-1, max-image-preview:large, max-video-preview:-1\" \/>\n<link rel=\"canonical\" href=\"https:\/\/www.kultura.cat\/es\/project\/anteprojecto-museografico-parque-arqueologico-del-puig-de-sa-morisca\/\" \/>\n<meta property=\"og:locale\" content=\"es_ES\" \/>\n<meta property=\"og:type\" content=\"article\" \/>\n<meta property=\"og:title\" content=\"Anteprojecto museogr\u00e1fico Parque Arqueol\u00f3gico del Puig de sa Morisca - Kultura\" \/>\n<meta property=\"og:description\" content=\"Proyecto museogr\u00e1fico orientado a la interpretaci\u00f3n integral del paisaje cultural del Puig de sa Morisca desde una perspectiva hist\u00f3rica, territorial y patrimonial\" \/>\n<meta property=\"og:url\" content=\"https:\/\/www.kultura.cat\/es\/project\/anteprojecto-museografico-parque-arqueologico-del-puig-de-sa-morisca\/\" \/>\n<meta property=\"og:site_name\" content=\"Kultura\" \/>\n<meta property=\"article:modified_time\" content=\"2025-06-19T09:51:08+00:00\" \/>\n<meta property=\"og:image\" content=\"https:\/\/www.kultura.cat\/wp-content\/uploads\/2025\/06\/Captura-de-pantalla-2025-06-19-104342.jpg\" \/>\n\t<meta property=\"og:image:width\" content=\"844\" \/>\n\t<meta property=\"og:image:height\" content=\"540\" \/>\n\t<meta property=\"og:image:type\" content=\"image\/jpeg\" \/>\n<meta name=\"twitter:card\" content=\"summary_large_image\" \/>\n<meta name=\"twitter:label1\" content=\"Tiempo de lectura\" \/>\n\t<meta name=\"twitter:data1\" content=\"4 minutos\" \/>\n<script type=\"application\/ld+json\" class=\"yoast-schema-graph\">{\"@context\":\"https:\/\/schema.org\",\"@graph\":[{\"@type\":\"WebPage\",\"@id\":\"https:\/\/www.kultura.cat\/es\/project\/anteprojecto-museografico-parque-arqueologico-del-puig-de-sa-morisca\/\",\"url\":\"https:\/\/www.kultura.cat\/es\/project\/anteprojecto-museografico-parque-arqueologico-del-puig-de-sa-morisca\/\",\"name\":\"Anteprojecto museogr\u00e1fico Parque Arqueol\u00f3gico del Puig de sa Morisca - Kultura\",\"isPartOf\":{\"@id\":\"https:\/\/www.kultura.cat\/es\/#website\"},\"primaryImageOfPage\":{\"@id\":\"https:\/\/www.kultura.cat\/es\/project\/anteprojecto-museografico-parque-arqueologico-del-puig-de-sa-morisca\/#primaryimage\"},\"image\":{\"@id\":\"https:\/\/www.kultura.cat\/es\/project\/anteprojecto-museografico-parque-arqueologico-del-puig-de-sa-morisca\/#primaryimage\"},\"thumbnailUrl\":\"https:\/\/www.kultura.cat\/wp-content\/uploads\/2025\/06\/Captura-de-pantalla-2025-06-19-104342.jpg\",\"datePublished\":\"2025-06-19T08:51:31+00:00\",\"dateModified\":\"2025-06-19T09:51:08+00:00\",\"description\":\"Proyecto museogr\u00e1fico orientado a la interpretaci\u00f3n integral del paisaje cultural del Puig de sa Morisca desde una perspectiva hist\u00f3rica, territorial y patrimonial\",\"breadcrumb\":{\"@id\":\"https:\/\/www.kultura.cat\/es\/project\/anteprojecto-museografico-parque-arqueologico-del-puig-de-sa-morisca\/#breadcrumb\"},\"inLanguage\":\"es\",\"potentialAction\":[{\"@type\":\"ReadAction\",\"target\":[\"https:\/\/www.kultura.cat\/es\/project\/anteprojecto-museografico-parque-arqueologico-del-puig-de-sa-morisca\/\"]}]},{\"@type\":\"ImageObject\",\"inLanguage\":\"es\",\"@id\":\"https:\/\/www.kultura.cat\/es\/project\/anteprojecto-museografico-parque-arqueologico-del-puig-de-sa-morisca\/#primaryimage\",\"url\":\"https:\/\/www.kultura.cat\/wp-content\/uploads\/2025\/06\/Captura-de-pantalla-2025-06-19-104342.jpg\",\"contentUrl\":\"https:\/\/www.kultura.cat\/wp-content\/uploads\/2025\/06\/Captura-de-pantalla-2025-06-19-104342.jpg\",\"width\":844,\"height\":540},{\"@type\":\"BreadcrumbList\",\"@id\":\"https:\/\/www.kultura.cat\/es\/project\/anteprojecto-museografico-parque-arqueologico-del-puig-de-sa-morisca\/#breadcrumb\",\"itemListElement\":[{\"@type\":\"ListItem\",\"position\":1,\"name\":\"Portada\",\"item\":\"https:\/\/www.kultura.cat\/es\/\"},{\"@type\":\"ListItem\",\"position\":2,\"name\":\"Proyectos\",\"item\":\"https:\/\/www.kultura.cat\/es\/project\/\"},{\"@type\":\"ListItem\",\"position\":3,\"name\":\"Anteprojecto museogr\u00e1fico Parque Arqueol\u00f3gico del Puig de sa Morisca\"}]},{\"@type\":\"WebSite\",\"@id\":\"https:\/\/www.kultura.cat\/es\/#website\",\"url\":\"https:\/\/www.kultura.cat\/es\/\",\"name\":\"Kultura\",\"description\":\"Ideas y Estrategias para el Patrimonio\",\"potentialAction\":[{\"@type\":\"SearchAction\",\"target\":{\"@type\":\"EntryPoint\",\"urlTemplate\":\"https:\/\/www.kultura.cat\/es\/?s={search_term_string}\"},\"query-input\":{\"@type\":\"PropertyValueSpecification\",\"valueRequired\":true,\"valueName\":\"search_term_string\"}}],\"inLanguage\":\"es\"}]}<\/script>\n<!-- \/ Yoast SEO plugin. -->","yoast_head_json":{"title":"Anteprojecto museogr\u00e1fico Parque Arqueol\u00f3gico del Puig de sa Morisca - Kultura","description":"Proyecto museogr\u00e1fico orientado a la interpretaci\u00f3n integral del paisaje cultural del Puig de sa Morisca desde una perspectiva hist\u00f3rica, territorial y patrimonial","robots":{"index":"index","follow":"follow","max-snippet":"max-snippet:-1","max-image-preview":"max-image-preview:large","max-video-preview":"max-video-preview:-1"},"canonical":"https:\/\/www.kultura.cat\/es\/project\/anteprojecto-museografico-parque-arqueologico-del-puig-de-sa-morisca\/","og_locale":"es_ES","og_type":"article","og_title":"Anteprojecto museogr\u00e1fico Parque Arqueol\u00f3gico del Puig de sa Morisca - Kultura","og_description":"Proyecto museogr\u00e1fico orientado a la interpretaci\u00f3n integral del paisaje cultural del Puig de sa Morisca desde una perspectiva hist\u00f3rica, territorial y patrimonial","og_url":"https:\/\/www.kultura.cat\/es\/project\/anteprojecto-museografico-parque-arqueologico-del-puig-de-sa-morisca\/","og_site_name":"Kultura","article_modified_time":"2025-06-19T09:51:08+00:00","og_image":[{"width":844,"height":540,"url":"https:\/\/www.kultura.cat\/wp-content\/uploads\/2025\/06\/Captura-de-pantalla-2025-06-19-104342.jpg","type":"image\/jpeg"}],"twitter_card":"summary_large_image","twitter_misc":{"Tiempo de lectura":"4 minutos"},"schema":{"@context":"https:\/\/schema.org","@graph":[{"@type":"WebPage","@id":"https:\/\/www.kultura.cat\/es\/project\/anteprojecto-museografico-parque-arqueologico-del-puig-de-sa-morisca\/","url":"https:\/\/www.kultura.cat\/es\/project\/anteprojecto-museografico-parque-arqueologico-del-puig-de-sa-morisca\/","name":"Anteprojecto museogr\u00e1fico Parque Arqueol\u00f3gico del Puig de sa Morisca - Kultura","isPartOf":{"@id":"https:\/\/www.kultura.cat\/es\/#website"},"primaryImageOfPage":{"@id":"https:\/\/www.kultura.cat\/es\/project\/anteprojecto-museografico-parque-arqueologico-del-puig-de-sa-morisca\/#primaryimage"},"image":{"@id":"https:\/\/www.kultura.cat\/es\/project\/anteprojecto-museografico-parque-arqueologico-del-puig-de-sa-morisca\/#primaryimage"},"thumbnailUrl":"https:\/\/www.kultura.cat\/wp-content\/uploads\/2025\/06\/Captura-de-pantalla-2025-06-19-104342.jpg","datePublished":"2025-06-19T08:51:31+00:00","dateModified":"2025-06-19T09:51:08+00:00","description":"Proyecto museogr\u00e1fico orientado a la interpretaci\u00f3n integral del paisaje cultural del Puig de sa Morisca desde una perspectiva hist\u00f3rica, territorial y patrimonial","breadcrumb":{"@id":"https:\/\/www.kultura.cat\/es\/project\/anteprojecto-museografico-parque-arqueologico-del-puig-de-sa-morisca\/#breadcrumb"},"inLanguage":"es","potentialAction":[{"@type":"ReadAction","target":["https:\/\/www.kultura.cat\/es\/project\/anteprojecto-museografico-parque-arqueologico-del-puig-de-sa-morisca\/"]}]},{"@type":"ImageObject","inLanguage":"es","@id":"https:\/\/www.kultura.cat\/es\/project\/anteprojecto-museografico-parque-arqueologico-del-puig-de-sa-morisca\/#primaryimage","url":"https:\/\/www.kultura.cat\/wp-content\/uploads\/2025\/06\/Captura-de-pantalla-2025-06-19-104342.jpg","contentUrl":"https:\/\/www.kultura.cat\/wp-content\/uploads\/2025\/06\/Captura-de-pantalla-2025-06-19-104342.jpg","width":844,"height":540},{"@type":"BreadcrumbList","@id":"https:\/\/www.kultura.cat\/es\/project\/anteprojecto-museografico-parque-arqueologico-del-puig-de-sa-morisca\/#breadcrumb","itemListElement":[{"@type":"ListItem","position":1,"name":"Portada","item":"https:\/\/www.kultura.cat\/es\/"},{"@type":"ListItem","position":2,"name":"Proyectos","item":"https:\/\/www.kultura.cat\/es\/project\/"},{"@type":"ListItem","position":3,"name":"Anteprojecto museogr\u00e1fico Parque Arqueol\u00f3gico del Puig de sa Morisca"}]},{"@type":"WebSite","@id":"https:\/\/www.kultura.cat\/es\/#website","url":"https:\/\/www.kultura.cat\/es\/","name":"Kultura","description":"Ideas y Estrategias para el Patrimonio","potentialAction":[{"@type":"SearchAction","target":{"@type":"EntryPoint","urlTemplate":"https:\/\/www.kultura.cat\/es\/?s={search_term_string}"},"query-input":{"@type":"PropertyValueSpecification","valueRequired":true,"valueName":"search_term_string"}}],"inLanguage":"es"}]}},"_links":{"self":[{"href":"https:\/\/www.kultura.cat\/es\/wp-json\/wp\/v2\/project\/3393","targetHints":{"allow":["GET"]}}],"collection":[{"href":"https:\/\/www.kultura.cat\/es\/wp-json\/wp\/v2\/project"}],"about":[{"href":"https:\/\/www.kultura.cat\/es\/wp-json\/wp\/v2\/types\/project"}],"author":[{"embeddable":true,"href":"https:\/\/www.kultura.cat\/es\/wp-json\/wp\/v2\/users\/2"}],"replies":[{"embeddable":true,"href":"https:\/\/www.kultura.cat\/es\/wp-json\/wp\/v2\/comments?post=3393"}],"version-history":[{"count":5,"href":"https:\/\/www.kultura.cat\/es\/wp-json\/wp\/v2\/project\/3393\/revisions"}],"predecessor-version":[{"id":3442,"href":"https:\/\/www.kultura.cat\/es\/wp-json\/wp\/v2\/project\/3393\/revisions\/3442"}],"wp:featuredmedia":[{"embeddable":true,"href":"https:\/\/www.kultura.cat\/es\/wp-json\/wp\/v2\/media\/3381"}],"wp:attachment":[{"href":"https:\/\/www.kultura.cat\/es\/wp-json\/wp\/v2\/media?parent=3393"}],"wp:term":[{"taxonomy":"project_category","embeddable":true,"href":"https:\/\/www.kultura.cat\/es\/wp-json\/wp\/v2\/project_category?post=3393"},{"taxonomy":"project_tag","embeddable":true,"href":"https:\/\/www.kultura.cat\/es\/wp-json\/wp\/v2\/project_tag?post=3393"}],"curies":[{"name":"wp","href":"https:\/\/api.w.org\/{rel}","templated":true}]}}