{"id":3326,"date":"2025-06-18T15:47:28","date_gmt":"2025-06-18T15:47:28","guid":{"rendered":"https:\/\/www.kultura.cat\/project\/pla-daccessibilitat-i-millores-per-al-museu-dhistoria-de-manacor\/"},"modified":"2025-12-19T08:52:42","modified_gmt":"2025-12-19T08:52:42","slug":"plan-de-accesibilidad-y-mejoras-para-el-museo-de-historia-de-manacor","status":"publish","type":"project","link":"https:\/\/www.kultura.cat\/es\/project\/plan-de-accesibilidad-y-mejoras-para-el-museo-de-historia-de-manacor\/","title":{"rendered":"Plan de accesibilidad y mejoras para el Museo de Historia de Manacor"},"content":{"rendered":"<p>[et_pb_section fb_built=\u00bb1&#8243; admin_label=\u00bbsection\u00bb _builder_version=\u00bb4.16&#8243; custom_padding=\u00bb0px||23px|||\u00bb global_colors_info=\u00bb{}\u00bb][et_pb_row admin_label=\u00bbrow\u00bb _builder_version=\u00bb4.27.4&#8243; background_image=\u00bbhttps:\/\/www.kultura.cat\/wp-content\/uploads\/2025\/06\/manacor_20230509_095613-copiared.jpg\u00bb background_repeat=\u00bbrepeat\u00bb width=\u00bb100%\u00bb max_width=\u00bb2560px\u00bb height=\u00bb450px\u00bb max_height=\u00bb450px\u00bb custom_margin=\u00bb|auto|36px|auto||\u00bb custom_padding=\u00bb0px|||||\u00bb global_colors_info=\u00bb{}\u00bb][et_pb_column type=\u00bb4_4&#8243; _builder_version=\u00bb4.16&#8243; custom_padding=\u00bb|||\u00bb global_colors_info=\u00bb{}\u00bb custom_padding__hover=\u00bb|||\u00bb][\/et_pb_column][\/et_pb_row][et_pb_row admin_label=\u00bbrow\u00bb _builder_version=\u00bb4.16&#8243; background_size=\u00bbinitial\u00bb background_position=\u00bbtop_left\u00bb background_repeat=\u00bbrepeat\u00bb custom_padding=\u00bb1px|||||\u00bb global_colors_info=\u00bb{}\u00bb][et_pb_column type=\u00bb4_4&#8243; _builder_version=\u00bb4.16&#8243; custom_padding=\u00bb|||\u00bb global_colors_info=\u00bb{}\u00bb custom_padding__hover=\u00bb|||\u00bb][et_pb_text admin_label=\u00bbText\u00bb _builder_version=\u00bb4.27.4&#8243; header_3_text_color=\u00bb#a0a0a0&#8243; header_3_font_size=\u00bb18px\u00bb background_size=\u00bbinitial\u00bb background_position=\u00bbtop_left\u00bb background_repeat=\u00bbrepeat\u00bb custom_margin=\u00bb||20px|||\u00bb use_border_color=\u00bboff\u00bb border_color=\u00bb#ffffff\u00bb border_style=\u00bbsolid\u00bb global_colors_info=\u00bb{}\u00bb]<\/p>\n<h3>PLANIFICACI\u00d3N ESTRAT\u00c9GICA<\/h3>\n<p>[\/et_pb_text][et_pb_text admin_label=\u00bbText\u00bb _builder_version=\u00bb4.27.4&#8243; background_size=\u00bbinitial\u00bb background_position=\u00bbtop_left\u00bb background_repeat=\u00bbrepeat\u00bb custom_margin=\u00bb||3px|||\u00bb custom_padding=\u00bb1px|||||\u00bb use_border_color=\u00bboff\u00bb border_color=\u00bb#ffffff\u00bb border_style=\u00bbsolid\u00bb global_colors_info=\u00bb{}\u00bb]<\/p>\n<h2><strong>Planificaci\u00f3n y desarrollo<\/strong><\/h2>\n<h1><strong>Plan de accessibilidad y mejoras para el Museo de Historia de Manacor<\/strong><\/h1>\n<p>[\/et_pb_text][et_pb_text admin_label=\u00bbText\u00bb _builder_version=\u00bb4.27.4&#8243; background_size=\u00bbinitial\u00bb background_position=\u00bbtop_left\u00bb background_repeat=\u00bbrepeat\u00bb use_border_color=\u00bboff\u00bb border_color=\u00bb#ffffff\u00bb border_style=\u00bbsolid\u00bb global_colors_info=\u00bb{}\u00bb]<\/p>\n<h3><strong>Manacor, Mallorca.<\/strong><\/h3>\n<h3>Fechas de ejecuci\u00f3n 2021-2024<\/h3>\n<p>[\/et_pb_text][\/et_pb_column][\/et_pb_row][et_pb_row column_structure=\u00bb3_4,1_4&#8243; admin_label=\u00bbrow\u00bb _builder_version=\u00bb4.16&#8243; background_size=\u00bbinitial\u00bb background_position=\u00bbtop_left\u00bb background_repeat=\u00bbrepeat\u00bb custom_padding=\u00bb4px||0px|||\u00bb global_colors_info=\u00bb{}\u00bb][et_pb_column type=\u00bb3_4&#8243; _builder_version=\u00bb4.16&#8243; custom_padding=\u00bb|||\u00bb global_colors_info=\u00bb{}\u00bb custom_padding__hover=\u00bb|||\u00bb][et_pb_text admin_label=\u00bbText\u00bb _builder_version=\u00bb4.27.4&#8243; header_4_line_height=\u00bb1.4em\u00bb background_size=\u00bbinitial\u00bb background_position=\u00bbtop_left\u00bb background_repeat=\u00bbrepeat\u00bb custom_padding=\u00bb0px||0px|||\u00bb use_border_color=\u00bboff\u00bb border_color=\u00bb#ffffff\u00bb border_style=\u00bbsolid\u00bb global_colors_info=\u00bb{}\u00bb]<\/p>\n<p><strong><span>Acompa\u00f1amiento t\u00e9cnico continuado y desarrollo de un conjunto de actuaciones para fortalecer diversos aspectos de la instituci\u00f3n, como la estrategia, la accesibilidad y la comunicaci\u00f3n.<\/span><\/strong><\/p>\n<p><span>Las principales l\u00edneas de trabajo han sido la redacci\u00f3n del Plan Director 2024-2032, un plan de usos para un nuevo edificio anexo destinado a la gesti\u00f3n de colecciones y actividades p\u00fablicas, y la implementaci\u00f3n del plan de accesibilidad, con acciones como la adaptaci\u00f3n de contenidos a lectura f\u00e1cil, el dise\u00f1o de recursos para la accesibilidad cognitiva y un protocolo espec\u00edfico para exposiciones temporales.<\/span><\/p>\n<p><span>Tambi\u00e9n se ha impulsado un proyecto de participaci\u00f3n ciudadana para la renovaci\u00f3n museol\u00f3gica y museogr\u00e1fica del <em>Mol\u00ed d&#8217;en Fraret<\/em>, se han elaborado protocolos internos para visitas guiadas, se han creado contenidos para redes sociales, y se ha dise\u00f1ado una nueva gu\u00eda del museo.<\/span><\/p>\n<p>[\/et_pb_text][\/et_pb_column][et_pb_column type=\u00bb1_4&#8243; _builder_version=\u00bb4.16&#8243; custom_padding=\u00bb|||\u00bb global_colors_info=\u00bb{}\u00bb custom_padding__hover=\u00bb|||\u00bb][et_pb_text admin_label=\u00bbText\u00bb _builder_version=\u00bb4.27.4&#8243; background_size=\u00bbinitial\u00bb background_position=\u00bbtop_left\u00bb background_repeat=\u00bbrepeat\u00bb use_border_color=\u00bboff\u00bb border_color=\u00bb#ffffff\u00bb border_style=\u00bbsolid\u00bb global_colors_info=\u00bb{}\u00bb]<\/p>\n<h4>Trabajo realizado para:<\/h4>\n<p>Ayuntamiento de Manacor<\/p>\n<h4>Para saber m\u00e1s:<\/h4>\n<p><a href=\"https:\/\/museudemanacor.com\/\" target=\"_blank\" rel=\"noopener\">https:\/\/museudemanacor.com\/<\/a><\/p>\n<p>[\/et_pb_text][\/et_pb_column][\/et_pb_row][\/et_pb_section][et_pb_section fb_built=\u00bb1&#8243; admin_label=\u00bbsection\u00bb _builder_version=\u00bb4.16&#8243; background_color=\u00bb#f7f7f7&#8243; custom_padding=\u00bb26px||28px|||\u00bb global_colors_info=\u00bb{}\u00bb][et_pb_row admin_label=\u00bbrow\u00bb _builder_version=\u00bb4.16&#8243; background_size=\u00bbinitial\u00bb background_position=\u00bbtop_left\u00bb background_repeat=\u00bbrepeat\u00bb custom_padding=\u00bb14px|||||\u00bb global_colors_info=\u00bb{}\u00bb][et_pb_column type=\u00bb4_4&#8243; _builder_version=\u00bb4.16&#8243; custom_padding=\u00bb|||\u00bb global_colors_info=\u00bb{}\u00bb custom_padding__hover=\u00bb|||\u00bb][et_pb_text _builder_version=\u00bb4.27.4&#8243; _module_preset=\u00bbdefault\u00bb header_2_text_color=\u00bb#bc1d4d\u00bb custom_margin=\u00bb||21px|||\u00bb global_colors_info=\u00bb{}\u00bb]<\/p>\n<h2 style=\"text-align: center;\">Galer\u00eda de im\u00e1genes<\/h2>\n<p>[\/et_pb_text][et_pb_gallery gallery_ids=\u00bb3296,3301,3304,3314,3317,3307&#8243; fullwidth=\u00bbon\u00bb admin_label=\u00bbGaler\u00eda\u00bb _builder_version=\u00bb4.27.4&#8243; caption_all_caps=\u00bboff\u00bb auto=\u00bbon\u00bb auto_speed=\u00bb5000&#8243; use_border_color=\u00bboff\u00bb border_color=\u00bb#ffffff\u00bb border_style=\u00bbsolid\u00bb global_colors_info=\u00bb{}\u00bb] [\/et_pb_gallery][\/et_pb_column][\/et_pb_row][et_pb_row _builder_version=\u00bb4.24.0&#8243; _module_preset=\u00bbdefault\u00bb locked=\u00bboff\u00bb global_colors_info=\u00bb{}\u00bb][et_pb_column type=\u00bb4_4&#8243; _builder_version=\u00bb4.24.0&#8243; _module_preset=\u00bbdefault\u00bb global_colors_info=\u00bb{}\u00bb][et_pb_text _builder_version=\u00bb4.27.4&#8243; _module_preset=\u00bbdefault\u00bb header_2_text_color=\u00bb#bc1d4d\u00bb custom_margin=\u00bb||21px|||\u00bb global_colors_info=\u00bb{}\u00bb]<\/p>\n<h2 style=\"text-align: center;\">Proyectos relacionados<\/h2>\n<p>[\/et_pb_text][et_pb_portfolio fullwidth=\u00bboff\u00bb posts_number=\u00bb4&#8243; include_categories=\u00bb7&#8243; show_categories=\u00bboff\u00bb show_pagination=\u00bboff\u00bb zoom_icon_color=\u00bb#bc1d4d\u00bb hover_icon=\u00bb&#x50;||divi||400&#8243; _builder_version=\u00bb4.24.0&#8243; _module_preset=\u00bbdefault\u00bb title_text_color=\u00bbrgba(0,0,0,0.76)\u00bb title_font_size=\u00bb14px\u00bb locked=\u00bboff\u00bb global_colors_info=\u00bb{}\u00bb][\/et_pb_portfolio][\/et_pb_column][\/et_pb_row][\/et_pb_section][et_pb_section fb_built=\u00bb1&#8243; custom_padding_last_edited=\u00bbon|desktop\u00bb admin_label=\u00bbsection\u00bb _builder_version=\u00bb4.27.4&#8243; background_image=\u00bbhttps:\/\/www.kultura.cat\/wp-content\/uploads\/2025\/06\/manacor_20230509_100003-1.jpg\u00bb parallax=\u00bbon\u00bb parallax_method=\u00bboff\u00bb custom_padding_tablet=\u00bb50px|0|50px|0&#8243; custom_padding_phone=\u00bb\u00bb transparent_background=\u00bboff\u00bb padding_mobile=\u00bboff\u00bb make_fullwidth=\u00bboff\u00bb use_custom_width=\u00bboff\u00bb width_unit=\u00bbon\u00bb global_colors_info=\u00bb{}\u00bb][et_pb_row _builder_version=\u00bb4.27.4&#8243; _module_preset=\u00bbdefault\u00bb global_colors_info=\u00bb{}\u00bb][et_pb_column type=\u00bb4_4&#8243; _builder_version=\u00bb4.27.4&#8243; _module_preset=\u00bbdefault\u00bb global_colors_info=\u00bb{}\u00bb][et_pb_code _builder_version=\u00bb4.27.4&#8243; _module_preset=\u00bbdefault\u00bb global_colors_info=\u00bb{}\u00bb][\/et_pb_code][et_pb_cta title=\u00bb\u00bfTe gusta nuestro trabajo?\u00bb button_url=\u00bbmailto:info@kultura.cat\u00bb url_new_window=\u00bbon\u00bb button_text=\u00bbCont\u00e1ctanos\u00bb admin_label=\u00bbCall To Action\u00bb _builder_version=\u00bb4.27.4&#8243; use_background_color=\u00bboff\u00bb background_size=\u00bbinitial\u00bb background_position=\u00bbtop_left\u00bb background_repeat=\u00bbrepeat\u00bb link_option_url_new_window=\u00bbon\u00bb hover_enabled=\u00bb0&#8243; use_border_color=\u00bboff\u00bb border_color=\u00bb#ffffff\u00bb border_style=\u00bbsolid\u00bb button_letter_spacing_hover=\u00bb0&#8243; global_colors_info=\u00bb{}\u00bb button_text_size__hover_enabled=\u00bboff\u00bb button_one_text_size__hover_enabled=\u00bboff\u00bb button_two_text_size__hover_enabled=\u00bboff\u00bb button_text_color__hover_enabled=\u00bboff\u00bb button_one_text_color__hover_enabled=\u00bboff\u00bb button_two_text_color__hover_enabled=\u00bboff\u00bb button_border_width__hover_enabled=\u00bboff\u00bb button_one_border_width__hover_enabled=\u00bboff\u00bb button_two_border_width__hover_enabled=\u00bboff\u00bb button_border_color__hover_enabled=\u00bboff\u00bb button_one_border_color__hover_enabled=\u00bboff\u00bb button_two_border_color__hover_enabled=\u00bboff\u00bb button_border_radius__hover_enabled=\u00bboff\u00bb button_one_border_radius__hover_enabled=\u00bboff\u00bb button_two_border_radius__hover_enabled=\u00bboff\u00bb button_letter_spacing__hover_enabled=\u00bbon\u00bb button_letter_spacing__hover=\u00bb0&#8243; button_one_letter_spacing__hover_enabled=\u00bboff\u00bb button_two_letter_spacing__hover_enabled=\u00bboff\u00bb button_bg_color__hover_enabled=\u00bboff\u00bb button_one_bg_color__hover_enabled=\u00bboff\u00bb button_two_bg_color__hover_enabled=\u00bboff\u00bb sticky_enabled=\u00bb0&#8243;][\/et_pb_cta][\/et_pb_column][\/et_pb_row][\/et_pb_section]<\/p>\n","protected":false},"excerpt":{"rendered":"<p>PLANIFICACI\u00d3N ESTRAT\u00c9GICAPlanificaci\u00f3n y desarrollo Plan de accessibilidad y mejoras para el Museo de Historia de ManacorManacor, Mallorca. Fechas de ejecuci\u00f3n 2021-2024Acompa\u00f1amiento t\u00e9cnico continuado y desarrollo de un conjunto de actuaciones para fortalecer diversos aspectos de la instituci\u00f3n, como la estrategia, la accesibilidad y la comunicaci\u00f3n. Las principales l\u00edneas de trabajo han sido la redacci\u00f3n del [&hellip;]<\/p>\n","protected":false},"author":2,"featured_media":3296,"comment_status":"open","ping_status":"closed","template":"","meta":{"_et_pb_use_builder":"on","_et_pb_old_content":"","_et_gb_content_width":"","footnotes":""},"project_category":[32,31],"project_tag":[],"class_list":["post-3326","project","type-project","status-publish","has-post-thumbnail","hentry","project_category-planificacio-estrategica-es","project_category-ultimo-es"],"yoast_head":"<!-- This site is optimized with the Yoast SEO plugin v24.8.1 - https:\/\/yoast.com\/wordpress\/plugins\/seo\/ -->\n<title>Plan de accesibilidad y mejoras para el Museo de Historia de Manacor - Kultura<\/title>\n<meta name=\"description\" content=\"Acompa\u00f1amiento t\u00e9cnico continuado y desarrollo de un conjunto de actuaciones para fortalecer diversos aspectos de la instituci\u00f3n, como la estrategia, la accesibilidad y la comunicaci\u00f3n.\" \/>\n<meta name=\"robots\" content=\"index, follow, max-snippet:-1, max-image-preview:large, max-video-preview:-1\" \/>\n<link rel=\"canonical\" href=\"https:\/\/www.kultura.cat\/es\/project\/plan-de-accesibilidad-y-mejoras-para-el-museo-de-historia-de-manacor\/\" \/>\n<meta property=\"og:locale\" content=\"es_ES\" \/>\n<meta property=\"og:type\" content=\"article\" \/>\n<meta property=\"og:title\" content=\"Plan de accesibilidad y mejoras para el Museo de Historia de Manacor - Kultura\" \/>\n<meta property=\"og:description\" content=\"Acompa\u00f1amiento t\u00e9cnico continuado y desarrollo de un conjunto de actuaciones para fortalecer diversos aspectos de la instituci\u00f3n, como la estrategia, la accesibilidad y la comunicaci\u00f3n.\" \/>\n<meta property=\"og:url\" content=\"https:\/\/www.kultura.cat\/es\/project\/plan-de-accesibilidad-y-mejoras-para-el-museo-de-historia-de-manacor\/\" \/>\n<meta property=\"og:site_name\" content=\"Kultura\" \/>\n<meta property=\"article:modified_time\" content=\"2025-12-19T08:52:42+00:00\" \/>\n<meta property=\"og:image\" content=\"https:\/\/www.kultura.cat\/wp-content\/uploads\/2025\/06\/manacor_20230509_100003-1.jpg\" \/>\n\t<meta property=\"og:image:width\" content=\"1800\" \/>\n\t<meta property=\"og:image:height\" content=\"1350\" \/>\n\t<meta property=\"og:image:type\" content=\"image\/jpeg\" \/>\n<meta name=\"twitter:card\" content=\"summary_large_image\" \/>\n<meta name=\"twitter:label1\" content=\"Tiempo de lectura\" \/>\n\t<meta name=\"twitter:data1\" content=\"4 minutos\" \/>\n<script type=\"application\/ld+json\" class=\"yoast-schema-graph\">{\"@context\":\"https:\/\/schema.org\",\"@graph\":[{\"@type\":\"WebPage\",\"@id\":\"https:\/\/www.kultura.cat\/es\/project\/plan-de-accesibilidad-y-mejoras-para-el-museo-de-historia-de-manacor\/\",\"url\":\"https:\/\/www.kultura.cat\/es\/project\/plan-de-accesibilidad-y-mejoras-para-el-museo-de-historia-de-manacor\/\",\"name\":\"Plan de accesibilidad y mejoras para el Museo de Historia de Manacor - Kultura\",\"isPartOf\":{\"@id\":\"https:\/\/www.kultura.cat\/es\/#website\"},\"primaryImageOfPage\":{\"@id\":\"https:\/\/www.kultura.cat\/es\/project\/plan-de-accesibilidad-y-mejoras-para-el-museo-de-historia-de-manacor\/#primaryimage\"},\"image\":{\"@id\":\"https:\/\/www.kultura.cat\/es\/project\/plan-de-accesibilidad-y-mejoras-para-el-museo-de-historia-de-manacor\/#primaryimage\"},\"thumbnailUrl\":\"https:\/\/www.kultura.cat\/wp-content\/uploads\/2025\/06\/manacor_20230509_100003-1.jpg\",\"datePublished\":\"2025-06-18T15:47:28+00:00\",\"dateModified\":\"2025-12-19T08:52:42+00:00\",\"description\":\"Acompa\u00f1amiento t\u00e9cnico continuado y desarrollo de un conjunto de actuaciones para fortalecer diversos aspectos de la instituci\u00f3n, como la estrategia, la accesibilidad y la comunicaci\u00f3n.\",\"breadcrumb\":{\"@id\":\"https:\/\/www.kultura.cat\/es\/project\/plan-de-accesibilidad-y-mejoras-para-el-museo-de-historia-de-manacor\/#breadcrumb\"},\"inLanguage\":\"es\",\"potentialAction\":[{\"@type\":\"ReadAction\",\"target\":[\"https:\/\/www.kultura.cat\/es\/project\/plan-de-accesibilidad-y-mejoras-para-el-museo-de-historia-de-manacor\/\"]}]},{\"@type\":\"ImageObject\",\"inLanguage\":\"es\",\"@id\":\"https:\/\/www.kultura.cat\/es\/project\/plan-de-accesibilidad-y-mejoras-para-el-museo-de-historia-de-manacor\/#primaryimage\",\"url\":\"https:\/\/www.kultura.cat\/wp-content\/uploads\/2025\/06\/manacor_20230509_100003-1.jpg\",\"contentUrl\":\"https:\/\/www.kultura.cat\/wp-content\/uploads\/2025\/06\/manacor_20230509_100003-1.jpg\",\"width\":1800,\"height\":1350},{\"@type\":\"BreadcrumbList\",\"@id\":\"https:\/\/www.kultura.cat\/es\/project\/plan-de-accesibilidad-y-mejoras-para-el-museo-de-historia-de-manacor\/#breadcrumb\",\"itemListElement\":[{\"@type\":\"ListItem\",\"position\":1,\"name\":\"Portada\",\"item\":\"https:\/\/www.kultura.cat\/es\/\"},{\"@type\":\"ListItem\",\"position\":2,\"name\":\"Proyectos\",\"item\":\"https:\/\/www.kultura.cat\/es\/project\/\"},{\"@type\":\"ListItem\",\"position\":3,\"name\":\"Plan de accesibilidad y mejoras para el Museo de Historia de Manacor\"}]},{\"@type\":\"WebSite\",\"@id\":\"https:\/\/www.kultura.cat\/es\/#website\",\"url\":\"https:\/\/www.kultura.cat\/es\/\",\"name\":\"Kultura\",\"description\":\"Ideas y Estrategias para el Patrimonio\",\"potentialAction\":[{\"@type\":\"SearchAction\",\"target\":{\"@type\":\"EntryPoint\",\"urlTemplate\":\"https:\/\/www.kultura.cat\/es\/?s={search_term_string}\"},\"query-input\":{\"@type\":\"PropertyValueSpecification\",\"valueRequired\":true,\"valueName\":\"search_term_string\"}}],\"inLanguage\":\"es\"}]}<\/script>\n<!-- \/ Yoast SEO plugin. -->","yoast_head_json":{"title":"Plan de accesibilidad y mejoras para el Museo de Historia de Manacor - Kultura","description":"Acompa\u00f1amiento t\u00e9cnico continuado y desarrollo de un conjunto de actuaciones para fortalecer diversos aspectos de la instituci\u00f3n, como la estrategia, la accesibilidad y la comunicaci\u00f3n.","robots":{"index":"index","follow":"follow","max-snippet":"max-snippet:-1","max-image-preview":"max-image-preview:large","max-video-preview":"max-video-preview:-1"},"canonical":"https:\/\/www.kultura.cat\/es\/project\/plan-de-accesibilidad-y-mejoras-para-el-museo-de-historia-de-manacor\/","og_locale":"es_ES","og_type":"article","og_title":"Plan de accesibilidad y mejoras para el Museo de Historia de Manacor - Kultura","og_description":"Acompa\u00f1amiento t\u00e9cnico continuado y desarrollo de un conjunto de actuaciones para fortalecer diversos aspectos de la instituci\u00f3n, como la estrategia, la accesibilidad y la comunicaci\u00f3n.","og_url":"https:\/\/www.kultura.cat\/es\/project\/plan-de-accesibilidad-y-mejoras-para-el-museo-de-historia-de-manacor\/","og_site_name":"Kultura","article_modified_time":"2025-12-19T08:52:42+00:00","og_image":[{"width":1800,"height":1350,"url":"https:\/\/www.kultura.cat\/wp-content\/uploads\/2025\/06\/manacor_20230509_100003-1.jpg","type":"image\/jpeg"}],"twitter_card":"summary_large_image","twitter_misc":{"Tiempo de lectura":"4 minutos"},"schema":{"@context":"https:\/\/schema.org","@graph":[{"@type":"WebPage","@id":"https:\/\/www.kultura.cat\/es\/project\/plan-de-accesibilidad-y-mejoras-para-el-museo-de-historia-de-manacor\/","url":"https:\/\/www.kultura.cat\/es\/project\/plan-de-accesibilidad-y-mejoras-para-el-museo-de-historia-de-manacor\/","name":"Plan de accesibilidad y mejoras para el Museo de Historia de Manacor - Kultura","isPartOf":{"@id":"https:\/\/www.kultura.cat\/es\/#website"},"primaryImageOfPage":{"@id":"https:\/\/www.kultura.cat\/es\/project\/plan-de-accesibilidad-y-mejoras-para-el-museo-de-historia-de-manacor\/#primaryimage"},"image":{"@id":"https:\/\/www.kultura.cat\/es\/project\/plan-de-accesibilidad-y-mejoras-para-el-museo-de-historia-de-manacor\/#primaryimage"},"thumbnailUrl":"https:\/\/www.kultura.cat\/wp-content\/uploads\/2025\/06\/manacor_20230509_100003-1.jpg","datePublished":"2025-06-18T15:47:28+00:00","dateModified":"2025-12-19T08:52:42+00:00","description":"Acompa\u00f1amiento t\u00e9cnico continuado y desarrollo de un conjunto de actuaciones para fortalecer diversos aspectos de la instituci\u00f3n, como la estrategia, la accesibilidad y la comunicaci\u00f3n.","breadcrumb":{"@id":"https:\/\/www.kultura.cat\/es\/project\/plan-de-accesibilidad-y-mejoras-para-el-museo-de-historia-de-manacor\/#breadcrumb"},"inLanguage":"es","potentialAction":[{"@type":"ReadAction","target":["https:\/\/www.kultura.cat\/es\/project\/plan-de-accesibilidad-y-mejoras-para-el-museo-de-historia-de-manacor\/"]}]},{"@type":"ImageObject","inLanguage":"es","@id":"https:\/\/www.kultura.cat\/es\/project\/plan-de-accesibilidad-y-mejoras-para-el-museo-de-historia-de-manacor\/#primaryimage","url":"https:\/\/www.kultura.cat\/wp-content\/uploads\/2025\/06\/manacor_20230509_100003-1.jpg","contentUrl":"https:\/\/www.kultura.cat\/wp-content\/uploads\/2025\/06\/manacor_20230509_100003-1.jpg","width":1800,"height":1350},{"@type":"BreadcrumbList","@id":"https:\/\/www.kultura.cat\/es\/project\/plan-de-accesibilidad-y-mejoras-para-el-museo-de-historia-de-manacor\/#breadcrumb","itemListElement":[{"@type":"ListItem","position":1,"name":"Portada","item":"https:\/\/www.kultura.cat\/es\/"},{"@type":"ListItem","position":2,"name":"Proyectos","item":"https:\/\/www.kultura.cat\/es\/project\/"},{"@type":"ListItem","position":3,"name":"Plan de accesibilidad y mejoras para el Museo de Historia de Manacor"}]},{"@type":"WebSite","@id":"https:\/\/www.kultura.cat\/es\/#website","url":"https:\/\/www.kultura.cat\/es\/","name":"Kultura","description":"Ideas y Estrategias para el Patrimonio","potentialAction":[{"@type":"SearchAction","target":{"@type":"EntryPoint","urlTemplate":"https:\/\/www.kultura.cat\/es\/?s={search_term_string}"},"query-input":{"@type":"PropertyValueSpecification","valueRequired":true,"valueName":"search_term_string"}}],"inLanguage":"es"}]}},"_links":{"self":[{"href":"https:\/\/www.kultura.cat\/es\/wp-json\/wp\/v2\/project\/3326","targetHints":{"allow":["GET"]}}],"collection":[{"href":"https:\/\/www.kultura.cat\/es\/wp-json\/wp\/v2\/project"}],"about":[{"href":"https:\/\/www.kultura.cat\/es\/wp-json\/wp\/v2\/types\/project"}],"author":[{"embeddable":true,"href":"https:\/\/www.kultura.cat\/es\/wp-json\/wp\/v2\/users\/2"}],"replies":[{"embeddable":true,"href":"https:\/\/www.kultura.cat\/es\/wp-json\/wp\/v2\/comments?post=3326"}],"version-history":[{"count":4,"href":"https:\/\/www.kultura.cat\/es\/wp-json\/wp\/v2\/project\/3326\/revisions"}],"predecessor-version":[{"id":4362,"href":"https:\/\/www.kultura.cat\/es\/wp-json\/wp\/v2\/project\/3326\/revisions\/4362"}],"wp:featuredmedia":[{"embeddable":true,"href":"https:\/\/www.kultura.cat\/es\/wp-json\/wp\/v2\/media\/3296"}],"wp:attachment":[{"href":"https:\/\/www.kultura.cat\/es\/wp-json\/wp\/v2\/media?parent=3326"}],"wp:term":[{"taxonomy":"project_category","embeddable":true,"href":"https:\/\/www.kultura.cat\/es\/wp-json\/wp\/v2\/project_category?post=3326"},{"taxonomy":"project_tag","embeddable":true,"href":"https:\/\/www.kultura.cat\/es\/wp-json\/wp\/v2\/project_tag?post=3326"}],"curies":[{"name":"wp","href":"https:\/\/api.w.org\/{rel}","templated":true}]}}