{"id":3211,"date":"2025-06-17T11:13:01","date_gmt":"2025-06-17T11:13:01","guid":{"rendered":"https:\/\/www.kultura.cat\/project\/portal-del-patrimoni-de-linstitut-destudis-catalans-iec\/"},"modified":"2025-12-19T11:39:25","modified_gmt":"2025-12-19T11:39:25","slug":"portal-del-patrimoni-de-linstitut-destudis-catalans-iec","status":"publish","type":"project","link":"https:\/\/www.kultura.cat\/es\/project\/portal-del-patrimoni-de-linstitut-destudis-catalans-iec\/","title":{"rendered":"Portal del patrimoni de l\u2019Institut d\u2019Estudis Catalans (IEC)"},"content":{"rendered":"<p>[et_pb_section fb_built=\u00bb1&#8243; admin_label=\u00bbsection\u00bb _builder_version=\u00bb4.16&#8243; custom_padding=\u00bb3px||23px|||\u00bb global_colors_info=\u00bb{}\u00bb][et_pb_row admin_label=\u00bbrow\u00bb _builder_version=\u00bb4.27.4&#8243; background_image=\u00bbhttps:\/\/www.kultura.cat\/wp-content\/uploads\/2025\/06\/Museu-Episcopal-de-Vic-copia.jpg\u00bb background_repeat=\u00bbrepeat\u00bb width=\u00bb100%\u00bb max_width=\u00bb2560px\u00bb height=\u00bb450px\u00bb max_height=\u00bb450px\u00bb custom_margin=\u00bb|auto|24px|auto||\u00bb custom_padding=\u00bb0px|||499px||\u00bb locked=\u00bboff\u00bb global_colors_info=\u00bb{}\u00bb][et_pb_column type=\u00bb4_4&#8243; _builder_version=\u00bb4.16&#8243; custom_padding=\u00bb|||\u00bb global_colors_info=\u00bb{}\u00bb custom_padding__hover=\u00bb|||\u00bb][\/et_pb_column][\/et_pb_row][et_pb_row admin_label=\u00bbrow\u00bb _builder_version=\u00bb4.16&#8243; background_size=\u00bbinitial\u00bb background_position=\u00bbtop_left\u00bb background_repeat=\u00bbrepeat\u00bb custom_padding=\u00bb15px|||||\u00bb global_colors_info=\u00bb{}\u00bb][et_pb_column type=\u00bb4_4&#8243; _builder_version=\u00bb4.16&#8243; custom_padding=\u00bb|||\u00bb global_colors_info=\u00bb{}\u00bb custom_padding__hover=\u00bb|||\u00bb][et_pb_text admin_label=\u00bbText\u00bb _builder_version=\u00bb4.27.4&#8243; header_3_text_color=\u00bb#a0a0a0&#8243; header_3_font_size=\u00bb18px\u00bb background_size=\u00bbinitial\u00bb background_position=\u00bbtop_left\u00bb background_repeat=\u00bbrepeat\u00bb custom_margin=\u00bb||20px|||\u00bb custom_padding=\u00bb||0px|||\u00bb use_border_color=\u00bboff\u00bb border_color=\u00bb#ffffff\u00bb border_style=\u00bbsolid\u00bb locked=\u00bboff\u00bb global_colors_info=\u00bb{}\u00bb]<\/p>\n<h3><span style=\"font-weight: 400;\">CONTENIDOS Y DIFUSI\u00d3N MULTIMEDIA<\/span><\/h3>\n<p>[\/et_pb_text][et_pb_text admin_label=\u00bbText\u00bb _builder_version=\u00bb4.27.4&#8243; background_size=\u00bbinitial\u00bb background_position=\u00bbtop_left\u00bb background_repeat=\u00bbrepeat\u00bb custom_margin=\u00bb||3px|||\u00bb use_border_color=\u00bboff\u00bb border_color=\u00bb#ffffff\u00bb border_style=\u00bbsolid\u00bb locked=\u00bboff\u00bb global_colors_info=\u00bb{}\u00bb]<\/p>\n<h2><b>Plataforma digital<\/b><\/h2>\n<h1><b>Portal del patrimonio del Instituto de Estudios Catalanes (IEC)<\/b><\/h1>\n<p>[\/et_pb_text][et_pb_text admin_label=\u00bbText\u00bb _builder_version=\u00bb4.27.4&#8243; background_size=\u00bbinitial\u00bb background_position=\u00bbtop_left\u00bb background_repeat=\u00bbrepeat\u00bb hover_enabled=\u00bb0&#8243; use_border_color=\u00bboff\u00bb border_color=\u00bb#ffffff\u00bb border_style=\u00bbsolid\u00bb locked=\u00bboff\u00bb global_colors_info=\u00bb{}\u00bb sticky_enabled=\u00bb0&#8243;]<\/p>\n<h3><b>Barcelona, Catalu\u00f1a.<\/b><\/h3>\n<h3>Fechas de ejecuci\u00f3n 2024 &#8211; 2025<\/h3>\n<p>[\/et_pb_text][\/et_pb_column][\/et_pb_row][et_pb_row column_structure=\u00bb3_4,1_4&#8243; admin_label=\u00bbrow\u00bb _builder_version=\u00bb4.16&#8243; background_size=\u00bbinitial\u00bb background_position=\u00bbtop_left\u00bb background_repeat=\u00bbrepeat\u00bb global_colors_info=\u00bb{}\u00bb][et_pb_column type=\u00bb3_4&#8243; _builder_version=\u00bb4.16&#8243; custom_padding=\u00bb|||\u00bb global_colors_info=\u00bb{}\u00bb custom_padding__hover=\u00bb|||\u00bb][et_pb_text admin_label=\u00bbText\u00bb _builder_version=\u00bb4.27.4&#8243; header_4_line_height=\u00bb1.4em\u00bb background_size=\u00bbinitial\u00bb background_position=\u00bbtop_left\u00bb background_repeat=\u00bbrepeat\u00bb use_border_color=\u00bboff\u00bb border_color=\u00bb#ffffff\u00bb border_style=\u00bbsolid\u00bb global_colors_info=\u00bb{}\u00bb]<\/p>\n<div>\n<p><strong>El proyecto ha consistido en la conceptualizaci\u00f3n, el dise\u00f1o y el desarrollo de una plataforma digital que unifica y da visibilidad a los proyectos de investigaci\u00f3n cient\u00edfica impulsados por el <em>Institut d&#8217;Estudis Catalans<\/em> (IEC) en el \u00e1mbito del patrimonio cultural y natural.<\/strong><\/p>\n<p>Este portal ofrece un acceso \u00fanico y transversal a una gran variedad de recursos que hasta ahora estaban dispersos en diversas fuentes y sitios web. Con una clara vocaci\u00f3n acad\u00e9mica y divulgativa, se ha concebido como una herramienta de referencia que pone al alcance de todos el conocimiento patrimonial acumulado por el IEC a lo largo de d\u00e9cadas de investigaci\u00f3n.<\/p>\n<p>Se trata de una plataforma din\u00e1mica, atractiva e intuitiva, disponible en tres lenguas, dise\u00f1ada para facilitar el acceso a bases de datos, documentos, materiales gr\u00e1ficos y otros recursos del patrimonio natural, cultural, arqueol\u00f3gico, hist\u00f3rico y art\u00edstico de Catalu\u00f1a y otros territorios de habla catalana.<\/p>\n<\/div>\n<div><\/div>\n<p>&nbsp;<\/p>\n<p>[\/et_pb_text][\/et_pb_column][et_pb_column type=\u00bb1_4&#8243; _builder_version=\u00bb4.16&#8243; custom_padding=\u00bb|||\u00bb global_colors_info=\u00bb{}\u00bb custom_padding__hover=\u00bb|||\u00bb][et_pb_text admin_label=\u00bbText\u00bb _builder_version=\u00bb4.27.4&#8243; background_size=\u00bbinitial\u00bb background_position=\u00bbtop_left\u00bb background_repeat=\u00bbrepeat\u00bb use_border_color=\u00bboff\u00bb border_color=\u00bb#ffffff\u00bb border_style=\u00bbsolid\u00bb global_colors_info=\u00bb{}\u00bb]<\/p>\n<h4>Trabajo realizado para:<\/h4>\n<p>Instituto de estudios catalanes<\/p>\n<p>&nbsp;<\/p>\n<p>[\/et_pb_text][\/et_pb_column][\/et_pb_row][\/et_pb_section][et_pb_section fb_built=\u00bb1&#8243; admin_label=\u00bbsection\u00bb _builder_version=\u00bb4.16&#8243; background_color=\u00bb#f7f7f7&#8243; custom_padding=\u00bb26px||28px|||\u00bb global_colors_info=\u00bb{}\u00bb][et_pb_row admin_label=\u00bbrow\u00bb _builder_version=\u00bb4.16&#8243; background_size=\u00bbinitial\u00bb background_position=\u00bbtop_left\u00bb background_repeat=\u00bbrepeat\u00bb global_colors_info=\u00bb{}\u00bb][et_pb_column type=\u00bb4_4&#8243; _builder_version=\u00bb4.16&#8243; custom_padding=\u00bb|||\u00bb global_colors_info=\u00bb{}\u00bb custom_padding__hover=\u00bb|||\u00bb][et_pb_text _builder_version=\u00bb4.27.4&#8243; _module_preset=\u00bbdefault\u00bb header_2_text_color=\u00bb#bc1d4d\u00bb global_colors_info=\u00bb{}\u00bb]<\/p>\n<h2 style=\"text-align: center;\">Galer\u00eda de imagenes<\/h2>\n<p>[\/et_pb_text][et_pb_gallery gallery_ids=\u00bb3197,3208&#8243; fullwidth=\u00bbon\u00bb admin_label=\u00bbGaler\u00eda\u00bb _builder_version=\u00bb4.27.4&#8243; caption_all_caps=\u00bboff\u00bb auto=\u00bbon\u00bb auto_speed=\u00bb5000&#8243; use_border_color=\u00bboff\u00bb border_color=\u00bb#ffffff\u00bb border_style=\u00bbsolid\u00bb global_colors_info=\u00bb{}\u00bb] [\/et_pb_gallery][\/et_pb_column][\/et_pb_row][et_pb_row _builder_version=\u00bb4.24.0&#8243; _module_preset=\u00bbdefault\u00bb locked=\u00bboff\u00bb global_colors_info=\u00bb{}\u00bb][et_pb_column type=\u00bb4_4&#8243; _builder_version=\u00bb4.24.0&#8243; _module_preset=\u00bbdefault\u00bb global_colors_info=\u00bb{}\u00bb][et_pb_text _builder_version=\u00bb4.27.4&#8243; _module_preset=\u00bbdefault\u00bb header_2_text_color=\u00bb#bc1d4d\u00bb custom_margin=\u00bb||21px|||\u00bb global_colors_info=\u00bb{}\u00bb]<\/p>\n<h2 style=\"text-align: center;\">Proyectos relacionados<\/h2>\n<p>[\/et_pb_text][et_pb_portfolio fullwidth=\u00bboff\u00bb posts_number=\u00bb4&#8243; include_categories=\u00bb11&#8243; show_categories=\u00bboff\u00bb show_pagination=\u00bboff\u00bb zoom_icon_color=\u00bb#bc1d4d\u00bb hover_icon=\u00bb&#x50;||divi||400&#8243; _builder_version=\u00bb4.24.0&#8243; _module_preset=\u00bbdefault\u00bb title_text_color=\u00bbrgba(0,0,0,0.76)\u00bb title_font_size=\u00bb14px\u00bb locked=\u00bboff\u00bb global_colors_info=\u00bb{}\u00bb][\/et_pb_portfolio][\/et_pb_column][\/et_pb_row][\/et_pb_section][et_pb_section fb_built=\u00bb1&#8243; custom_padding_last_edited=\u00bbon|desktop\u00bb admin_label=\u00bbsection\u00bb _builder_version=\u00bb4.27.4&#8243; background_image=\u00bbhttps:\/\/www.kultura.cat\/wp-content\/uploads\/2025\/06\/Empuries.jpg\u00bb parallax=\u00bbon\u00bb parallax_method=\u00bboff\u00bb custom_padding_tablet=\u00bb50px|0|50px|0&#8243; custom_padding_phone=\u00bb\u00bb transparent_background=\u00bboff\u00bb padding_mobile=\u00bboff\u00bb make_fullwidth=\u00bboff\u00bb use_custom_width=\u00bboff\u00bb width_unit=\u00bbon\u00bb global_colors_info=\u00bb{}\u00bb][et_pb_row admin_label=\u00bbrow\u00bb _builder_version=\u00bb4.16&#8243; background_size=\u00bbinitial\u00bb background_position=\u00bbtop_left\u00bb background_repeat=\u00bbrepeat\u00bb global_colors_info=\u00bb{}\u00bb][et_pb_column type=\u00bb4_4&#8243; _builder_version=\u00bb4.16&#8243; custom_padding=\u00bb|||\u00bb global_colors_info=\u00bb{}\u00bb custom_padding__hover=\u00bb|||\u00bb][et_pb_cta title=\u00bb\u00bfTe gusta nuestro trabajo?\u00bb button_url=\u00bbmailto:info@kultura.cat\u00bb url_new_window=\u00bbon\u00bb button_text=\u00bbCont\u00e1ctanos\u00bb admin_label=\u00bbCall To Action\u00bb _builder_version=\u00bb4.27.4&#8243; use_background_color=\u00bboff\u00bb background_size=\u00bbinitial\u00bb background_position=\u00bbtop_left\u00bb background_repeat=\u00bbrepeat\u00bb link_option_url_new_window=\u00bbon\u00bb use_border_color=\u00bboff\u00bb border_color=\u00bb#ffffff\u00bb border_style=\u00bbsolid\u00bb button_letter_spacing_hover=\u00bb0&#8243; global_colors_info=\u00bb{}\u00bb button_text_size__hover_enabled=\u00bboff\u00bb button_one_text_size__hover_enabled=\u00bboff\u00bb button_two_text_size__hover_enabled=\u00bboff\u00bb button_text_color__hover_enabled=\u00bboff\u00bb button_one_text_color__hover_enabled=\u00bboff\u00bb button_two_text_color__hover_enabled=\u00bboff\u00bb button_border_width__hover_enabled=\u00bboff\u00bb button_one_border_width__hover_enabled=\u00bboff\u00bb button_two_border_width__hover_enabled=\u00bboff\u00bb button_border_color__hover_enabled=\u00bboff\u00bb button_one_border_color__hover_enabled=\u00bboff\u00bb button_two_border_color__hover_enabled=\u00bboff\u00bb button_border_radius__hover_enabled=\u00bboff\u00bb button_one_border_radius__hover_enabled=\u00bboff\u00bb button_two_border_radius__hover_enabled=\u00bboff\u00bb button_letter_spacing__hover_enabled=\u00bbon\u00bb button_letter_spacing__hover=\u00bb0&#8243; button_one_letter_spacing__hover_enabled=\u00bboff\u00bb button_two_letter_spacing__hover_enabled=\u00bboff\u00bb button_bg_color__hover_enabled=\u00bboff\u00bb button_one_bg_color__hover_enabled=\u00bboff\u00bb button_two_bg_color__hover_enabled=\u00bboff\u00bb][\/et_pb_cta][\/et_pb_column][\/et_pb_row][\/et_pb_section]<\/p>\n","protected":false},"excerpt":{"rendered":"<p>CONTENIDOS Y DIFUSI\u00d3N MULTIMEDIAPlataforma digital Portal del patrimonio del Instituto de Estudios Catalanes (IEC)Barcelona, Catalu\u00f1a. Fechas de ejecuci\u00f3n 2024 &#8211; 2025 El proyecto ha consistido en la conceptualizaci\u00f3n, el dise\u00f1o y el desarrollo de una plataforma digital que unifica y da visibilidad a los proyectos de investigaci\u00f3n cient\u00edfica impulsados por el Institut d&#8217;Estudis Catalans (IEC) [&hellip;]<\/p>\n","protected":false},"author":2,"featured_media":3197,"comment_status":"open","ping_status":"closed","template":"","meta":{"_et_pb_use_builder":"on","_et_pb_old_content":"","_et_gb_content_width":"","footnotes":""},"project_category":[29,31],"project_tag":[],"class_list":["post-3211","project","type-project","status-publish","has-post-thumbnail","hentry","project_category-continguts-multimedia-es","project_category-ultimo-es"],"yoast_head":"<!-- This site is optimized with the Yoast SEO plugin v24.8.1 - https:\/\/yoast.com\/wordpress\/plugins\/seo\/ -->\n<title>Portal del patrimoni de l\u2019Institut d\u2019Estudis Catalans (IEC) - Kultura<\/title>\n<meta name=\"description\" content=\"El projecte ha consistit en la conceptualitzaci\u00f3, el disseny i el desenvolupament d&#039;una plataforma digital que unifica i d\u00f3na visibilitat als projectes de recerca cient\u00edfica impulsats per l\u2019Institut d\u2019Estudis Catalans (IEC) en l&#039;\u00e0mbit del patrimoni cultural i natural.\" \/>\n<meta name=\"robots\" content=\"index, follow, max-snippet:-1, max-image-preview:large, max-video-preview:-1\" \/>\n<link rel=\"canonical\" href=\"https:\/\/www.kultura.cat\/es\/project\/portal-del-patrimoni-de-linstitut-destudis-catalans-iec\/\" \/>\n<meta property=\"og:locale\" content=\"es_ES\" \/>\n<meta property=\"og:type\" content=\"article\" \/>\n<meta property=\"og:title\" content=\"Portal del patrimoni de l\u2019Institut d\u2019Estudis Catalans (IEC) - Kultura\" \/>\n<meta property=\"og:description\" content=\"El projecte ha consistit en la conceptualitzaci\u00f3, el disseny i el desenvolupament d&#039;una plataforma digital que unifica i d\u00f3na visibilitat als projectes de recerca cient\u00edfica impulsats per l\u2019Institut d\u2019Estudis Catalans (IEC) en l&#039;\u00e0mbit del patrimoni cultural i natural.\" \/>\n<meta property=\"og:url\" content=\"https:\/\/www.kultura.cat\/es\/project\/portal-del-patrimoni-de-linstitut-destudis-catalans-iec\/\" \/>\n<meta property=\"og:site_name\" content=\"Kultura\" \/>\n<meta property=\"article:modified_time\" content=\"2025-12-19T11:39:25+00:00\" \/>\n<meta property=\"og:image\" content=\"https:\/\/www.kultura.cat\/wp-content\/uploads\/2025\/06\/Portal-IEC.png\" \/>\n\t<meta property=\"og:image:width\" content=\"1130\" \/>\n\t<meta property=\"og:image:height\" content=\"1076\" \/>\n\t<meta property=\"og:image:type\" content=\"image\/png\" \/>\n<meta name=\"twitter:card\" content=\"summary_large_image\" \/>\n<meta name=\"twitter:label1\" content=\"Tiempo de lectura\" \/>\n\t<meta name=\"twitter:data1\" content=\"3 minutos\" \/>\n<script type=\"application\/ld+json\" class=\"yoast-schema-graph\">{\"@context\":\"https:\/\/schema.org\",\"@graph\":[{\"@type\":\"WebPage\",\"@id\":\"https:\/\/www.kultura.cat\/es\/project\/portal-del-patrimoni-de-linstitut-destudis-catalans-iec\/\",\"url\":\"https:\/\/www.kultura.cat\/es\/project\/portal-del-patrimoni-de-linstitut-destudis-catalans-iec\/\",\"name\":\"Portal del patrimoni de l\u2019Institut d\u2019Estudis Catalans (IEC) - Kultura\",\"isPartOf\":{\"@id\":\"https:\/\/www.kultura.cat\/es\/#website\"},\"primaryImageOfPage\":{\"@id\":\"https:\/\/www.kultura.cat\/es\/project\/portal-del-patrimoni-de-linstitut-destudis-catalans-iec\/#primaryimage\"},\"image\":{\"@id\":\"https:\/\/www.kultura.cat\/es\/project\/portal-del-patrimoni-de-linstitut-destudis-catalans-iec\/#primaryimage\"},\"thumbnailUrl\":\"https:\/\/www.kultura.cat\/wp-content\/uploads\/2025\/06\/Portal-IEC.png\",\"datePublished\":\"2025-06-17T11:13:01+00:00\",\"dateModified\":\"2025-12-19T11:39:25+00:00\",\"description\":\"El projecte ha consistit en la conceptualitzaci\u00f3, el disseny i el desenvolupament d'una plataforma digital que unifica i d\u00f3na visibilitat als projectes de recerca cient\u00edfica impulsats per l\u2019Institut d\u2019Estudis Catalans (IEC) en l'\u00e0mbit del patrimoni cultural i natural.\",\"breadcrumb\":{\"@id\":\"https:\/\/www.kultura.cat\/es\/project\/portal-del-patrimoni-de-linstitut-destudis-catalans-iec\/#breadcrumb\"},\"inLanguage\":\"es\",\"potentialAction\":[{\"@type\":\"ReadAction\",\"target\":[\"https:\/\/www.kultura.cat\/es\/project\/portal-del-patrimoni-de-linstitut-destudis-catalans-iec\/\"]}]},{\"@type\":\"ImageObject\",\"inLanguage\":\"es\",\"@id\":\"https:\/\/www.kultura.cat\/es\/project\/portal-del-patrimoni-de-linstitut-destudis-catalans-iec\/#primaryimage\",\"url\":\"https:\/\/www.kultura.cat\/wp-content\/uploads\/2025\/06\/Portal-IEC.png\",\"contentUrl\":\"https:\/\/www.kultura.cat\/wp-content\/uploads\/2025\/06\/Portal-IEC.png\",\"width\":1130,\"height\":1076},{\"@type\":\"BreadcrumbList\",\"@id\":\"https:\/\/www.kultura.cat\/es\/project\/portal-del-patrimoni-de-linstitut-destudis-catalans-iec\/#breadcrumb\",\"itemListElement\":[{\"@type\":\"ListItem\",\"position\":1,\"name\":\"Portada\",\"item\":\"https:\/\/www.kultura.cat\/es\/\"},{\"@type\":\"ListItem\",\"position\":2,\"name\":\"Proyectos\",\"item\":\"https:\/\/www.kultura.cat\/es\/project\/\"},{\"@type\":\"ListItem\",\"position\":3,\"name\":\"Portal del patrimoni de l\u2019Institut d\u2019Estudis Catalans (IEC)\"}]},{\"@type\":\"WebSite\",\"@id\":\"https:\/\/www.kultura.cat\/es\/#website\",\"url\":\"https:\/\/www.kultura.cat\/es\/\",\"name\":\"Kultura\",\"description\":\"Ideas y Estrategias para el Patrimonio\",\"potentialAction\":[{\"@type\":\"SearchAction\",\"target\":{\"@type\":\"EntryPoint\",\"urlTemplate\":\"https:\/\/www.kultura.cat\/es\/?s={search_term_string}\"},\"query-input\":{\"@type\":\"PropertyValueSpecification\",\"valueRequired\":true,\"valueName\":\"search_term_string\"}}],\"inLanguage\":\"es\"}]}<\/script>\n<!-- \/ Yoast SEO plugin. -->","yoast_head_json":{"title":"Portal del patrimoni de l\u2019Institut d\u2019Estudis Catalans (IEC) - Kultura","description":"El projecte ha consistit en la conceptualitzaci\u00f3, el disseny i el desenvolupament d'una plataforma digital que unifica i d\u00f3na visibilitat als projectes de recerca cient\u00edfica impulsats per l\u2019Institut d\u2019Estudis Catalans (IEC) en l'\u00e0mbit del patrimoni cultural i natural.","robots":{"index":"index","follow":"follow","max-snippet":"max-snippet:-1","max-image-preview":"max-image-preview:large","max-video-preview":"max-video-preview:-1"},"canonical":"https:\/\/www.kultura.cat\/es\/project\/portal-del-patrimoni-de-linstitut-destudis-catalans-iec\/","og_locale":"es_ES","og_type":"article","og_title":"Portal del patrimoni de l\u2019Institut d\u2019Estudis Catalans (IEC) - Kultura","og_description":"El projecte ha consistit en la conceptualitzaci\u00f3, el disseny i el desenvolupament d'una plataforma digital que unifica i d\u00f3na visibilitat als projectes de recerca cient\u00edfica impulsats per l\u2019Institut d\u2019Estudis Catalans (IEC) en l'\u00e0mbit del patrimoni cultural i natural.","og_url":"https:\/\/www.kultura.cat\/es\/project\/portal-del-patrimoni-de-linstitut-destudis-catalans-iec\/","og_site_name":"Kultura","article_modified_time":"2025-12-19T11:39:25+00:00","og_image":[{"width":1130,"height":1076,"url":"https:\/\/www.kultura.cat\/wp-content\/uploads\/2025\/06\/Portal-IEC.png","type":"image\/png"}],"twitter_card":"summary_large_image","twitter_misc":{"Tiempo de lectura":"3 minutos"},"schema":{"@context":"https:\/\/schema.org","@graph":[{"@type":"WebPage","@id":"https:\/\/www.kultura.cat\/es\/project\/portal-del-patrimoni-de-linstitut-destudis-catalans-iec\/","url":"https:\/\/www.kultura.cat\/es\/project\/portal-del-patrimoni-de-linstitut-destudis-catalans-iec\/","name":"Portal del patrimoni de l\u2019Institut d\u2019Estudis Catalans (IEC) - Kultura","isPartOf":{"@id":"https:\/\/www.kultura.cat\/es\/#website"},"primaryImageOfPage":{"@id":"https:\/\/www.kultura.cat\/es\/project\/portal-del-patrimoni-de-linstitut-destudis-catalans-iec\/#primaryimage"},"image":{"@id":"https:\/\/www.kultura.cat\/es\/project\/portal-del-patrimoni-de-linstitut-destudis-catalans-iec\/#primaryimage"},"thumbnailUrl":"https:\/\/www.kultura.cat\/wp-content\/uploads\/2025\/06\/Portal-IEC.png","datePublished":"2025-06-17T11:13:01+00:00","dateModified":"2025-12-19T11:39:25+00:00","description":"El projecte ha consistit en la conceptualitzaci\u00f3, el disseny i el desenvolupament d'una plataforma digital que unifica i d\u00f3na visibilitat als projectes de recerca cient\u00edfica impulsats per l\u2019Institut d\u2019Estudis Catalans (IEC) en l'\u00e0mbit del patrimoni cultural i natural.","breadcrumb":{"@id":"https:\/\/www.kultura.cat\/es\/project\/portal-del-patrimoni-de-linstitut-destudis-catalans-iec\/#breadcrumb"},"inLanguage":"es","potentialAction":[{"@type":"ReadAction","target":["https:\/\/www.kultura.cat\/es\/project\/portal-del-patrimoni-de-linstitut-destudis-catalans-iec\/"]}]},{"@type":"ImageObject","inLanguage":"es","@id":"https:\/\/www.kultura.cat\/es\/project\/portal-del-patrimoni-de-linstitut-destudis-catalans-iec\/#primaryimage","url":"https:\/\/www.kultura.cat\/wp-content\/uploads\/2025\/06\/Portal-IEC.png","contentUrl":"https:\/\/www.kultura.cat\/wp-content\/uploads\/2025\/06\/Portal-IEC.png","width":1130,"height":1076},{"@type":"BreadcrumbList","@id":"https:\/\/www.kultura.cat\/es\/project\/portal-del-patrimoni-de-linstitut-destudis-catalans-iec\/#breadcrumb","itemListElement":[{"@type":"ListItem","position":1,"name":"Portada","item":"https:\/\/www.kultura.cat\/es\/"},{"@type":"ListItem","position":2,"name":"Proyectos","item":"https:\/\/www.kultura.cat\/es\/project\/"},{"@type":"ListItem","position":3,"name":"Portal del patrimoni de l\u2019Institut d\u2019Estudis Catalans (IEC)"}]},{"@type":"WebSite","@id":"https:\/\/www.kultura.cat\/es\/#website","url":"https:\/\/www.kultura.cat\/es\/","name":"Kultura","description":"Ideas y Estrategias para el Patrimonio","potentialAction":[{"@type":"SearchAction","target":{"@type":"EntryPoint","urlTemplate":"https:\/\/www.kultura.cat\/es\/?s={search_term_string}"},"query-input":{"@type":"PropertyValueSpecification","valueRequired":true,"valueName":"search_term_string"}}],"inLanguage":"es"}]}},"_links":{"self":[{"href":"https:\/\/www.kultura.cat\/es\/wp-json\/wp\/v2\/project\/3211","targetHints":{"allow":["GET"]}}],"collection":[{"href":"https:\/\/www.kultura.cat\/es\/wp-json\/wp\/v2\/project"}],"about":[{"href":"https:\/\/www.kultura.cat\/es\/wp-json\/wp\/v2\/types\/project"}],"author":[{"embeddable":true,"href":"https:\/\/www.kultura.cat\/es\/wp-json\/wp\/v2\/users\/2"}],"replies":[{"embeddable":true,"href":"https:\/\/www.kultura.cat\/es\/wp-json\/wp\/v2\/comments?post=3211"}],"version-history":[{"count":6,"href":"https:\/\/www.kultura.cat\/es\/wp-json\/wp\/v2\/project\/3211\/revisions"}],"predecessor-version":[{"id":4397,"href":"https:\/\/www.kultura.cat\/es\/wp-json\/wp\/v2\/project\/3211\/revisions\/4397"}],"wp:featuredmedia":[{"embeddable":true,"href":"https:\/\/www.kultura.cat\/es\/wp-json\/wp\/v2\/media\/3197"}],"wp:attachment":[{"href":"https:\/\/www.kultura.cat\/es\/wp-json\/wp\/v2\/media?parent=3211"}],"wp:term":[{"taxonomy":"project_category","embeddable":true,"href":"https:\/\/www.kultura.cat\/es\/wp-json\/wp\/v2\/project_category?post=3211"},{"taxonomy":"project_tag","embeddable":true,"href":"https:\/\/www.kultura.cat\/es\/wp-json\/wp\/v2\/project_tag?post=3211"}],"curies":[{"name":"wp","href":"https:\/\/api.w.org\/{rel}","templated":true}]}}