{"id":3075,"date":"2025-06-10T11:20:36","date_gmt":"2025-06-10T11:20:36","guid":{"rendered":"https:\/\/www.kultura.cat\/project\/projecte-museografic-las-concepcionistas-centre-cultural-dalfaro\/"},"modified":"2025-08-07T11:49:40","modified_gmt":"2025-08-07T11:49:40","slug":"projecte-museografic-las-concepcionistas-centre-cultural-dalfaro","status":"publish","type":"project","link":"https:\/\/www.kultura.cat\/es\/project\/projecte-museografic-las-concepcionistas-centre-cultural-dalfaro\/","title":{"rendered":"Proyecto museogr\u00e1fico Las Concepcionistas, centro cultural de Alfaro"},"content":{"rendered":"<p>[et_pb_section fb_built=\u00bb1&#8243; admin_label=\u00bbsection\u00bb _builder_version=\u00bb4.16&#8243; custom_padding=\u00bb0px||23px|||\u00bb global_colors_info=\u00bb{}\u00bb][et_pb_row admin_label=\u00bbrow\u00bb _builder_version=\u00bb4.27.4&#8243; background_image=\u00bbhttps:\/\/www.kultura.cat\/wp-content\/uploads\/2025\/06\/477288917_18058143203496862_5542078961751017503_n.jpg\u00bb background_repeat=\u00bbrepeat\u00bb width=\u00bb100%\u00bb max_width=\u00bb2560px\u00bb height=\u00bb450px\u00bb max_height=\u00bb450px\u00bb custom_margin=\u00bb|auto|35px|auto||\u00bb custom_padding=\u00bb0px|||||\u00bb global_colors_info=\u00bb{}\u00bb][et_pb_column type=\u00bb4_4&#8243; _builder_version=\u00bb4.16&#8243; custom_padding=\u00bb|||\u00bb global_colors_info=\u00bb{}\u00bb custom_padding__hover=\u00bb|||\u00bb][\/et_pb_column][\/et_pb_row][et_pb_row admin_label=\u00bbrow\u00bb _builder_version=\u00bb4.16&#8243; background_size=\u00bbinitial\u00bb background_position=\u00bbtop_left\u00bb background_repeat=\u00bbrepeat\u00bb custom_padding=\u00bb1px|||||\u00bb global_colors_info=\u00bb{}\u00bb][et_pb_column type=\u00bb4_4&#8243; _builder_version=\u00bb4.16&#8243; custom_padding=\u00bb|||\u00bb global_colors_info=\u00bb{}\u00bb custom_padding__hover=\u00bb|||\u00bb][et_pb_text admin_label=\u00bbText\u00bb _builder_version=\u00bb4.23.1&#8243; header_3_text_color=\u00bb#a0a0a0&#8243; header_3_font_size=\u00bb18px\u00bb background_size=\u00bbinitial\u00bb background_position=\u00bbtop_left\u00bb background_repeat=\u00bbrepeat\u00bb custom_margin=\u00bb||20px|||\u00bb use_border_color=\u00bboff\u00bb border_color=\u00bb#ffffff\u00bb border_style=\u00bbsolid\u00bb global_colors_info=\u00bb{}\u00bb]<\/p>\n<h1 class=\"title\"><\/h1>\n<h3>MUSEOLOGIA I MUSEOGRAFIA<\/h3>\n<p>[\/et_pb_text][et_pb_text admin_label=\u00bbText\u00bb _builder_version=\u00bb4.27.4&#8243; background_size=\u00bbinitial\u00bb background_position=\u00bbtop_left\u00bb background_repeat=\u00bbrepeat\u00bb custom_margin=\u00bb||3px|||\u00bb use_border_color=\u00bboff\u00bb border_color=\u00bb#ffffff\u00bb border_style=\u00bbsolid\u00bb global_colors_info=\u00bb{}\u00bb]<\/p>\n<h2><strong>Proyecto museogr\u00e1fico \/ Direcci\u00f3n t\u00e9cnica<\/strong><\/h2>\n<h1><strong>Las Concepcionistas, centro cultural de Alfaro<\/strong><\/h1>\n<p>[\/et_pb_text][et_pb_text admin_label=\u00bbText\u00bb _builder_version=\u00bb4.27.4&#8243; background_size=\u00bbinitial\u00bb background_position=\u00bbtop_left\u00bb background_repeat=\u00bbrepeat\u00bb use_border_color=\u00bboff\u00bb border_color=\u00bb#ffffff\u00bb border_style=\u00bbsolid\u00bb global_colors_info=\u00bb{}\u00bb]<\/p>\n<h3><b>Alfaro, La Rioja.<\/b><\/h3>\n<h3>Fechas de ejecuci\u00f3n 2024 &#8211; 2025<\/h3>\n<p>[\/et_pb_text][\/et_pb_column][\/et_pb_row][et_pb_row column_structure=\u00bb3_4,1_4&#8243; admin_label=\u00bbrow\u00bb _builder_version=\u00bb4.16&#8243; background_size=\u00bbinitial\u00bb background_position=\u00bbtop_left\u00bb background_repeat=\u00bbrepeat\u00bb custom_padding=\u00bb4px|||||\u00bb global_colors_info=\u00bb{}\u00bb][et_pb_column type=\u00bb3_4&#8243; _builder_version=\u00bb4.16&#8243; custom_padding=\u00bb|||\u00bb global_colors_info=\u00bb{}\u00bb custom_padding__hover=\u00bb|||\u00bb][et_pb_text admin_label=\u00bbText\u00bb _builder_version=\u00bb4.27.4&#8243; header_4_line_height=\u00bb1.4em\u00bb background_size=\u00bbinitial\u00bb background_position=\u00bbtop_left\u00bb background_repeat=\u00bbrepeat\u00bb use_border_color=\u00bboff\u00bb border_color=\u00bb#ffffff\u00bb border_style=\u00bbsolid\u00bb global_colors_info=\u00bb{}\u00bb]<\/p>\n<p><strong>Servicio de redacci\u00f3n del proyecto museogr\u00e1fico del Centro de Interpretaci\u00f3n \u201cLas Concepcionistas\u201d en Alfaro, para la puesta en valor del convento y la difusi\u00f3n del patrimonio local. <\/strong><\/p>\n<p>El proyecto incluye la redacci\u00f3n de contenidos, definici\u00f3n de recursos y desarrollo del esquema museogr\u00e1fico en el antiguo convento de las Concepcionistas, declarado Bien de Inter\u00e9s Cultural (BIC). El objetivo general es presentar el convento como puerta de entrada al municipio y punto de conexi\u00f3n con su entorno.<\/p>\n<p>Se ha conceptualizado un recorrido interpretativo que conecta la historia del convento con la identidad cultural, natural y territorial del t\u00e9rmino municipal de Alfaro. Mediante una museograf\u00eda que combina escenograf\u00edas inmersivas, recursos digitales y elementos interactivos accesibles para un p\u00fablico amplio. La actuaci\u00f3n se enmarca en el proyecto de rehabilitaci\u00f3n ecol\u00f3gica, conservaci\u00f3n y puesta en valor del conjunto conventual para uso tur\u00edstico, financiado por el fondo Next Generation EU-PRTR, en colaboraci\u00f3n con el estudio Bergasa Arquitectura.<\/p>\n<p>[\/et_pb_text][\/et_pb_column][et_pb_column type=\u00bb1_4&#8243; _builder_version=\u00bb4.16&#8243; custom_padding=\u00bb|||\u00bb global_colors_info=\u00bb{}\u00bb custom_padding__hover=\u00bb|||\u00bb][et_pb_text admin_label=\u00bbText\u00bb _builder_version=\u00bb4.27.4&#8243; background_size=\u00bbinitial\u00bb background_position=\u00bbtop_left\u00bb background_repeat=\u00bbrepeat\u00bb use_border_color=\u00bboff\u00bb border_color=\u00bb#ffffff\u00bb border_style=\u00bbsolid\u00bb global_colors_info=\u00bb{}\u00bb]<\/p>\n<h4>Trabajo realizado para:<\/h4>\n<p><span style=\"font-weight: 400;\">Ayuntamiento de Alfaro<\/span><strong><b><span style=\"font-weight: 400;\"><\/span><\/b><\/strong><\/p>\n<p class=\"titlePage\" itemprop=\"alternateName\" id=\"titleContent\">\n<p>[\/et_pb_text][\/et_pb_column][\/et_pb_row][\/et_pb_section][et_pb_section fb_built=\u00bb1&#8243; admin_label=\u00bbsection\u00bb _builder_version=\u00bb4.16&#8243; background_color=\u00bb#f7f7f7&#8243; custom_padding=\u00bb26px||28px|||\u00bb global_colors_info=\u00bb{}\u00bb][et_pb_row admin_label=\u00bbrow\u00bb _builder_version=\u00bb4.16&#8243; background_size=\u00bbinitial\u00bb background_position=\u00bbtop_left\u00bb background_repeat=\u00bbrepeat\u00bb custom_padding=\u00bb14px|||||\u00bb global_colors_info=\u00bb{}\u00bb][et_pb_column type=\u00bb4_4&#8243; _builder_version=\u00bb4.16&#8243; custom_padding=\u00bb|||\u00bb global_colors_info=\u00bb{}\u00bb custom_padding__hover=\u00bb|||\u00bb][et_pb_text _builder_version=\u00bb4.27.4&#8243; _module_preset=\u00bbdefault\u00bb header_2_text_color=\u00bb#bc1d4d\u00bb custom_margin=\u00bb||21px|||\u00bb global_colors_info=\u00bb{}\u00bb]<\/p>\n<h2 style=\"text-align: center;\">Galer\u00eda de imagenes<\/h2>\n<p>[\/et_pb_text][et_pb_gallery gallery_ids=\u00bb3863,3788,3065,3068&#8243; fullwidth=\u00bbon\u00bb admin_label=\u00bbGaler\u00eda\u00bb _builder_version=\u00bb4.27.4&#8243; caption_all_caps=\u00bboff\u00bb auto=\u00bbon\u00bb auto_speed=\u00bb5000&#8243; hover_enabled=\u00bb0&#8243; use_border_color=\u00bboff\u00bb border_color=\u00bb#ffffff\u00bb border_style=\u00bbsolid\u00bb global_colors_info=\u00bb{}\u00bb sticky_enabled=\u00bb0&#8243;] [\/et_pb_gallery][\/et_pb_column][\/et_pb_row][et_pb_row _builder_version=\u00bb4.24.0&#8243; _module_preset=\u00bbdefault\u00bb locked=\u00bboff\u00bb global_colors_info=\u00bb{}\u00bb][et_pb_column type=\u00bb4_4&#8243; _builder_version=\u00bb4.24.0&#8243; _module_preset=\u00bbdefault\u00bb global_colors_info=\u00bb{}\u00bb][et_pb_text _builder_version=\u00bb4.27.4&#8243; _module_preset=\u00bbdefault\u00bb header_2_text_color=\u00bb#bc1d4d\u00bb custom_margin=\u00bb||21px|||\u00bb global_colors_info=\u00bb{}\u00bb]<\/p>\n<h2 style=\"text-align: center;\">Proyectos relacionados<\/h2>\n<p>[\/et_pb_text][et_pb_portfolio fullwidth=\u00bboff\u00bb posts_number=\u00bb4&#8243; include_categories=\u00bb8&#8243; show_categories=\u00bboff\u00bb show_pagination=\u00bboff\u00bb zoom_icon_color=\u00bb#bc1d4d\u00bb hover_icon=\u00bb&#x50;||divi||400&#8243; _builder_version=\u00bb4.24.0&#8243; _module_preset=\u00bbdefault\u00bb title_text_color=\u00bbrgba(0,0,0,0.76)\u00bb title_font_size=\u00bb14px\u00bb locked=\u00bboff\u00bb global_colors_info=\u00bb{}\u00bb][\/et_pb_portfolio][\/et_pb_column][\/et_pb_row][\/et_pb_section][et_pb_section fb_built=\u00bb1&#8243; custom_padding_last_edited=\u00bbon|desktop\u00bb admin_label=\u00bbsection\u00bb _builder_version=\u00bb4.27.4&#8243; background_image=\u00bbhttps:\/\/www.kultura.cat\/wp-content\/uploads\/2025\/08\/477488472_18058143176496862_1184258202947961659_n.jpg\u00bb parallax=\u00bbon\u00bb parallax_method=\u00bboff\u00bb custom_padding_tablet=\u00bb50px|0|50px|0&#8243; custom_padding_phone=\u00bb\u00bb hover_enabled=\u00bb0&#8243; transparent_background=\u00bboff\u00bb padding_mobile=\u00bboff\u00bb make_fullwidth=\u00bboff\u00bb use_custom_width=\u00bboff\u00bb width_unit=\u00bbon\u00bb global_colors_info=\u00bb{}\u00bb title_text=\u00bb477488472_18058143176496862_1184258202947961659_n\u00bb sticky_enabled=\u00bb0&#8243;][et_pb_row admin_label=\u00bbrow\u00bb _builder_version=\u00bb4.16&#8243; background_size=\u00bbinitial\u00bb background_position=\u00bbtop_left\u00bb background_repeat=\u00bbrepeat\u00bb global_colors_info=\u00bb{}\u00bb][et_pb_column type=\u00bb4_4&#8243; _builder_version=\u00bb4.16&#8243; custom_padding=\u00bb|||\u00bb global_colors_info=\u00bb{}\u00bb custom_padding__hover=\u00bb|||\u00bb][et_pb_cta title=\u00bb\u00bfTe gusta nuestro trabajo?\u00bb button_url=\u00bbmailto:info@kultura.cat\u00bb url_new_window=\u00bbon\u00bb button_text=\u00bbCont\u00e1ctanos\u00bb admin_label=\u00bbCall To Action\u00bb _builder_version=\u00bb4.27.4&#8243; use_background_color=\u00bboff\u00bb background_size=\u00bbinitial\u00bb background_position=\u00bbtop_left\u00bb background_repeat=\u00bbrepeat\u00bb link_option_url_new_window=\u00bbon\u00bb use_border_color=\u00bboff\u00bb border_color=\u00bb#ffffff\u00bb border_style=\u00bbsolid\u00bb button_letter_spacing_hover=\u00bb0&#8243; global_colors_info=\u00bb{}\u00bb button_text_size__hover_enabled=\u00bboff\u00bb button_one_text_size__hover_enabled=\u00bboff\u00bb button_two_text_size__hover_enabled=\u00bboff\u00bb button_text_color__hover_enabled=\u00bboff\u00bb button_one_text_color__hover_enabled=\u00bboff\u00bb button_two_text_color__hover_enabled=\u00bboff\u00bb button_border_width__hover_enabled=\u00bboff\u00bb button_one_border_width__hover_enabled=\u00bboff\u00bb button_two_border_width__hover_enabled=\u00bboff\u00bb button_border_color__hover_enabled=\u00bboff\u00bb button_one_border_color__hover_enabled=\u00bboff\u00bb button_two_border_color__hover_enabled=\u00bboff\u00bb button_border_radius__hover_enabled=\u00bboff\u00bb button_one_border_radius__hover_enabled=\u00bboff\u00bb button_two_border_radius__hover_enabled=\u00bboff\u00bb button_letter_spacing__hover_enabled=\u00bbon\u00bb button_letter_spacing__hover=\u00bb0&#8243; button_one_letter_spacing__hover_enabled=\u00bboff\u00bb button_two_letter_spacing__hover_enabled=\u00bboff\u00bb button_bg_color__hover_enabled=\u00bboff\u00bb button_one_bg_color__hover_enabled=\u00bboff\u00bb button_two_bg_color__hover_enabled=\u00bboff\u00bb][\/et_pb_cta][\/et_pb_column][\/et_pb_row][\/et_pb_section]<\/p>\n","protected":false},"excerpt":{"rendered":"<p>MUSEOLOGIA I MUSEOGRAFIAProyecto museogr\u00e1fico \/ Direcci\u00f3n t\u00e9cnica Las Concepcionistas, centro cultural de AlfaroAlfaro, La Rioja. Fechas de ejecuci\u00f3n 2024 &#8211; 2025Servicio de redacci\u00f3n del proyecto museogr\u00e1fico del Centro de Interpretaci\u00f3n \u201cLas Concepcionistas\u201d en Alfaro, para la puesta en valor del convento y la difusi\u00f3n del patrimonio local. El proyecto incluye la redacci\u00f3n de contenidos, definici\u00f3n [&hellip;]<\/p>\n","protected":false},"author":2,"featured_media":3788,"comment_status":"open","ping_status":"closed","template":"","meta":{"_et_pb_use_builder":"on","_et_pb_old_content":"","_et_gb_content_width":"","footnotes":""},"project_category":[35,31],"project_tag":[],"class_list":["post-3075","project","type-project","status-publish","has-post-thumbnail","hentry","project_category-museologia-i-museografia-es","project_category-ultimo-es"],"yoast_head":"<!-- This site is optimized with the Yoast SEO plugin v24.8.1 - https:\/\/yoast.com\/wordpress\/plugins\/seo\/ -->\n<title>Proyecto museogr\u00e1fico Las Concepcionistas, centro cultural de Alfaro - Kultura<\/title>\n<meta name=\"robots\" content=\"index, follow, max-snippet:-1, max-image-preview:large, max-video-preview:-1\" \/>\n<link rel=\"canonical\" href=\"https:\/\/www.kultura.cat\/es\/project\/projecte-museografic-las-concepcionistas-centre-cultural-dalfaro\/\" \/>\n<meta property=\"og:locale\" content=\"es_ES\" \/>\n<meta property=\"og:type\" content=\"article\" \/>\n<meta property=\"og:title\" content=\"Proyecto museogr\u00e1fico Las Concepcionistas, centro cultural de Alfaro - Kultura\" \/>\n<meta property=\"og:description\" content=\"MUSEOLOGIA I MUSEOGRAFIAProyecto museogr\u00e1fico \/ Direcci\u00f3n t\u00e9cnica Las Concepcionistas, centro cultural de AlfaroAlfaro, La Rioja. Fechas de ejecuci\u00f3n 2024 - 2025Servicio de redacci\u00f3n del proyecto museogr\u00e1fico del Centro de Interpretaci\u00f3n \u201cLas Concepcionistas\u201d en Alfaro, para la puesta en valor del convento y la difusi\u00f3n del patrimonio local. El proyecto incluye la redacci\u00f3n de contenidos, definici\u00f3n [&hellip;]\" \/>\n<meta property=\"og:url\" content=\"https:\/\/www.kultura.cat\/es\/project\/projecte-museografic-las-concepcionistas-centre-cultural-dalfaro\/\" \/>\n<meta property=\"og:site_name\" content=\"Kultura\" \/>\n<meta property=\"article:modified_time\" content=\"2025-08-07T11:49:40+00:00\" \/>\n<meta property=\"og:image\" content=\"https:\/\/www.kultura.cat\/wp-content\/uploads\/2025\/06\/477288917_18058143203496862_5542078961751017503_n.jpg\" \/>\n\t<meta property=\"og:image:width\" content=\"1440\" \/>\n\t<meta property=\"og:image:height\" content=\"810\" \/>\n\t<meta property=\"og:image:type\" content=\"image\/jpeg\" \/>\n<meta name=\"twitter:card\" content=\"summary_large_image\" \/>\n<meta name=\"twitter:label1\" content=\"Tiempo de lectura\" \/>\n\t<meta name=\"twitter:data1\" content=\"3 minutos\" \/>\n<script type=\"application\/ld+json\" class=\"yoast-schema-graph\">{\"@context\":\"https:\/\/schema.org\",\"@graph\":[{\"@type\":\"WebPage\",\"@id\":\"https:\/\/www.kultura.cat\/es\/project\/projecte-museografic-las-concepcionistas-centre-cultural-dalfaro\/\",\"url\":\"https:\/\/www.kultura.cat\/es\/project\/projecte-museografic-las-concepcionistas-centre-cultural-dalfaro\/\",\"name\":\"Proyecto museogr\u00e1fico Las Concepcionistas, centro cultural de Alfaro - Kultura\",\"isPartOf\":{\"@id\":\"https:\/\/www.kultura.cat\/es\/#website\"},\"primaryImageOfPage\":{\"@id\":\"https:\/\/www.kultura.cat\/es\/project\/projecte-museografic-las-concepcionistas-centre-cultural-dalfaro\/#primaryimage\"},\"image\":{\"@id\":\"https:\/\/www.kultura.cat\/es\/project\/projecte-museografic-las-concepcionistas-centre-cultural-dalfaro\/#primaryimage\"},\"thumbnailUrl\":\"https:\/\/www.kultura.cat\/wp-content\/uploads\/2025\/06\/477288917_18058143203496862_5542078961751017503_n.jpg\",\"datePublished\":\"2025-06-10T11:20:36+00:00\",\"dateModified\":\"2025-08-07T11:49:40+00:00\",\"breadcrumb\":{\"@id\":\"https:\/\/www.kultura.cat\/es\/project\/projecte-museografic-las-concepcionistas-centre-cultural-dalfaro\/#breadcrumb\"},\"inLanguage\":\"es\",\"potentialAction\":[{\"@type\":\"ReadAction\",\"target\":[\"https:\/\/www.kultura.cat\/es\/project\/projecte-museografic-las-concepcionistas-centre-cultural-dalfaro\/\"]}]},{\"@type\":\"ImageObject\",\"inLanguage\":\"es\",\"@id\":\"https:\/\/www.kultura.cat\/es\/project\/projecte-museografic-las-concepcionistas-centre-cultural-dalfaro\/#primaryimage\",\"url\":\"https:\/\/www.kultura.cat\/wp-content\/uploads\/2025\/06\/477288917_18058143203496862_5542078961751017503_n.jpg\",\"contentUrl\":\"https:\/\/www.kultura.cat\/wp-content\/uploads\/2025\/06\/477288917_18058143203496862_5542078961751017503_n.jpg\",\"width\":1440,\"height\":810},{\"@type\":\"BreadcrumbList\",\"@id\":\"https:\/\/www.kultura.cat\/es\/project\/projecte-museografic-las-concepcionistas-centre-cultural-dalfaro\/#breadcrumb\",\"itemListElement\":[{\"@type\":\"ListItem\",\"position\":1,\"name\":\"Portada\",\"item\":\"https:\/\/www.kultura.cat\/es\/\"},{\"@type\":\"ListItem\",\"position\":2,\"name\":\"Proyectos\",\"item\":\"https:\/\/www.kultura.cat\/es\/project\/\"},{\"@type\":\"ListItem\",\"position\":3,\"name\":\"Proyecto museogr\u00e1fico Las Concepcionistas, centro cultural de Alfaro\"}]},{\"@type\":\"WebSite\",\"@id\":\"https:\/\/www.kultura.cat\/es\/#website\",\"url\":\"https:\/\/www.kultura.cat\/es\/\",\"name\":\"Kultura\",\"description\":\"Ideas y Estrategias para el Patrimonio\",\"potentialAction\":[{\"@type\":\"SearchAction\",\"target\":{\"@type\":\"EntryPoint\",\"urlTemplate\":\"https:\/\/www.kultura.cat\/es\/?s={search_term_string}\"},\"query-input\":{\"@type\":\"PropertyValueSpecification\",\"valueRequired\":true,\"valueName\":\"search_term_string\"}}],\"inLanguage\":\"es\"}]}<\/script>\n<!-- \/ Yoast SEO plugin. -->","yoast_head_json":{"title":"Proyecto museogr\u00e1fico Las Concepcionistas, centro cultural de Alfaro - Kultura","robots":{"index":"index","follow":"follow","max-snippet":"max-snippet:-1","max-image-preview":"max-image-preview:large","max-video-preview":"max-video-preview:-1"},"canonical":"https:\/\/www.kultura.cat\/es\/project\/projecte-museografic-las-concepcionistas-centre-cultural-dalfaro\/","og_locale":"es_ES","og_type":"article","og_title":"Proyecto museogr\u00e1fico Las Concepcionistas, centro cultural de Alfaro - Kultura","og_description":"MUSEOLOGIA I MUSEOGRAFIAProyecto museogr\u00e1fico \/ Direcci\u00f3n t\u00e9cnica Las Concepcionistas, centro cultural de AlfaroAlfaro, La Rioja. Fechas de ejecuci\u00f3n 2024 - 2025Servicio de redacci\u00f3n del proyecto museogr\u00e1fico del Centro de Interpretaci\u00f3n \u201cLas Concepcionistas\u201d en Alfaro, para la puesta en valor del convento y la difusi\u00f3n del patrimonio local. El proyecto incluye la redacci\u00f3n de contenidos, definici\u00f3n [&hellip;]","og_url":"https:\/\/www.kultura.cat\/es\/project\/projecte-museografic-las-concepcionistas-centre-cultural-dalfaro\/","og_site_name":"Kultura","article_modified_time":"2025-08-07T11:49:40+00:00","og_image":[{"width":1440,"height":810,"url":"https:\/\/www.kultura.cat\/wp-content\/uploads\/2025\/06\/477288917_18058143203496862_5542078961751017503_n.jpg","type":"image\/jpeg"}],"twitter_card":"summary_large_image","twitter_misc":{"Tiempo de lectura":"3 minutos"},"schema":{"@context":"https:\/\/schema.org","@graph":[{"@type":"WebPage","@id":"https:\/\/www.kultura.cat\/es\/project\/projecte-museografic-las-concepcionistas-centre-cultural-dalfaro\/","url":"https:\/\/www.kultura.cat\/es\/project\/projecte-museografic-las-concepcionistas-centre-cultural-dalfaro\/","name":"Proyecto museogr\u00e1fico Las Concepcionistas, centro cultural de Alfaro - Kultura","isPartOf":{"@id":"https:\/\/www.kultura.cat\/es\/#website"},"primaryImageOfPage":{"@id":"https:\/\/www.kultura.cat\/es\/project\/projecte-museografic-las-concepcionistas-centre-cultural-dalfaro\/#primaryimage"},"image":{"@id":"https:\/\/www.kultura.cat\/es\/project\/projecte-museografic-las-concepcionistas-centre-cultural-dalfaro\/#primaryimage"},"thumbnailUrl":"https:\/\/www.kultura.cat\/wp-content\/uploads\/2025\/06\/477288917_18058143203496862_5542078961751017503_n.jpg","datePublished":"2025-06-10T11:20:36+00:00","dateModified":"2025-08-07T11:49:40+00:00","breadcrumb":{"@id":"https:\/\/www.kultura.cat\/es\/project\/projecte-museografic-las-concepcionistas-centre-cultural-dalfaro\/#breadcrumb"},"inLanguage":"es","potentialAction":[{"@type":"ReadAction","target":["https:\/\/www.kultura.cat\/es\/project\/projecte-museografic-las-concepcionistas-centre-cultural-dalfaro\/"]}]},{"@type":"ImageObject","inLanguage":"es","@id":"https:\/\/www.kultura.cat\/es\/project\/projecte-museografic-las-concepcionistas-centre-cultural-dalfaro\/#primaryimage","url":"https:\/\/www.kultura.cat\/wp-content\/uploads\/2025\/06\/477288917_18058143203496862_5542078961751017503_n.jpg","contentUrl":"https:\/\/www.kultura.cat\/wp-content\/uploads\/2025\/06\/477288917_18058143203496862_5542078961751017503_n.jpg","width":1440,"height":810},{"@type":"BreadcrumbList","@id":"https:\/\/www.kultura.cat\/es\/project\/projecte-museografic-las-concepcionistas-centre-cultural-dalfaro\/#breadcrumb","itemListElement":[{"@type":"ListItem","position":1,"name":"Portada","item":"https:\/\/www.kultura.cat\/es\/"},{"@type":"ListItem","position":2,"name":"Proyectos","item":"https:\/\/www.kultura.cat\/es\/project\/"},{"@type":"ListItem","position":3,"name":"Proyecto museogr\u00e1fico Las Concepcionistas, centro cultural de Alfaro"}]},{"@type":"WebSite","@id":"https:\/\/www.kultura.cat\/es\/#website","url":"https:\/\/www.kultura.cat\/es\/","name":"Kultura","description":"Ideas y Estrategias para el Patrimonio","potentialAction":[{"@type":"SearchAction","target":{"@type":"EntryPoint","urlTemplate":"https:\/\/www.kultura.cat\/es\/?s={search_term_string}"},"query-input":{"@type":"PropertyValueSpecification","valueRequired":true,"valueName":"search_term_string"}}],"inLanguage":"es"}]}},"_links":{"self":[{"href":"https:\/\/www.kultura.cat\/es\/wp-json\/wp\/v2\/project\/3075","targetHints":{"allow":["GET"]}}],"collection":[{"href":"https:\/\/www.kultura.cat\/es\/wp-json\/wp\/v2\/project"}],"about":[{"href":"https:\/\/www.kultura.cat\/es\/wp-json\/wp\/v2\/types\/project"}],"author":[{"embeddable":true,"href":"https:\/\/www.kultura.cat\/es\/wp-json\/wp\/v2\/users\/2"}],"replies":[{"embeddable":true,"href":"https:\/\/www.kultura.cat\/es\/wp-json\/wp\/v2\/comments?post=3075"}],"version-history":[{"count":8,"href":"https:\/\/www.kultura.cat\/es\/wp-json\/wp\/v2\/project\/3075\/revisions"}],"predecessor-version":[{"id":3866,"href":"https:\/\/www.kultura.cat\/es\/wp-json\/wp\/v2\/project\/3075\/revisions\/3866"}],"wp:featuredmedia":[{"embeddable":true,"href":"https:\/\/www.kultura.cat\/es\/wp-json\/wp\/v2\/media\/3788"}],"wp:attachment":[{"href":"https:\/\/www.kultura.cat\/es\/wp-json\/wp\/v2\/media?parent=3075"}],"wp:term":[{"taxonomy":"project_category","embeddable":true,"href":"https:\/\/www.kultura.cat\/es\/wp-json\/wp\/v2\/project_category?post=3075"},{"taxonomy":"project_tag","embeddable":true,"href":"https:\/\/www.kultura.cat\/es\/wp-json\/wp\/v2\/project_tag?post=3075"}],"curies":[{"name":"wp","href":"https:\/\/api.w.org\/{rel}","templated":true}]}}