{"id":2575,"date":"2025-01-20T12:46:17","date_gmt":"2025-01-20T12:46:17","guid":{"rendered":"https:\/\/www.kultura.cat\/project\/festa-dinteres-turistic-regional-de-la-setmana-santa-de-lorqui\/"},"modified":"2025-12-19T12:10:36","modified_gmt":"2025-12-19T12:10:36","slug":"fiesta-de-interes-turistico-regional-de-la-semana-santa-de-lorqui","status":"publish","type":"project","link":"https:\/\/www.kultura.cat\/es\/project\/fiesta-de-interes-turistico-regional-de-la-semana-santa-de-lorqui\/","title":{"rendered":"Fiesta de inter\u00e9s tur\u00edstico regional de la Semana Santa de Lorqu\u00ed"},"content":{"rendered":"<p>[et_pb_section fb_built=\u00bb1&#8243; admin_label=\u00bbsection\u00bb _builder_version=\u00bb4.16&#8243; custom_padding=\u00bb0px||23px|0px||\u00bb locked=\u00bboff\u00bb global_colors_info=\u00bb{}\u00bb][et_pb_row admin_label=\u00bbrow\u00bb _builder_version=\u00bb4.27.4&#8243; background_image=\u00bbhttps:\/\/www.kultura.cat\/wp-content\/uploads\/2025\/01\/unnamed-1.jpg\u00bb background_repeat=\u00bbrepeat-y\u00bb width=\u00bb100%\u00bb max_width=\u00bb2560px\u00bb height=\u00bb450px\u00bb max_height=\u00bb450px\u00bb custom_margin=\u00bb|auto|35px|auto||\u00bb custom_padding=\u00bb0px|||||\u00bb background_last_edited=\u00bbon|desktop\u00bb background_position_phone=\u00bbtop_center\u00bb global_colors_info=\u00bb{}\u00bb][et_pb_column type=\u00bb4_4&#8243; _builder_version=\u00bb4.16&#8243; custom_padding=\u00bb|||\u00bb global_colors_info=\u00bb{}\u00bb custom_padding__hover=\u00bb|||\u00bb][\/et_pb_column][\/et_pb_row][et_pb_row admin_label=\u00bbrow\u00bb _builder_version=\u00bb4.16&#8243; background_size=\u00bbinitial\u00bb background_position=\u00bbtop_left\u00bb background_repeat=\u00bbrepeat\u00bb custom_padding=\u00bb1px|||||\u00bb global_colors_info=\u00bb{}\u00bb][et_pb_column type=\u00bb4_4&#8243; _builder_version=\u00bb4.16&#8243; custom_padding=\u00bb|||\u00bb global_colors_info=\u00bb{}\u00bb custom_padding__hover=\u00bb|||\u00bb][et_pb_text admin_label=\u00bbText\u00bb _builder_version=\u00bb4.27.4&#8243; header_3_text_color=\u00bb#a0a0a0&#8243; header_3_font_size=\u00bb18px\u00bb background_size=\u00bbinitial\u00bb background_position=\u00bbtop_left\u00bb background_repeat=\u00bbrepeat\u00bb custom_margin=\u00bb||8px|||\u00bb hover_enabled=\u00bb0&#8243; use_border_color=\u00bboff\u00bb border_color=\u00bb#ffffff\u00bb border_style=\u00bbsolid\u00bb global_colors_info=\u00bb{}\u00bb sticky_enabled=\u00bb0&#8243;]<\/p>\n<h3><span style=\"font-weight: 400;\">TURISMO CULTURAL<\/span><\/h3>\n<p>[\/et_pb_text][et_pb_text admin_label=\u00bbText\u00bb _builder_version=\u00bb4.24.0&#8243; background_size=\u00bbinitial\u00bb background_position=\u00bbtop_left\u00bb background_repeat=\u00bbrepeat\u00bb custom_margin=\u00bb||3px|||\u00bb custom_padding=\u00bb15px|||||\u00bb use_border_color=\u00bboff\u00bb border_color=\u00bb#ffffff\u00bb border_style=\u00bbsolid\u00bb global_colors_info=\u00bb{}\u00bb]<\/p>\n<h2 class=\"title\"><strong>Asistencia t\u00e9cnica para la elaboraci\u00f3n y presentaci\u00f3n del expediente<\/strong><\/h2>\n<h1 class=\"title\"><strong>Fiesta de inter\u00e9s tur\u00edstico regional de la Semana Santa de Lorqu\u00ed<\/strong><\/h1>\n<p>[\/et_pb_text][et_pb_text admin_label=\u00bbText\u00bb _builder_version=\u00bb4.24.0&#8243; background_size=\u00bbinitial\u00bb background_position=\u00bbtop_left\u00bb background_repeat=\u00bbrepeat\u00bb use_border_color=\u00bboff\u00bb border_color=\u00bb#ffffff\u00bb border_style=\u00bbsolid\u00bb global_colors_info=\u00bb{}\u00bb]<\/p>\n<h3><b>Lorqu\u00ed, Murcia.<\/b><\/h3>\n<h3>Fecha de ejecuci\u00f3n 2024<\/h3>\n<p>[\/et_pb_text][\/et_pb_column][\/et_pb_row][et_pb_row column_structure=\u00bb3_4,1_4&#8243; admin_label=\u00bbrow\u00bb _builder_version=\u00bb4.16&#8243; background_size=\u00bbinitial\u00bb background_position=\u00bbtop_left\u00bb background_repeat=\u00bbrepeat\u00bb custom_padding=\u00bb4px|||||\u00bb global_colors_info=\u00bb{}\u00bb][et_pb_column type=\u00bb3_4&#8243; _builder_version=\u00bb4.16&#8243; custom_padding=\u00bb|||\u00bb global_colors_info=\u00bb{}\u00bb custom_padding__hover=\u00bb|||\u00bb][et_pb_text admin_label=\u00bbText\u00bb _builder_version=\u00bb4.24.0&#8243; header_4_line_height=\u00bb1.4em\u00bb background_size=\u00bbinitial\u00bb background_position=\u00bbtop_left\u00bb background_repeat=\u00bbrepeat\u00bb use_border_color=\u00bboff\u00bb border_color=\u00bb#ffffff\u00bb border_style=\u00bbsolid\u00bb global_colors_info=\u00bb{}\u00bb]<\/p>\n<p style=\"font-weight: 400;\"><strong>Elaboraci\u00f3n del expediente para la declaraci\u00f3n de la Semana Santa de Lorqu\u00ed como Fiesta de Inter\u00e9s Tur\u00edstico Regional. <\/strong><\/p>\n<p style=\"font-weight: 400;\">El proyecto subraya su relevancia tur\u00edstica respaldada por un riguroso estudio hist\u00f3rico y etnogr\u00e1fico que pone en valor la riqueza hist\u00f3rica, art\u00edstica y cultural de esta celebraci\u00f3n. Los trabajos han incluido la organizaci\u00f3n y redacci\u00f3n de contenidos, adem\u00e1s del dise\u00f1o gr\u00e1fico de materiales que destacan los valores de la festividad.<\/p>\n<p style=\"font-weight: 400;\">La Semana Santa de Lorqu\u00ed, cuyos or\u00edgenes se remontan al siglo XVII, destaca por la excelencia art\u00edstica de sus esculturas procesionales, obras del escultor Francisco Salzillo declaradas Bien de Inter\u00e9s Cultural (BIC). Su singularidad radica en la preservaci\u00f3n de actos centenarios, como la Bendici\u00f3n de Nuestro Padre Jes\u00fas Nazareno y el Santo Desenclavamiento, que consolidan esta festividad como un referente tur\u00edstico\u00a0en la Regi\u00f3n de Murcia<\/p>\n<p>[\/et_pb_text][\/et_pb_column][et_pb_column type=\u00bb1_4&#8243; _builder_version=\u00bb4.16&#8243; custom_padding=\u00bb|||\u00bb global_colors_info=\u00bb{}\u00bb custom_padding__hover=\u00bb|||\u00bb][et_pb_text admin_label=\u00bbText\u00bb _builder_version=\u00bb4.24.0&#8243; background_size=\u00bbinitial\u00bb background_position=\u00bbtop_left\u00bb background_repeat=\u00bbrepeat\u00bb use_border_color=\u00bboff\u00bb border_color=\u00bb#ffffff\u00bb border_style=\u00bbsolid\u00bb global_colors_info=\u00bb{}\u00bb]<\/p>\n<h4>Trabajo realizado para:<\/h4>\n<p><span style=\"font-weight: 400;\">Ayuntamiento de Lorqu\u00ed<\/span><\/p>\n<p>&nbsp;<\/p>\n<h4>Para saber m\u00e1s:<\/h4>\n<p><a href=\"https:\/\/www.laopiniondemurcia.es\/semana-santa\/2024\/03\/23\/semana-santa-lorqui-atrae-ano-99847578.html\" target=\"_blank\" rel=\"noopener\">\u00a0La Semana Santa de Lorqu\u00ed<\/a><\/p>\n<p>[\/et_pb_text][\/et_pb_column][\/et_pb_row][\/et_pb_section][et_pb_section fb_built=\u00bb1&#8243; admin_label=\u00bbsection\u00bb _builder_version=\u00bb4.16&#8243; background_color=\u00bb#f7f7f7&#8243; custom_padding=\u00bb26px||28px|||\u00bb locked=\u00bboff\u00bb global_colors_info=\u00bb{}\u00bb][et_pb_row admin_label=\u00bbrow\u00bb _builder_version=\u00bb4.16&#8243; background_size=\u00bbinitial\u00bb background_position=\u00bbtop_left\u00bb background_repeat=\u00bbrepeat\u00bb custom_padding=\u00bb14px|||||\u00bb global_colors_info=\u00bb{}\u00bb][et_pb_column type=\u00bb4_4&#8243; _builder_version=\u00bb4.16&#8243; custom_padding=\u00bb|||\u00bb global_colors_info=\u00bb{}\u00bb custom_padding__hover=\u00bb|||\u00bb][et_pb_text _builder_version=\u00bb4.24.0&#8243; _module_preset=\u00bbdefault\u00bb header_2_text_color=\u00bb#bc1d4d\u00bb custom_margin=\u00bb||21px|||\u00bb global_colors_info=\u00bb{}\u00bb]<\/p>\n<h2 style=\"text-align: center;\">Galer\u00eda de im\u00e1genes<\/h2>\n<p>[\/et_pb_text][et_pb_gallery gallery_ids=\u00bb3031,3028,3025,3022&#8243; fullwidth=\u00bbon\u00bb admin_label=\u00bbGaler\u00eda\u00bb _builder_version=\u00bb4.27.4&#8243; title_text_color=\u00bbRGBA(255,255,255,0)\u00bb caption_all_caps=\u00bboff\u00bb auto=\u00bbon\u00bb auto_speed=\u00bb5000&#8243; link_option_url=\u00bb#\u00bb use_border_color=\u00bboff\u00bb border_color=\u00bb#ffffff\u00bb border_style=\u00bbsolid\u00bb global_colors_info=\u00bb{}\u00bb] [\/et_pb_gallery][et_pb_text _builder_version=\u00bb4.24.0&#8243; _module_preset=\u00bbdefault\u00bb header_2_text_color=\u00bb#E02B20&#8243; locked=\u00bboff\u00bb global_colors_info=\u00bb{}\u00bb]<\/p>\n<h2 style=\"text-align: center;\">Proyectos relacionados<\/h2>\n<p>[\/et_pb_text][et_pb_portfolio fullwidth=\u00bboff\u00bb posts_number=\u00bb4&#8243; include_categories=\u00bb9&#8243; show_categories=\u00bboff\u00bb show_pagination=\u00bboff\u00bb zoom_icon_color=\u00bb#bc1d4d\u00bb hover_icon=\u00bb&#x50;||divi||400&#8243; _builder_version=\u00bb4.24.0&#8243; _module_preset=\u00bbdefault\u00bb title_text_color=\u00bbrgba(0,0,0,0.76)\u00bb title_font_size=\u00bb14px\u00bb locked=\u00bboff\u00bb global_colors_info=\u00bb{}\u00bb][\/et_pb_portfolio][\/et_pb_column][\/et_pb_row][\/et_pb_section][et_pb_section fb_built=\u00bb1&#8243; custom_padding_last_edited=\u00bbon|desktop\u00bb admin_label=\u00bbsection\u00bb _builder_version=\u00bb4.24.0&#8243; background_color=\u00bbrgba(0,0,0,0.34)\u00bb background_image=\u00bbhttps:\/\/www.kultura.cat\/wp-content\/uploads\/2025\/01\/Viernes-Santo-2024-@charliebalibrea-89.jpg\u00bb parallax=\u00bbon\u00bb parallax_method=\u00bboff\u00bb background_blend=\u00bbmultiply\u00bb custom_padding_tablet=\u00bb50px|0|50px|0&#8243; custom_padding_phone=\u00bb\u00bb transparent_background=\u00bboff\u00bb padding_mobile=\u00bboff\u00bb make_fullwidth=\u00bboff\u00bb use_custom_width=\u00bboff\u00bb width_unit=\u00bbon\u00bb locked=\u00bboff\u00bb global_colors_info=\u00bb{}\u00bb][et_pb_row admin_label=\u00bbrow\u00bb _builder_version=\u00bb4.16&#8243; background_size=\u00bbinitial\u00bb background_position=\u00bbtop_left\u00bb background_repeat=\u00bbrepeat\u00bb global_colors_info=\u00bb{}\u00bb][et_pb_column type=\u00bb4_4&#8243; _builder_version=\u00bb4.16&#8243; custom_padding=\u00bb|||\u00bb global_colors_info=\u00bb{}\u00bb custom_padding__hover=\u00bb|||\u00bb][et_pb_cta title=\u00bb\u00bfTe gusta nuestro trabajo?\u00bb button_url=\u00bbmailto:info@kultura.cat\u00bb url_new_window=\u00bbon\u00bb button_text=\u00bbCont\u00e1ctanos\u00bb admin_label=\u00bbCall To Action\u00bb _builder_version=\u00bb4.24.0&#8243; use_background_color=\u00bboff\u00bb background_size=\u00bbinitial\u00bb background_position=\u00bbtop_left\u00bb background_repeat=\u00bbrepeat\u00bb link_option_url_new_window=\u00bbon\u00bb use_border_color=\u00bboff\u00bb border_color=\u00bb#ffffff\u00bb border_style=\u00bbsolid\u00bb button_letter_spacing_hover=\u00bb0&#8243; global_colors_info=\u00bb{}\u00bb button_text_size__hover_enabled=\u00bboff\u00bb button_one_text_size__hover_enabled=\u00bboff\u00bb button_two_text_size__hover_enabled=\u00bboff\u00bb button_text_color__hover_enabled=\u00bboff\u00bb button_one_text_color__hover_enabled=\u00bboff\u00bb button_two_text_color__hover_enabled=\u00bboff\u00bb button_border_width__hover_enabled=\u00bboff\u00bb button_one_border_width__hover_enabled=\u00bboff\u00bb button_two_border_width__hover_enabled=\u00bboff\u00bb button_border_color__hover_enabled=\u00bboff\u00bb button_one_border_color__hover_enabled=\u00bboff\u00bb button_two_border_color__hover_enabled=\u00bboff\u00bb button_border_radius__hover_enabled=\u00bboff\u00bb button_one_border_radius__hover_enabled=\u00bboff\u00bb button_two_border_radius__hover_enabled=\u00bboff\u00bb button_letter_spacing__hover_enabled=\u00bbon\u00bb button_letter_spacing__hover=\u00bb0&#8243; button_one_letter_spacing__hover_enabled=\u00bboff\u00bb button_two_letter_spacing__hover_enabled=\u00bboff\u00bb button_bg_color__hover_enabled=\u00bboff\u00bb button_one_bg_color__hover_enabled=\u00bboff\u00bb button_two_bg_color__hover_enabled=\u00bboff\u00bb][\/et_pb_cta][\/et_pb_column][\/et_pb_row][\/et_pb_section]<\/p>\n","protected":false},"excerpt":{"rendered":"<p>TURISMO CULTURALAsistencia t\u00e9cnica para la elaboraci\u00f3n y presentaci\u00f3n del expediente Fiesta de inter\u00e9s tur\u00edstico regional de la Semana Santa de Lorqu\u00edLorqu\u00ed, Murcia. Fecha de ejecuci\u00f3n 2024Elaboraci\u00f3n del expediente para la declaraci\u00f3n de la Semana Santa de Lorqu\u00ed como Fiesta de Inter\u00e9s Tur\u00edstico Regional. El proyecto subraya su relevancia tur\u00edstica respaldada por un riguroso estudio hist\u00f3rico [&hellip;]<\/p>\n","protected":false},"author":2,"featured_media":3022,"comment_status":"open","ping_status":"closed","template":"","meta":{"_et_pb_use_builder":"on","_et_pb_old_content":"","_et_gb_content_width":"","footnotes":""},"project_category":[30,31],"project_tag":[],"class_list":["post-2575","project","type-project","status-publish","has-post-thumbnail","hentry","project_category-turisme-cultural-es","project_category-ultimo-es"],"yoast_head":"<!-- This site is optimized with the Yoast SEO plugin v24.8.1 - https:\/\/yoast.com\/wordpress\/plugins\/seo\/ -->\n<title>Fiesta de inter\u00e9s tur\u00edstico regional de la Semana Santa de Lorqu\u00ed - Kultura<\/title>\n<meta name=\"robots\" content=\"index, follow, max-snippet:-1, max-image-preview:large, max-video-preview:-1\" \/>\n<link rel=\"canonical\" href=\"https:\/\/www.kultura.cat\/es\/project\/fiesta-de-interes-turistico-regional-de-la-semana-santa-de-lorqui\/\" \/>\n<meta property=\"og:locale\" content=\"es_ES\" \/>\n<meta property=\"og:type\" content=\"article\" \/>\n<meta property=\"og:title\" content=\"Fiesta de inter\u00e9s tur\u00edstico regional de la Semana Santa de Lorqu\u00ed - Kultura\" \/>\n<meta property=\"og:description\" content=\"TURISMO CULTURALAsistencia t\u00e9cnica para la elaboraci\u00f3n y presentaci\u00f3n del expediente Fiesta de inter\u00e9s tur\u00edstico regional de la Semana Santa de Lorqu\u00edLorqu\u00ed, Murcia. Fecha de ejecuci\u00f3n 2024Elaboraci\u00f3n del expediente para la declaraci\u00f3n de la Semana Santa de Lorqu\u00ed como Fiesta de Inter\u00e9s Tur\u00edstico Regional. El proyecto subraya su relevancia tur\u00edstica respaldada por un riguroso estudio hist\u00f3rico [&hellip;]\" \/>\n<meta property=\"og:url\" content=\"https:\/\/www.kultura.cat\/es\/project\/fiesta-de-interes-turistico-regional-de-la-semana-santa-de-lorqui\/\" \/>\n<meta property=\"og:site_name\" content=\"Kultura\" \/>\n<meta property=\"article:modified_time\" content=\"2025-12-19T12:10:36+00:00\" \/>\n<meta property=\"og:image\" content=\"https:\/\/www.kultura.cat\/wp-content\/uploads\/2025\/01\/unnamed-2.jpg\" \/>\n\t<meta property=\"og:image:width\" content=\"850\" \/>\n\t<meta property=\"og:image:height\" content=\"567\" \/>\n\t<meta property=\"og:image:type\" content=\"image\/jpeg\" \/>\n<meta name=\"twitter:card\" content=\"summary_large_image\" \/>\n<meta name=\"twitter:label1\" content=\"Tiempo de lectura\" \/>\n\t<meta name=\"twitter:data1\" content=\"4 minutos\" \/>\n<script type=\"application\/ld+json\" class=\"yoast-schema-graph\">{\"@context\":\"https:\/\/schema.org\",\"@graph\":[{\"@type\":\"WebPage\",\"@id\":\"https:\/\/www.kultura.cat\/es\/project\/fiesta-de-interes-turistico-regional-de-la-semana-santa-de-lorqui\/\",\"url\":\"https:\/\/www.kultura.cat\/es\/project\/fiesta-de-interes-turistico-regional-de-la-semana-santa-de-lorqui\/\",\"name\":\"Fiesta de inter\u00e9s tur\u00edstico regional de la Semana Santa de Lorqu\u00ed - Kultura\",\"isPartOf\":{\"@id\":\"https:\/\/www.kultura.cat\/es\/#website\"},\"primaryImageOfPage\":{\"@id\":\"https:\/\/www.kultura.cat\/es\/project\/fiesta-de-interes-turistico-regional-de-la-semana-santa-de-lorqui\/#primaryimage\"},\"image\":{\"@id\":\"https:\/\/www.kultura.cat\/es\/project\/fiesta-de-interes-turistico-regional-de-la-semana-santa-de-lorqui\/#primaryimage\"},\"thumbnailUrl\":\"https:\/\/www.kultura.cat\/wp-content\/uploads\/2025\/01\/unnamed-2.jpg\",\"datePublished\":\"2025-01-20T12:46:17+00:00\",\"dateModified\":\"2025-12-19T12:10:36+00:00\",\"breadcrumb\":{\"@id\":\"https:\/\/www.kultura.cat\/es\/project\/fiesta-de-interes-turistico-regional-de-la-semana-santa-de-lorqui\/#breadcrumb\"},\"inLanguage\":\"es\",\"potentialAction\":[{\"@type\":\"ReadAction\",\"target\":[\"https:\/\/www.kultura.cat\/es\/project\/fiesta-de-interes-turistico-regional-de-la-semana-santa-de-lorqui\/\"]}]},{\"@type\":\"ImageObject\",\"inLanguage\":\"es\",\"@id\":\"https:\/\/www.kultura.cat\/es\/project\/fiesta-de-interes-turistico-regional-de-la-semana-santa-de-lorqui\/#primaryimage\",\"url\":\"https:\/\/www.kultura.cat\/wp-content\/uploads\/2025\/01\/unnamed-2.jpg\",\"contentUrl\":\"https:\/\/www.kultura.cat\/wp-content\/uploads\/2025\/01\/unnamed-2.jpg\",\"width\":850,\"height\":567},{\"@type\":\"BreadcrumbList\",\"@id\":\"https:\/\/www.kultura.cat\/es\/project\/fiesta-de-interes-turistico-regional-de-la-semana-santa-de-lorqui\/#breadcrumb\",\"itemListElement\":[{\"@type\":\"ListItem\",\"position\":1,\"name\":\"Portada\",\"item\":\"https:\/\/www.kultura.cat\/es\/\"},{\"@type\":\"ListItem\",\"position\":2,\"name\":\"Proyectos\",\"item\":\"https:\/\/www.kultura.cat\/es\/project\/\"},{\"@type\":\"ListItem\",\"position\":3,\"name\":\"Fiesta de inter\u00e9s tur\u00edstico regional de la Semana Santa de Lorqu\u00ed\"}]},{\"@type\":\"WebSite\",\"@id\":\"https:\/\/www.kultura.cat\/es\/#website\",\"url\":\"https:\/\/www.kultura.cat\/es\/\",\"name\":\"Kultura\",\"description\":\"Ideas y Estrategias para el Patrimonio\",\"potentialAction\":[{\"@type\":\"SearchAction\",\"target\":{\"@type\":\"EntryPoint\",\"urlTemplate\":\"https:\/\/www.kultura.cat\/es\/?s={search_term_string}\"},\"query-input\":{\"@type\":\"PropertyValueSpecification\",\"valueRequired\":true,\"valueName\":\"search_term_string\"}}],\"inLanguage\":\"es\"}]}<\/script>\n<!-- \/ Yoast SEO plugin. -->","yoast_head_json":{"title":"Fiesta de inter\u00e9s tur\u00edstico regional de la Semana Santa de Lorqu\u00ed - Kultura","robots":{"index":"index","follow":"follow","max-snippet":"max-snippet:-1","max-image-preview":"max-image-preview:large","max-video-preview":"max-video-preview:-1"},"canonical":"https:\/\/www.kultura.cat\/es\/project\/fiesta-de-interes-turistico-regional-de-la-semana-santa-de-lorqui\/","og_locale":"es_ES","og_type":"article","og_title":"Fiesta de inter\u00e9s tur\u00edstico regional de la Semana Santa de Lorqu\u00ed - Kultura","og_description":"TURISMO CULTURALAsistencia t\u00e9cnica para la elaboraci\u00f3n y presentaci\u00f3n del expediente Fiesta de inter\u00e9s tur\u00edstico regional de la Semana Santa de Lorqu\u00edLorqu\u00ed, Murcia. Fecha de ejecuci\u00f3n 2024Elaboraci\u00f3n del expediente para la declaraci\u00f3n de la Semana Santa de Lorqu\u00ed como Fiesta de Inter\u00e9s Tur\u00edstico Regional. El proyecto subraya su relevancia tur\u00edstica respaldada por un riguroso estudio hist\u00f3rico [&hellip;]","og_url":"https:\/\/www.kultura.cat\/es\/project\/fiesta-de-interes-turistico-regional-de-la-semana-santa-de-lorqui\/","og_site_name":"Kultura","article_modified_time":"2025-12-19T12:10:36+00:00","og_image":[{"width":850,"height":567,"url":"https:\/\/www.kultura.cat\/wp-content\/uploads\/2025\/01\/unnamed-2.jpg","type":"image\/jpeg"}],"twitter_card":"summary_large_image","twitter_misc":{"Tiempo de lectura":"4 minutos"},"schema":{"@context":"https:\/\/schema.org","@graph":[{"@type":"WebPage","@id":"https:\/\/www.kultura.cat\/es\/project\/fiesta-de-interes-turistico-regional-de-la-semana-santa-de-lorqui\/","url":"https:\/\/www.kultura.cat\/es\/project\/fiesta-de-interes-turistico-regional-de-la-semana-santa-de-lorqui\/","name":"Fiesta de inter\u00e9s tur\u00edstico regional de la Semana Santa de Lorqu\u00ed - Kultura","isPartOf":{"@id":"https:\/\/www.kultura.cat\/es\/#website"},"primaryImageOfPage":{"@id":"https:\/\/www.kultura.cat\/es\/project\/fiesta-de-interes-turistico-regional-de-la-semana-santa-de-lorqui\/#primaryimage"},"image":{"@id":"https:\/\/www.kultura.cat\/es\/project\/fiesta-de-interes-turistico-regional-de-la-semana-santa-de-lorqui\/#primaryimage"},"thumbnailUrl":"https:\/\/www.kultura.cat\/wp-content\/uploads\/2025\/01\/unnamed-2.jpg","datePublished":"2025-01-20T12:46:17+00:00","dateModified":"2025-12-19T12:10:36+00:00","breadcrumb":{"@id":"https:\/\/www.kultura.cat\/es\/project\/fiesta-de-interes-turistico-regional-de-la-semana-santa-de-lorqui\/#breadcrumb"},"inLanguage":"es","potentialAction":[{"@type":"ReadAction","target":["https:\/\/www.kultura.cat\/es\/project\/fiesta-de-interes-turistico-regional-de-la-semana-santa-de-lorqui\/"]}]},{"@type":"ImageObject","inLanguage":"es","@id":"https:\/\/www.kultura.cat\/es\/project\/fiesta-de-interes-turistico-regional-de-la-semana-santa-de-lorqui\/#primaryimage","url":"https:\/\/www.kultura.cat\/wp-content\/uploads\/2025\/01\/unnamed-2.jpg","contentUrl":"https:\/\/www.kultura.cat\/wp-content\/uploads\/2025\/01\/unnamed-2.jpg","width":850,"height":567},{"@type":"BreadcrumbList","@id":"https:\/\/www.kultura.cat\/es\/project\/fiesta-de-interes-turistico-regional-de-la-semana-santa-de-lorqui\/#breadcrumb","itemListElement":[{"@type":"ListItem","position":1,"name":"Portada","item":"https:\/\/www.kultura.cat\/es\/"},{"@type":"ListItem","position":2,"name":"Proyectos","item":"https:\/\/www.kultura.cat\/es\/project\/"},{"@type":"ListItem","position":3,"name":"Fiesta de inter\u00e9s tur\u00edstico regional de la Semana Santa de Lorqu\u00ed"}]},{"@type":"WebSite","@id":"https:\/\/www.kultura.cat\/es\/#website","url":"https:\/\/www.kultura.cat\/es\/","name":"Kultura","description":"Ideas y Estrategias para el Patrimonio","potentialAction":[{"@type":"SearchAction","target":{"@type":"EntryPoint","urlTemplate":"https:\/\/www.kultura.cat\/es\/?s={search_term_string}"},"query-input":{"@type":"PropertyValueSpecification","valueRequired":true,"valueName":"search_term_string"}}],"inLanguage":"es"}]}},"_links":{"self":[{"href":"https:\/\/www.kultura.cat\/es\/wp-json\/wp\/v2\/project\/2575","targetHints":{"allow":["GET"]}}],"collection":[{"href":"https:\/\/www.kultura.cat\/es\/wp-json\/wp\/v2\/project"}],"about":[{"href":"https:\/\/www.kultura.cat\/es\/wp-json\/wp\/v2\/types\/project"}],"author":[{"embeddable":true,"href":"https:\/\/www.kultura.cat\/es\/wp-json\/wp\/v2\/users\/2"}],"replies":[{"embeddable":true,"href":"https:\/\/www.kultura.cat\/es\/wp-json\/wp\/v2\/comments?post=2575"}],"version-history":[{"count":14,"href":"https:\/\/www.kultura.cat\/es\/wp-json\/wp\/v2\/project\/2575\/revisions"}],"predecessor-version":[{"id":4404,"href":"https:\/\/www.kultura.cat\/es\/wp-json\/wp\/v2\/project\/2575\/revisions\/4404"}],"wp:featuredmedia":[{"embeddable":true,"href":"https:\/\/www.kultura.cat\/es\/wp-json\/wp\/v2\/media\/3022"}],"wp:attachment":[{"href":"https:\/\/www.kultura.cat\/es\/wp-json\/wp\/v2\/media?parent=2575"}],"wp:term":[{"taxonomy":"project_category","embeddable":true,"href":"https:\/\/www.kultura.cat\/es\/wp-json\/wp\/v2\/project_category?post=2575"},{"taxonomy":"project_tag","embeddable":true,"href":"https:\/\/www.kultura.cat\/es\/wp-json\/wp\/v2\/project_tag?post=2575"}],"curies":[{"name":"wp","href":"https:\/\/api.w.org\/{rel}","templated":true}]}}