{"id":1703,"date":"2023-12-19T17:58:24","date_gmt":"2023-12-19T17:58:24","guid":{"rendered":"https:\/\/www.kultura.cat\/project\/1032\/"},"modified":"2024-09-05T08:13:48","modified_gmt":"2024-09-05T08:13:48","slug":"valle-de-la-lengua","status":"publish","type":"project","link":"https:\/\/www.kultura.cat\/es\/project\/valle-de-la-lengua\/","title":{"rendered":"Valle de la Lengua"},"content":{"rendered":"<p>[et_pb_section fb_built=\u00bb1&#8243; admin_label=\u00bbsection\u00bb _builder_version=\u00bb4.16&#8243; custom_padding=\u00bb0px||23px|0px||\u00bb global_colors_info=\u00bb{}\u00bb][et_pb_row admin_label=\u00bbrow\u00bb _builder_version=\u00bb4.24.0&#8243; background_image=\u00bbhttps:\/\/www.kultura.cat\/wp-content\/uploads\/2023\/12\/TC_01_proj_pral.jpg\u00bb background_position=\u00bbtop_right\u00bb background_repeat=\u00bbrepeat-y\u00bb width=\u00bb100%\u00bb max_width=\u00bb2560px\u00bb height=\u00bb450px\u00bb max_height=\u00bb450px\u00bb custom_margin=\u00bb|auto|35px|auto||\u00bb custom_padding=\u00bb0px|||||\u00bb background_last_edited=\u00bbon|desktop\u00bb global_colors_info=\u00bb{}\u00bb][et_pb_column type=\u00bb4_4&#8243; _builder_version=\u00bb4.16&#8243; custom_padding=\u00bb|||\u00bb global_colors_info=\u00bb{}\u00bb custom_padding__hover=\u00bb|||\u00bb][\/et_pb_column][\/et_pb_row][et_pb_row admin_label=\u00bbrow\u00bb _builder_version=\u00bb4.16&#8243; background_size=\u00bbinitial\u00bb background_position=\u00bbtop_left\u00bb background_repeat=\u00bbrepeat\u00bb custom_padding=\u00bb1px|||||\u00bb global_colors_info=\u00bb{}\u00bb][et_pb_column type=\u00bb4_4&#8243; _builder_version=\u00bb4.16&#8243; custom_padding=\u00bb|||\u00bb global_colors_info=\u00bb{}\u00bb custom_padding__hover=\u00bb|||\u00bb][et_pb_text admin_label=\u00bbText\u00bb _builder_version=\u00bb4.24.0&#8243; header_3_text_color=\u00bb#a0a0a0&#8243; header_3_font_size=\u00bb18px\u00bb background_size=\u00bbinitial\u00bb background_position=\u00bbtop_left\u00bb background_repeat=\u00bbrepeat\u00bb custom_margin=\u00bb||8px|||\u00bb use_border_color=\u00bboff\u00bb border_color=\u00bb#ffffff\u00bb border_style=\u00bbsolid\u00bb global_colors_info=\u00bb{}\u00bb]<\/p>\n<h3><span style=\"font-weight: 400;\">TURISMO CULTURAL<\/span><\/h3>\n<p>[\/et_pb_text][et_pb_text admin_label=\u00bbText\u00bb _builder_version=\u00bb4.24.0&#8243; background_size=\u00bbinitial\u00bb background_position=\u00bbtop_left\u00bb background_repeat=\u00bbrepeat\u00bb custom_margin=\u00bb||3px|||\u00bb use_border_color=\u00bboff\u00bb border_color=\u00bb#ffffff\u00bb border_style=\u00bbsolid\u00bb global_colors_info=\u00bb{}\u00bb]<\/p>\n<h2 class=\"title\"><b>Plan de sostenibilidad tur\u00edstica en destino<\/b><\/h2>\n<h1 class=\"title\"><b>Valle de la Lengua<\/b><\/h1>\n<p>[\/et_pb_text][et_pb_text admin_label=\u00bbText\u00bb _builder_version=\u00bb4.24.0&#8243; background_size=\u00bbinitial\u00bb background_position=\u00bbtop_left\u00bb background_repeat=\u00bbrepeat\u00bb use_border_color=\u00bboff\u00bb border_color=\u00bb#ffffff\u00bb border_style=\u00bbsolid\u00bb global_colors_info=\u00bb{}\u00bb]<\/p>\n<h3><b>Valle del C\u00e1rdenas, La Rioja.<\/b><\/h3>\n<h3>Fechas de ejecuci\u00f3n 2021-2022<\/h3>\n<p>[\/et_pb_text][\/et_pb_column][\/et_pb_row][et_pb_row column_structure=\u00bb3_4,1_4&#8243; admin_label=\u00bbrow\u00bb _builder_version=\u00bb4.16&#8243; background_size=\u00bbinitial\u00bb background_position=\u00bbtop_left\u00bb background_repeat=\u00bbrepeat\u00bb custom_padding=\u00bb4px|||||\u00bb global_colors_info=\u00bb{}\u00bb][et_pb_column type=\u00bb3_4&#8243; _builder_version=\u00bb4.16&#8243; custom_padding=\u00bb|||\u00bb global_colors_info=\u00bb{}\u00bb custom_padding__hover=\u00bb|||\u00bb][et_pb_text admin_label=\u00bbText\u00bb _builder_version=\u00bb4.24.0&#8243; header_4_line_height=\u00bb1.4em\u00bb background_size=\u00bbinitial\u00bb background_position=\u00bbtop_left\u00bb background_repeat=\u00bbrepeat\u00bb use_border_color=\u00bboff\u00bb border_color=\u00bb#ffffff\u00bb border_style=\u00bbsolid\u00bb global_colors_info=\u00bb{}\u00bb]<\/p>\n<p><strong>Creaci\u00f3n de un plan de sostenibilidad tur\u00edstica en destino (PSTD) que tiene como objetivo impulsar la revalorizaci\u00f3n tur\u00edstica sostenible de los localidades ubicadas en el valle del r\u00edo C\u00e1rdenas en la Comunidad aut\u00f3noma de La Rioja. Este plan se establece a partir del ecoturismo idiom\u00e1tico como motor de desarrollo socioecon\u00f3mico del territorio.<\/strong><\/p>\n<p>El Valle de la Lengua provee los municipios de Berceo, Estollo, C\u00e1rdenas, Barad\u00e1n y San Mill\u00e1n de la Cogolla, donde se ubican los monasterios Yuso y Suso, declarados <strong>patrimonio de la humanidad UNESCO<\/strong> y custodios de los primeros vestigios escritos en castellano. Los ejes de actuaci\u00f3n del plan establecen como objetivo la configuraci\u00f3n de un \u00e1rea de desarrollo territorial fundamentado en el aprendizaje, la puesta en valor y las actividades en torno al idioma espa\u00f1ol.<\/p>\n<p>El proyecto se ha orientado a generar oportunidades de negocio en un entorno rural, afrontar el reto demogr\u00e1fico y mitigar la crisis clim\u00e1tica con un programa de creaci\u00f3n y adaptaci\u00f3n de varias infraestructuras tur\u00edsticas en clave sostenible.<\/p>\n<p>[\/et_pb_text][\/et_pb_column][et_pb_column type=\u00bb1_4&#8243; _builder_version=\u00bb4.16&#8243; custom_padding=\u00bb|||\u00bb global_colors_info=\u00bb{}\u00bb custom_padding__hover=\u00bb|||\u00bb][et_pb_text admin_label=\u00bbText\u00bb _builder_version=\u00bb4.24.0&#8243; background_size=\u00bbinitial\u00bb background_position=\u00bbtop_left\u00bb background_repeat=\u00bbrepeat\u00bb hover_enabled=\u00bb0&#8243; use_border_color=\u00bboff\u00bb border_color=\u00bb#ffffff\u00bb border_style=\u00bbsolid\u00bb global_colors_info=\u00bb{}\u00bb sticky_enabled=\u00bb0&#8243;]<\/p>\n<h4>Trabajo realizado para:<\/h4>\n<p><span style=\"font-weight: 400;\">Fundaci\u00f3n La Rioja 360\u00ba sociedad de promoci\u00f3n de La Rioja SAU <\/span><\/p>\n<p>&nbsp;<\/p>\n<h4>Para saber m\u00e1s:<\/h4>\n<p><a href=\"https:\/\/web.larioja.org\/landing\/plan-transformacion\/lengua.html\" target=\"_blank\" rel=\"noopener\"><span style=\"font-weight: 400;\">Descarga el dosier<\/span><\/a><\/p>\n<p><a href=\"https:\/\/www.youtube.com\/watch?v=ohcPtiCJ5YM&amp;list=PLSlpFfsTYJCn5WaSf32Mtro-emQFUaWIp\" target=\"_blank\" rel=\"noopener\">Revisa el v\u00eddeo<\/a><\/p>\n<p>[\/et_pb_text][\/et_pb_column][\/et_pb_row][\/et_pb_section][et_pb_section fb_built=\u00bb1&#8243; admin_label=\u00bbsection\u00bb _builder_version=\u00bb4.16&#8243; background_color=\u00bb#f7f7f7&#8243; custom_padding=\u00bb26px||28px|||\u00bb global_colors_info=\u00bb{}\u00bb][et_pb_row admin_label=\u00bbrow\u00bb _builder_version=\u00bb4.16&#8243; background_size=\u00bbinitial\u00bb background_position=\u00bbtop_left\u00bb background_repeat=\u00bbrepeat\u00bb custom_padding=\u00bb14px|||||\u00bb global_colors_info=\u00bb{}\u00bb][et_pb_column type=\u00bb4_4&#8243; _builder_version=\u00bb4.16&#8243; custom_padding=\u00bb|||\u00bb global_colors_info=\u00bb{}\u00bb custom_padding__hover=\u00bb|||\u00bb][et_pb_text _builder_version=\u00bb4.24.0&#8243; _module_preset=\u00bbdefault\u00bb header_2_text_color=\u00bb#bc1d4d\u00bb custom_margin=\u00bb||21px|||\u00bb global_colors_info=\u00bb{}\u00bb]<\/p>\n<h2 style=\"text-align: center;\">Galer\u00eda de im\u00e1genes<\/h2>\n<p>[\/et_pb_text][et_pb_gallery gallery_ids=\u00bb1252,1250,1248,1247,1249,1251,1253&#8243; fullwidth=\u00bbon\u00bb admin_label=\u00bbGaler\u00eda\u00bb _builder_version=\u00bb4.24.0&#8243; caption_all_caps=\u00bboff\u00bb auto=\u00bbon\u00bb auto_speed=\u00bb5000&#8243; use_border_color=\u00bboff\u00bb border_color=\u00bb#ffffff\u00bb border_style=\u00bbsolid\u00bb global_colors_info=\u00bb{}\u00bb] [\/et_pb_gallery][et_pb_text _builder_version=\u00bb4.24.0&#8243; _module_preset=\u00bbdefault\u00bb header_2_text_color=\u00bb#E02B20&#8243; locked=\u00bboff\u00bb global_colors_info=\u00bb{}\u00bb]<\/p>\n<h2 style=\"text-align: center;\">Proyectos relacionados<\/h2>\n<p>[\/et_pb_text][et_pb_portfolio fullwidth=\u00bboff\u00bb posts_number=\u00bb4&#8243; include_categories=\u00bb9&#8243; show_categories=\u00bboff\u00bb show_pagination=\u00bboff\u00bb zoom_icon_color=\u00bb#bc1d4d\u00bb hover_icon=\u00bb&#x50;||divi||400&#8243; _builder_version=\u00bb4.24.0&#8243; _module_preset=\u00bbdefault\u00bb title_text_color=\u00bbrgba(0,0,0,0.76)\u00bb title_font_size=\u00bb14px\u00bb locked=\u00bboff\u00bb global_colors_info=\u00bb{}\u00bb][\/et_pb_portfolio][\/et_pb_column][\/et_pb_row][\/et_pb_section][et_pb_section fb_built=\u00bb1&#8243; custom_padding_last_edited=\u00bbon|desktop\u00bb admin_label=\u00bbsection\u00bb _builder_version=\u00bb4.24.0&#8243; background_color=\u00bbrgba(0,0,0,0.34)\u00bb background_image=\u00bbhttps:\/\/www.kultura.cat\/wp-content\/uploads\/2023\/12\/Gallery_TC_01__0003_Capa-5.jpg\u00bb parallax=\u00bbon\u00bb parallax_method=\u00bboff\u00bb background_blend=\u00bbmultiply\u00bb custom_padding_tablet=\u00bb50px|0|50px|0&#8243; custom_padding_phone=\u00bb\u00bb transparent_background=\u00bboff\u00bb padding_mobile=\u00bboff\u00bb make_fullwidth=\u00bboff\u00bb use_custom_width=\u00bboff\u00bb width_unit=\u00bbon\u00bb global_colors_info=\u00bb{}\u00bb][et_pb_row admin_label=\u00bbrow\u00bb _builder_version=\u00bb4.16&#8243; background_size=\u00bbinitial\u00bb background_position=\u00bbtop_left\u00bb background_repeat=\u00bbrepeat\u00bb global_colors_info=\u00bb{}\u00bb][et_pb_column type=\u00bb4_4&#8243; _builder_version=\u00bb4.16&#8243; custom_padding=\u00bb|||\u00bb global_colors_info=\u00bb{}\u00bb custom_padding__hover=\u00bb|||\u00bb][et_pb_cta title=\u00bb\u00bfTe gusta nuestro trabajo?\u00bb button_url=\u00bbmailto:info@kultura.cat\u00bb url_new_window=\u00bbon\u00bb button_text=\u00bbCont\u00e1ctanos\u00bb admin_label=\u00bbCall To Action\u00bb _builder_version=\u00bb4.24.0&#8243; use_background_color=\u00bboff\u00bb background_size=\u00bbinitial\u00bb background_position=\u00bbtop_left\u00bb background_repeat=\u00bbrepeat\u00bb link_option_url_new_window=\u00bbon\u00bb use_border_color=\u00bboff\u00bb border_color=\u00bb#ffffff\u00bb border_style=\u00bbsolid\u00bb button_letter_spacing_hover=\u00bb0&#8243; global_colors_info=\u00bb{}\u00bb button_text_size__hover_enabled=\u00bboff\u00bb button_one_text_size__hover_enabled=\u00bboff\u00bb button_two_text_size__hover_enabled=\u00bboff\u00bb button_text_color__hover_enabled=\u00bboff\u00bb button_one_text_color__hover_enabled=\u00bboff\u00bb button_two_text_color__hover_enabled=\u00bboff\u00bb button_border_width__hover_enabled=\u00bboff\u00bb button_one_border_width__hover_enabled=\u00bboff\u00bb button_two_border_width__hover_enabled=\u00bboff\u00bb button_border_color__hover_enabled=\u00bboff\u00bb button_one_border_color__hover_enabled=\u00bboff\u00bb button_two_border_color__hover_enabled=\u00bboff\u00bb button_border_radius__hover_enabled=\u00bboff\u00bb button_one_border_radius__hover_enabled=\u00bboff\u00bb button_two_border_radius__hover_enabled=\u00bboff\u00bb button_letter_spacing__hover_enabled=\u00bbon\u00bb button_letter_spacing__hover=\u00bb0&#8243; button_one_letter_spacing__hover_enabled=\u00bboff\u00bb button_two_letter_spacing__hover_enabled=\u00bboff\u00bb button_bg_color__hover_enabled=\u00bboff\u00bb button_one_bg_color__hover_enabled=\u00bboff\u00bb button_two_bg_color__hover_enabled=\u00bboff\u00bb][\/et_pb_cta][\/et_pb_column][\/et_pb_row][\/et_pb_section]<\/p>\n","protected":false},"excerpt":{"rendered":"<p>Creaci\u00f3 d\u2019un pla de sostenibilitat tur\u00edstica en dest\u00edns (PSTD) que t\u00e9 com a objectiu impulsar la revaloritzaci\u00f3 tur\u00edstica sostenible de les localitats ubicades en la vall del riu C\u00e1rdenas a la Comunitat aut\u00f3noma de La Rioja. Aquest pla s\u2019estableix partir de l&#8217;ecoturisme idiom\u00e0tic com motor de desenvolupament socioecon\u00f2mic del territori.<\/p>\n","protected":false},"author":1,"featured_media":1246,"comment_status":"open","ping_status":"closed","template":"","meta":{"_et_pb_use_builder":"on","_et_pb_old_content":"","_et_gb_content_width":"","footnotes":""},"project_category":[30,31],"project_tag":[],"class_list":["post-1703","project","type-project","status-publish","has-post-thumbnail","hentry","project_category-turisme-cultural-es","project_category-ultimo-es"],"yoast_head":"<!-- This site is optimized with the Yoast SEO plugin v24.8.1 - https:\/\/yoast.com\/wordpress\/plugins\/seo\/ -->\n<title>Valle de la Lengua - Kultura<\/title>\n<meta name=\"robots\" content=\"index, follow, max-snippet:-1, max-image-preview:large, max-video-preview:-1\" \/>\n<link rel=\"canonical\" href=\"https:\/\/www.kultura.cat\/es\/project\/valle-de-la-lengua\/\" \/>\n<meta property=\"og:locale\" content=\"es_ES\" \/>\n<meta property=\"og:type\" content=\"article\" \/>\n<meta property=\"og:title\" content=\"Valle de la Lengua - Kultura\" \/>\n<meta property=\"og:description\" content=\"Creaci\u00f3 d\u2019un pla de sostenibilitat tur\u00edstica en dest\u00edns (PSTD) que t\u00e9 com a objectiu impulsar la revaloritzaci\u00f3 tur\u00edstica sostenible de les localitats ubicades en la vall del riu C\u00e1rdenas a la Comunitat aut\u00f3noma de La Rioja. Aquest pla s\u2019estableix partir de l&#039;ecoturisme idiom\u00e0tic com motor de desenvolupament socioecon\u00f2mic del territori.\" \/>\n<meta property=\"og:url\" content=\"https:\/\/www.kultura.cat\/es\/project\/valle-de-la-lengua\/\" \/>\n<meta property=\"og:site_name\" content=\"Kultura\" \/>\n<meta property=\"article:modified_time\" content=\"2024-09-05T08:13:48+00:00\" \/>\n<meta property=\"og:image\" content=\"https:\/\/www.kultura.cat\/wp-content\/uploads\/2023\/12\/TC_01_proj_pral.jpg\" \/>\n\t<meta property=\"og:image:width\" content=\"1600\" \/>\n\t<meta property=\"og:image:height\" content=\"777\" \/>\n\t<meta property=\"og:image:type\" content=\"image\/jpeg\" \/>\n<meta name=\"twitter:card\" content=\"summary_large_image\" \/>\n<meta name=\"twitter:label1\" content=\"Tiempo de lectura\" \/>\n\t<meta name=\"twitter:data1\" content=\"4 minutos\" \/>\n<script type=\"application\/ld+json\" class=\"yoast-schema-graph\">{\"@context\":\"https:\/\/schema.org\",\"@graph\":[{\"@type\":\"WebPage\",\"@id\":\"https:\/\/www.kultura.cat\/es\/project\/valle-de-la-lengua\/\",\"url\":\"https:\/\/www.kultura.cat\/es\/project\/valle-de-la-lengua\/\",\"name\":\"Valle de la Lengua - Kultura\",\"isPartOf\":{\"@id\":\"https:\/\/www.kultura.cat\/es\/#website\"},\"primaryImageOfPage\":{\"@id\":\"https:\/\/www.kultura.cat\/es\/project\/valle-de-la-lengua\/#primaryimage\"},\"image\":{\"@id\":\"https:\/\/www.kultura.cat\/es\/project\/valle-de-la-lengua\/#primaryimage\"},\"thumbnailUrl\":\"https:\/\/www.kultura.cat\/wp-content\/uploads\/2023\/12\/TC_01_proj_pral.jpg\",\"datePublished\":\"2023-12-19T17:58:24+00:00\",\"dateModified\":\"2024-09-05T08:13:48+00:00\",\"breadcrumb\":{\"@id\":\"https:\/\/www.kultura.cat\/es\/project\/valle-de-la-lengua\/#breadcrumb\"},\"inLanguage\":\"es\",\"potentialAction\":[{\"@type\":\"ReadAction\",\"target\":[\"https:\/\/www.kultura.cat\/es\/project\/valle-de-la-lengua\/\"]}]},{\"@type\":\"ImageObject\",\"inLanguage\":\"es\",\"@id\":\"https:\/\/www.kultura.cat\/es\/project\/valle-de-la-lengua\/#primaryimage\",\"url\":\"https:\/\/www.kultura.cat\/wp-content\/uploads\/2023\/12\/TC_01_proj_pral.jpg\",\"contentUrl\":\"https:\/\/www.kultura.cat\/wp-content\/uploads\/2023\/12\/TC_01_proj_pral.jpg\",\"width\":1600,\"height\":777},{\"@type\":\"BreadcrumbList\",\"@id\":\"https:\/\/www.kultura.cat\/es\/project\/valle-de-la-lengua\/#breadcrumb\",\"itemListElement\":[{\"@type\":\"ListItem\",\"position\":1,\"name\":\"Portada\",\"item\":\"https:\/\/www.kultura.cat\/es\/\"},{\"@type\":\"ListItem\",\"position\":2,\"name\":\"Proyectos\",\"item\":\"https:\/\/www.kultura.cat\/es\/project\/\"},{\"@type\":\"ListItem\",\"position\":3,\"name\":\"Valle de la Lengua\"}]},{\"@type\":\"WebSite\",\"@id\":\"https:\/\/www.kultura.cat\/es\/#website\",\"url\":\"https:\/\/www.kultura.cat\/es\/\",\"name\":\"Kultura\",\"description\":\"Ideas y Estrategias para el Patrimonio\",\"potentialAction\":[{\"@type\":\"SearchAction\",\"target\":{\"@type\":\"EntryPoint\",\"urlTemplate\":\"https:\/\/www.kultura.cat\/es\/?s={search_term_string}\"},\"query-input\":{\"@type\":\"PropertyValueSpecification\",\"valueRequired\":true,\"valueName\":\"search_term_string\"}}],\"inLanguage\":\"es\"}]}<\/script>\n<!-- \/ Yoast SEO plugin. -->","yoast_head_json":{"title":"Valle de la Lengua - Kultura","robots":{"index":"index","follow":"follow","max-snippet":"max-snippet:-1","max-image-preview":"max-image-preview:large","max-video-preview":"max-video-preview:-1"},"canonical":"https:\/\/www.kultura.cat\/es\/project\/valle-de-la-lengua\/","og_locale":"es_ES","og_type":"article","og_title":"Valle de la Lengua - Kultura","og_description":"Creaci\u00f3 d\u2019un pla de sostenibilitat tur\u00edstica en dest\u00edns (PSTD) que t\u00e9 com a objectiu impulsar la revaloritzaci\u00f3 tur\u00edstica sostenible de les localitats ubicades en la vall del riu C\u00e1rdenas a la Comunitat aut\u00f3noma de La Rioja. Aquest pla s\u2019estableix partir de l'ecoturisme idiom\u00e0tic com motor de desenvolupament socioecon\u00f2mic del territori.","og_url":"https:\/\/www.kultura.cat\/es\/project\/valle-de-la-lengua\/","og_site_name":"Kultura","article_modified_time":"2024-09-05T08:13:48+00:00","og_image":[{"width":1600,"height":777,"url":"https:\/\/www.kultura.cat\/wp-content\/uploads\/2023\/12\/TC_01_proj_pral.jpg","type":"image\/jpeg"}],"twitter_card":"summary_large_image","twitter_misc":{"Tiempo de lectura":"4 minutos"},"schema":{"@context":"https:\/\/schema.org","@graph":[{"@type":"WebPage","@id":"https:\/\/www.kultura.cat\/es\/project\/valle-de-la-lengua\/","url":"https:\/\/www.kultura.cat\/es\/project\/valle-de-la-lengua\/","name":"Valle de la Lengua - Kultura","isPartOf":{"@id":"https:\/\/www.kultura.cat\/es\/#website"},"primaryImageOfPage":{"@id":"https:\/\/www.kultura.cat\/es\/project\/valle-de-la-lengua\/#primaryimage"},"image":{"@id":"https:\/\/www.kultura.cat\/es\/project\/valle-de-la-lengua\/#primaryimage"},"thumbnailUrl":"https:\/\/www.kultura.cat\/wp-content\/uploads\/2023\/12\/TC_01_proj_pral.jpg","datePublished":"2023-12-19T17:58:24+00:00","dateModified":"2024-09-05T08:13:48+00:00","breadcrumb":{"@id":"https:\/\/www.kultura.cat\/es\/project\/valle-de-la-lengua\/#breadcrumb"},"inLanguage":"es","potentialAction":[{"@type":"ReadAction","target":["https:\/\/www.kultura.cat\/es\/project\/valle-de-la-lengua\/"]}]},{"@type":"ImageObject","inLanguage":"es","@id":"https:\/\/www.kultura.cat\/es\/project\/valle-de-la-lengua\/#primaryimage","url":"https:\/\/www.kultura.cat\/wp-content\/uploads\/2023\/12\/TC_01_proj_pral.jpg","contentUrl":"https:\/\/www.kultura.cat\/wp-content\/uploads\/2023\/12\/TC_01_proj_pral.jpg","width":1600,"height":777},{"@type":"BreadcrumbList","@id":"https:\/\/www.kultura.cat\/es\/project\/valle-de-la-lengua\/#breadcrumb","itemListElement":[{"@type":"ListItem","position":1,"name":"Portada","item":"https:\/\/www.kultura.cat\/es\/"},{"@type":"ListItem","position":2,"name":"Proyectos","item":"https:\/\/www.kultura.cat\/es\/project\/"},{"@type":"ListItem","position":3,"name":"Valle de la Lengua"}]},{"@type":"WebSite","@id":"https:\/\/www.kultura.cat\/es\/#website","url":"https:\/\/www.kultura.cat\/es\/","name":"Kultura","description":"Ideas y Estrategias para el Patrimonio","potentialAction":[{"@type":"SearchAction","target":{"@type":"EntryPoint","urlTemplate":"https:\/\/www.kultura.cat\/es\/?s={search_term_string}"},"query-input":{"@type":"PropertyValueSpecification","valueRequired":true,"valueName":"search_term_string"}}],"inLanguage":"es"}]}},"_links":{"self":[{"href":"https:\/\/www.kultura.cat\/es\/wp-json\/wp\/v2\/project\/1703","targetHints":{"allow":["GET"]}}],"collection":[{"href":"https:\/\/www.kultura.cat\/es\/wp-json\/wp\/v2\/project"}],"about":[{"href":"https:\/\/www.kultura.cat\/es\/wp-json\/wp\/v2\/types\/project"}],"author":[{"embeddable":true,"href":"https:\/\/www.kultura.cat\/es\/wp-json\/wp\/v2\/users\/1"}],"replies":[{"embeddable":true,"href":"https:\/\/www.kultura.cat\/es\/wp-json\/wp\/v2\/comments?post=1703"}],"version-history":[{"count":8,"href":"https:\/\/www.kultura.cat\/es\/wp-json\/wp\/v2\/project\/1703\/revisions"}],"predecessor-version":[{"id":2148,"href":"https:\/\/www.kultura.cat\/es\/wp-json\/wp\/v2\/project\/1703\/revisions\/2148"}],"wp:featuredmedia":[{"embeddable":true,"href":"https:\/\/www.kultura.cat\/es\/wp-json\/wp\/v2\/media\/1246"}],"wp:attachment":[{"href":"https:\/\/www.kultura.cat\/es\/wp-json\/wp\/v2\/media?parent=1703"}],"wp:term":[{"taxonomy":"project_category","embeddable":true,"href":"https:\/\/www.kultura.cat\/es\/wp-json\/wp\/v2\/project_category?post=1703"},{"taxonomy":"project_tag","embeddable":true,"href":"https:\/\/www.kultura.cat\/es\/wp-json\/wp\/v2\/project_tag?post=1703"}],"curies":[{"name":"wp","href":"https:\/\/api.w.org\/{rel}","templated":true}]}}