{"id":3149,"date":"2025-06-16T12:09:33","date_gmt":"2025-06-16T12:09:33","guid":{"rendered":"https:\/\/www.kultura.cat\/project\/inventari-colleccio-gavarro-per-al-muntatge-expositiu-a-casa-de-laigua-de-trinitat-nova\/"},"modified":"2025-08-06T11:31:33","modified_gmt":"2025-08-06T11:31:33","slug":"gavarro-collection-casa-de-laigua-water-house-at-trinitat-nova","status":"publish","type":"project","link":"https:\/\/www.kultura.cat\/en\/project\/gavarro-collection-casa-de-laigua-water-house-at-trinitat-nova\/","title":{"rendered":"Gavarr\u00f3 collection. Casa de l&#8217;Aigua (Water house) at Trinitat Nova"},"content":{"rendered":"<p>[et_pb_section fb_built=&#8221;1&#8243; admin_label=&#8221;section&#8221; _builder_version=&#8221;4.16&#8243; custom_padding=&#8221;0px||23px|||&#8221; global_colors_info=&#8221;{}&#8221;][et_pb_row admin_label=&#8221;row&#8221; _builder_version=&#8221;4.27.4&#8243; background_image=&#8221;https:\/\/www.kultura.cat\/wp-content\/uploads\/2025\/06\/detalle-1.jpg&#8221; background_repeat=&#8221;repeat&#8221; width=&#8221;100%&#8221; max_width=&#8221;2560px&#8221; height=&#8221;450px&#8221; max_height=&#8221;450px&#8221; custom_margin=&#8221;|auto|37px|auto||&#8221; custom_padding=&#8221;0px|||||&#8221; global_colors_info=&#8221;{}&#8221;][et_pb_column type=&#8221;4_4&#8243; _builder_version=&#8221;4.16&#8243; custom_padding=&#8221;|||&#8221; global_colors_info=&#8221;{}&#8221; custom_padding__hover=&#8221;|||&#8221;][\/et_pb_column][\/et_pb_row][et_pb_row admin_label=&#8221;row&#8221; _builder_version=&#8221;4.16&#8243; background_size=&#8221;initial&#8221; background_position=&#8221;top_left&#8221; background_repeat=&#8221;repeat&#8221; custom_padding=&#8221;1px|||||&#8221; global_colors_info=&#8221;{}&#8221;][et_pb_column type=&#8221;4_4&#8243; _builder_version=&#8221;4.16&#8243; custom_padding=&#8221;|||&#8221; global_colors_info=&#8221;{}&#8221; custom_padding__hover=&#8221;|||&#8221;][et_pb_text admin_label=&#8221;Text&#8221; _builder_version=&#8221;4.27.4&#8243; header_3_text_color=&#8221;#a0a0a0&#8243; header_3_font_size=&#8221;18px&#8221; background_size=&#8221;initial&#8221; background_position=&#8221;top_left&#8221; background_repeat=&#8221;repeat&#8221; custom_margin=&#8221;||8px|||&#8221; use_border_color=&#8221;off&#8221; border_color=&#8221;#ffffff&#8221; border_style=&#8221;solid&#8221; global_colors_info=&#8221;{}&#8221;]<\/p>\n<h3><span>HERITAGE DOCUMENTATION<\/span><\/h3>\n<p>[\/et_pb_text][et_pb_text admin_label=&#8221;Text&#8221; _builder_version=&#8221;4.27.4&#8243; background_size=&#8221;initial&#8221; background_position=&#8221;top_left&#8221; background_repeat=&#8221;repeat&#8221; custom_margin=&#8221;||3px|||&#8221; use_border_color=&#8221;off&#8221; border_color=&#8221;#ffffff&#8221; border_style=&#8221;solid&#8221; global_colors_info=&#8221;{}&#8221;]<\/p>\n<h2 class=\"title\"><b>Inventory and documentation<\/b><\/h2>\n<h1 class=\"title\"><b>Gavarr\u00f3 collection. Casa de l&#8217;Aigua (Water house) at Trinitat Nova<\/b><\/h1>\n<p>[\/et_pb_text][et_pb_text admin_label=&#8221;Text&#8221; _builder_version=&#8221;4.27.4&#8243; background_size=&#8221;initial&#8221; background_position=&#8221;top_left&#8221; background_repeat=&#8221;repeat&#8221; use_border_color=&#8221;off&#8221; border_color=&#8221;#ffffff&#8221; border_style=&#8221;solid&#8221; global_colors_info=&#8221;{}&#8221;]<\/p>\n<h3><b>Barcelona.<\/b><\/h3>\n<h3>Execution dates 2024-2025<\/h3>\n<p>[\/et_pb_text][\/et_pb_column][\/et_pb_row][et_pb_row column_structure=&#8221;3_4,1_4&#8243; admin_label=&#8221;row&#8221; _builder_version=&#8221;4.16&#8243; background_size=&#8221;initial&#8221; background_position=&#8221;top_left&#8221; background_repeat=&#8221;repeat&#8221; custom_padding=&#8221;4px|||||&#8221; global_colors_info=&#8221;{}&#8221;][et_pb_column type=&#8221;3_4&#8243; _builder_version=&#8221;4.16&#8243; custom_padding=&#8221;|||&#8221; global_colors_info=&#8221;{}&#8221; custom_padding__hover=&#8221;|||&#8221;][et_pb_text admin_label=&#8221;Text&#8221; _builder_version=&#8221;4.27.4&#8243; header_4_line_height=&#8221;1.4em&#8221; background_size=&#8221;initial&#8221; background_position=&#8221;top_left&#8221; background_repeat=&#8221;repeat&#8221; hover_enabled=&#8221;0&#8243; use_border_color=&#8221;off&#8221; border_color=&#8221;#ffffff&#8221; border_style=&#8221;solid&#8221; global_colors_info=&#8221;{}&#8221; sticky_enabled=&#8221;0&#8243;]<\/p>\n<p><strong>Unpacking, inventorying, Identifying, classifying, preventive conservation, and adaptation of the Gavarr\u00f3 Collection. These objects will be part of the new exhibition at Casa de l&#8217;Aigua (Water house) in Trinitat Nova, at the Nou Barris district of Barcelona.<\/strong><\/p>\n<p>The Gavarr\u00f3 collection is a private collection centered around the theme of water. It features approximately 3,000 objects of diverse types, functions, ages, and provenances, making it a highly heterogeneous but rich collection.<\/p>\n<p>The project included the digitization of the collection&#8217;s paper records using an OCR system and subsequent data systematization. The following tasks were carried out in the Casa del Agua storage facilities: unpacking of objects; identification with the records; cleaning and conditioning; labeling; and cataloging, resulting in a on site inventory. The objects were placed in Casa del Agua facilities for their next selection and public display.<\/p>\n<p>[\/et_pb_text][\/et_pb_column][et_pb_column type=&#8221;1_4&#8243; _builder_version=&#8221;4.16&#8243; custom_padding=&#8221;|||&#8221; global_colors_info=&#8221;{}&#8221; custom_padding__hover=&#8221;|||&#8221;][et_pb_text admin_label=&#8221;Text&#8221; _builder_version=&#8221;4.27.4&#8243; background_size=&#8221;initial&#8221; background_position=&#8221;top_left&#8221; background_repeat=&#8221;repeat&#8221; use_border_color=&#8221;off&#8221; border_color=&#8221;#ffffff&#8221; border_style=&#8221;solid&#8221; global_colors_info=&#8221;{}&#8221;]<\/p>\n<h4>Carried out for:<\/h4>\n<p>Barcelona History Museum<\/p>\n<p>[\/et_pb_text][\/et_pb_column][\/et_pb_row][\/et_pb_section][et_pb_section fb_built=&#8221;1&#8243; admin_label=&#8221;section&#8221; _builder_version=&#8221;4.16&#8243; background_color=&#8221;#f7f7f7&#8243; custom_padding=&#8221;26px||28px|||&#8221; global_colors_info=&#8221;{}&#8221;][et_pb_row admin_label=&#8221;row&#8221; _builder_version=&#8221;4.16&#8243; background_size=&#8221;initial&#8221; background_position=&#8221;top_left&#8221; background_repeat=&#8221;repeat&#8221; custom_padding=&#8221;14px|||||&#8221; global_colors_info=&#8221;{}&#8221;][et_pb_column type=&#8221;4_4&#8243; _builder_version=&#8221;4.16&#8243; custom_padding=&#8221;|||&#8221; global_colors_info=&#8221;{}&#8221; custom_padding__hover=&#8221;|||&#8221;][et_pb_text _builder_version=&#8221;4.27.4&#8243; _module_preset=&#8221;default&#8221; header_2_text_color=&#8221;#bc1d4d&#8221; custom_margin=&#8221;||21px|||&#8221; global_colors_info=&#8221;{}&#8221;]<\/p>\n<h2 style=\"text-align: center;\">Gallery<\/h2>\n<p>[\/et_pb_text][et_pb_gallery gallery_ids=&#8221;3128,3122,3119,3140,3134,3137,3131,3125,3143,3146&#8243; fullwidth=&#8221;on&#8221; admin_label=&#8221;Galer\u00eda&#8221; _builder_version=&#8221;4.27.4&#8243; caption_all_caps=&#8221;off&#8221; auto=&#8221;on&#8221; auto_speed=&#8221;5000&#8243; use_border_color=&#8221;off&#8221; border_color=&#8221;#ffffff&#8221; border_style=&#8221;solid&#8221; global_colors_info=&#8221;{}&#8221;] [\/et_pb_gallery][\/et_pb_column][\/et_pb_row][et_pb_row _builder_version=&#8221;4.24.0&#8243; _module_preset=&#8221;default&#8221; global_colors_info=&#8221;{}&#8221;][et_pb_column type=&#8221;4_4&#8243; _builder_version=&#8221;4.24.0&#8243; _module_preset=&#8221;default&#8221; global_colors_info=&#8221;{}&#8221;][et_pb_text _builder_version=&#8221;4.27.4&#8243; _module_preset=&#8221;default&#8221; header_2_text_color=&#8221;#bc1d4d&#8221; custom_margin=&#8221;||21px|||&#8221; global_colors_info=&#8221;{}&#8221;]<\/p>\n<h2 style=\"text-align: center;\">Related projects<\/h2>\n<p>[\/et_pb_text][et_pb_portfolio fullwidth=&#8221;off&#8221; posts_number=&#8221;4&#8243; include_categories=&#8221;10&#8243; show_categories=&#8221;off&#8221; show_pagination=&#8221;off&#8221; zoom_icon_color=&#8221;#bc1d4d&#8221; hover_icon=&#8221;&#x50;||divi||400&#8243; _builder_version=&#8221;4.24.0&#8243; _module_preset=&#8221;default&#8221; title_text_color=&#8221;rgba(0,0,0,0.76)&#8221; title_font_size=&#8221;14px&#8221; locked=&#8221;off&#8221; global_colors_info=&#8221;{}&#8221;][\/et_pb_portfolio][\/et_pb_column][\/et_pb_row][\/et_pb_section][et_pb_section fb_built=&#8221;1&#8243; custom_padding_last_edited=&#8221;on|desktop&#8221; admin_label=&#8221;section&#8221; _builder_version=&#8221;4.24.0&#8243; background_color=&#8221;rgba(0,0,0,0.34)&#8221; background_image=&#8221;https:\/\/www.kultura.cat\/wp-content\/uploads\/2023\/12\/DP_01_proj_pral.jpg&#8221; parallax=&#8221;on&#8221; parallax_method=&#8221;off&#8221; background_blend=&#8221;multiply&#8221; custom_padding_tablet=&#8221;50px|0|50px|0&#8243; custom_padding_phone=&#8221;&#8221; transparent_background=&#8221;off&#8221; padding_mobile=&#8221;off&#8221; make_fullwidth=&#8221;off&#8221; use_custom_width=&#8221;off&#8221; width_unit=&#8221;on&#8221; global_colors_info=&#8221;{}&#8221;][et_pb_row admin_label=&#8221;row&#8221; _builder_version=&#8221;4.16&#8243; background_size=&#8221;initial&#8221; background_position=&#8221;top_left&#8221; background_repeat=&#8221;repeat&#8221; global_colors_info=&#8221;{}&#8221;][et_pb_column type=&#8221;4_4&#8243; _builder_version=&#8221;4.16&#8243; custom_padding=&#8221;|||&#8221; global_colors_info=&#8221;{}&#8221; custom_padding__hover=&#8221;|||&#8221;][et_pb_cta title=&#8221;Do you like our work?&#8221; button_url=&#8221;mailto:info@kultura.cat&#8221; url_new_window=&#8221;on&#8221; button_text=&#8221;Contact us&#8221; admin_label=&#8221;Call To Action&#8221; _builder_version=&#8221;4.27.4&#8243; use_background_color=&#8221;off&#8221; background_size=&#8221;initial&#8221; background_position=&#8221;top_left&#8221; background_repeat=&#8221;repeat&#8221; link_option_url_new_window=&#8221;on&#8221; use_border_color=&#8221;off&#8221; border_color=&#8221;#ffffff&#8221; border_style=&#8221;solid&#8221; button_letter_spacing_hover=&#8221;0&#8243; global_colors_info=&#8221;{}&#8221; button_text_size__hover_enabled=&#8221;off&#8221; button_one_text_size__hover_enabled=&#8221;off&#8221; button_two_text_size__hover_enabled=&#8221;off&#8221; button_text_color__hover_enabled=&#8221;off&#8221; button_one_text_color__hover_enabled=&#8221;off&#8221; button_two_text_color__hover_enabled=&#8221;off&#8221; button_border_width__hover_enabled=&#8221;off&#8221; button_one_border_width__hover_enabled=&#8221;off&#8221; button_two_border_width__hover_enabled=&#8221;off&#8221; button_border_color__hover_enabled=&#8221;off&#8221; button_one_border_color__hover_enabled=&#8221;off&#8221; button_two_border_color__hover_enabled=&#8221;off&#8221; button_border_radius__hover_enabled=&#8221;off&#8221; button_one_border_radius__hover_enabled=&#8221;off&#8221; button_two_border_radius__hover_enabled=&#8221;off&#8221; button_letter_spacing__hover_enabled=&#8221;on&#8221; button_letter_spacing__hover=&#8221;0&#8243; button_one_letter_spacing__hover_enabled=&#8221;off&#8221; button_two_letter_spacing__hover_enabled=&#8221;off&#8221; button_bg_color__hover_enabled=&#8221;off&#8221; button_one_bg_color__hover_enabled=&#8221;off&#8221; button_two_bg_color__hover_enabled=&#8221;off&#8221;][\/et_pb_cta][\/et_pb_column][\/et_pb_row][\/et_pb_section]<\/p>\n","protected":false},"excerpt":{"rendered":"<p>Tasques de desembalatge, inventari, identificaci\u00f3, classificaci\u00f3, actuacions de conservaci\u00f3 preventiva i adequaci\u00f3 dels objectes procedents de la Col\u00b7lecci\u00f3 Gavarr\u00f3, que conformaran el nou muntatge expositiu de la Casa de l\u2019Aigua de Trinitat Nova, al Districte de Nou Barris de Barcelona.<\/p>\n","protected":false},"author":2,"featured_media":3128,"comment_status":"open","ping_status":"closed","template":"","meta":{"_et_pb_use_builder":"on","_et_pb_old_content":"","_et_gb_content_width":"","footnotes":""},"project_category":[38,34],"project_tag":[],"class_list":["post-3149","project","type-project","status-publish","has-post-thumbnail","hentry","project_category-documentacio-del-patrimoni-en","project_category-ultimo-en"],"yoast_head":"<!-- This site is optimized with the Yoast SEO plugin v24.8.1 - https:\/\/yoast.com\/wordpress\/plugins\/seo\/ -->\n<title>Gavarr\u00f3 collection. Casa de l&#039;Aigua (Water house) at Trinitat Nova - Kultura<\/title>\n<meta name=\"description\" content=\"Inventory and preventive conservatio of the objects from the Gavarr\u00f3 Collection. These pieces will be part of a new exhibition at Casa del Agua in Trinitat Nova.\" \/>\n<meta name=\"robots\" content=\"index, follow, max-snippet:-1, max-image-preview:large, max-video-preview:-1\" \/>\n<link rel=\"canonical\" href=\"https:\/\/www.kultura.cat\/en\/project\/gavarro-collection-casa-de-laigua-water-house-at-trinitat-nova\/\" \/>\n<meta property=\"og:locale\" content=\"en_US\" \/>\n<meta property=\"og:type\" content=\"article\" \/>\n<meta property=\"og:title\" content=\"Gavarr\u00f3 collection. Casa de l&#039;Aigua (Water house) at Trinitat Nova - Kultura\" \/>\n<meta property=\"og:description\" content=\"Inventory and preventive conservatio of the objects from the Gavarr\u00f3 Collection. These pieces will be part of a new exhibition at Casa del Agua in Trinitat Nova.\" \/>\n<meta property=\"og:url\" content=\"https:\/\/www.kultura.cat\/en\/project\/gavarro-collection-casa-de-laigua-water-house-at-trinitat-nova\/\" \/>\n<meta property=\"og:site_name\" content=\"Kultura\" \/>\n<meta property=\"article:modified_time\" content=\"2025-08-06T11:31:33+00:00\" \/>\n<meta property=\"og:image\" content=\"https:\/\/www.kultura.cat\/wp-content\/uploads\/2025\/06\/ar16b.jpg\" \/>\n\t<meta property=\"og:image:width\" content=\"1200\" \/>\n\t<meta property=\"og:image:height\" content=\"800\" \/>\n\t<meta property=\"og:image:type\" content=\"image\/jpeg\" \/>\n<meta name=\"twitter:card\" content=\"summary_large_image\" \/>\n<meta name=\"twitter:label1\" content=\"Est. reading time\" \/>\n\t<meta name=\"twitter:data1\" content=\"4 minutes\" \/>\n<script type=\"application\/ld+json\" class=\"yoast-schema-graph\">{\"@context\":\"https:\/\/schema.org\",\"@graph\":[{\"@type\":\"WebPage\",\"@id\":\"https:\/\/www.kultura.cat\/en\/project\/gavarro-collection-casa-de-laigua-water-house-at-trinitat-nova\/\",\"url\":\"https:\/\/www.kultura.cat\/en\/project\/gavarro-collection-casa-de-laigua-water-house-at-trinitat-nova\/\",\"name\":\"Gavarr\u00f3 collection. Casa de l'Aigua (Water house) at Trinitat Nova - Kultura\",\"isPartOf\":{\"@id\":\"https:\/\/www.kultura.cat\/en\/#website\"},\"primaryImageOfPage\":{\"@id\":\"https:\/\/www.kultura.cat\/en\/project\/gavarro-collection-casa-de-laigua-water-house-at-trinitat-nova\/#primaryimage\"},\"image\":{\"@id\":\"https:\/\/www.kultura.cat\/en\/project\/gavarro-collection-casa-de-laigua-water-house-at-trinitat-nova\/#primaryimage\"},\"thumbnailUrl\":\"https:\/\/www.kultura.cat\/wp-content\/uploads\/2025\/06\/ar16b.jpg\",\"datePublished\":\"2025-06-16T12:09:33+00:00\",\"dateModified\":\"2025-08-06T11:31:33+00:00\",\"description\":\"Inventory and preventive conservatio of the objects from the Gavarr\u00f3 Collection. These pieces will be part of a new exhibition at Casa del Agua in Trinitat Nova.\",\"breadcrumb\":{\"@id\":\"https:\/\/www.kultura.cat\/en\/project\/gavarro-collection-casa-de-laigua-water-house-at-trinitat-nova\/#breadcrumb\"},\"inLanguage\":\"en-US\",\"potentialAction\":[{\"@type\":\"ReadAction\",\"target\":[\"https:\/\/www.kultura.cat\/en\/project\/gavarro-collection-casa-de-laigua-water-house-at-trinitat-nova\/\"]}]},{\"@type\":\"ImageObject\",\"inLanguage\":\"en-US\",\"@id\":\"https:\/\/www.kultura.cat\/en\/project\/gavarro-collection-casa-de-laigua-water-house-at-trinitat-nova\/#primaryimage\",\"url\":\"https:\/\/www.kultura.cat\/wp-content\/uploads\/2025\/06\/ar16b.jpg\",\"contentUrl\":\"https:\/\/www.kultura.cat\/wp-content\/uploads\/2025\/06\/ar16b.jpg\",\"width\":1200,\"height\":800},{\"@type\":\"BreadcrumbList\",\"@id\":\"https:\/\/www.kultura.cat\/en\/project\/gavarro-collection-casa-de-laigua-water-house-at-trinitat-nova\/#breadcrumb\",\"itemListElement\":[{\"@type\":\"ListItem\",\"position\":1,\"name\":\"Portada\",\"item\":\"https:\/\/www.kultura.cat\/en\/\"},{\"@type\":\"ListItem\",\"position\":2,\"name\":\"Projects\",\"item\":\"https:\/\/www.kultura.cat\/en\/project\/\"},{\"@type\":\"ListItem\",\"position\":3,\"name\":\"Gavarr\u00f3 collection. Casa de l&#8217;Aigua (Water house) at Trinitat Nova\"}]},{\"@type\":\"WebSite\",\"@id\":\"https:\/\/www.kultura.cat\/en\/#website\",\"url\":\"https:\/\/www.kultura.cat\/en\/\",\"name\":\"Kultura\",\"description\":\"Ideas y Estrategias para el Patrimonio\",\"potentialAction\":[{\"@type\":\"SearchAction\",\"target\":{\"@type\":\"EntryPoint\",\"urlTemplate\":\"https:\/\/www.kultura.cat\/en\/?s={search_term_string}\"},\"query-input\":{\"@type\":\"PropertyValueSpecification\",\"valueRequired\":true,\"valueName\":\"search_term_string\"}}],\"inLanguage\":\"en-US\"}]}<\/script>\n<!-- \/ Yoast SEO plugin. -->","yoast_head_json":{"title":"Gavarr\u00f3 collection. Casa de l'Aigua (Water house) at Trinitat Nova - Kultura","description":"Inventory and preventive conservatio of the objects from the Gavarr\u00f3 Collection. These pieces will be part of a new exhibition at Casa del Agua in Trinitat Nova.","robots":{"index":"index","follow":"follow","max-snippet":"max-snippet:-1","max-image-preview":"max-image-preview:large","max-video-preview":"max-video-preview:-1"},"canonical":"https:\/\/www.kultura.cat\/en\/project\/gavarro-collection-casa-de-laigua-water-house-at-trinitat-nova\/","og_locale":"en_US","og_type":"article","og_title":"Gavarr\u00f3 collection. Casa de l'Aigua (Water house) at Trinitat Nova - Kultura","og_description":"Inventory and preventive conservatio of the objects from the Gavarr\u00f3 Collection. These pieces will be part of a new exhibition at Casa del Agua in Trinitat Nova.","og_url":"https:\/\/www.kultura.cat\/en\/project\/gavarro-collection-casa-de-laigua-water-house-at-trinitat-nova\/","og_site_name":"Kultura","article_modified_time":"2025-08-06T11:31:33+00:00","og_image":[{"width":1200,"height":800,"url":"https:\/\/www.kultura.cat\/wp-content\/uploads\/2025\/06\/ar16b.jpg","type":"image\/jpeg"}],"twitter_card":"summary_large_image","twitter_misc":{"Est. reading time":"4 minutes"},"schema":{"@context":"https:\/\/schema.org","@graph":[{"@type":"WebPage","@id":"https:\/\/www.kultura.cat\/en\/project\/gavarro-collection-casa-de-laigua-water-house-at-trinitat-nova\/","url":"https:\/\/www.kultura.cat\/en\/project\/gavarro-collection-casa-de-laigua-water-house-at-trinitat-nova\/","name":"Gavarr\u00f3 collection. Casa de l'Aigua (Water house) at Trinitat Nova - Kultura","isPartOf":{"@id":"https:\/\/www.kultura.cat\/en\/#website"},"primaryImageOfPage":{"@id":"https:\/\/www.kultura.cat\/en\/project\/gavarro-collection-casa-de-laigua-water-house-at-trinitat-nova\/#primaryimage"},"image":{"@id":"https:\/\/www.kultura.cat\/en\/project\/gavarro-collection-casa-de-laigua-water-house-at-trinitat-nova\/#primaryimage"},"thumbnailUrl":"https:\/\/www.kultura.cat\/wp-content\/uploads\/2025\/06\/ar16b.jpg","datePublished":"2025-06-16T12:09:33+00:00","dateModified":"2025-08-06T11:31:33+00:00","description":"Inventory and preventive conservatio of the objects from the Gavarr\u00f3 Collection. These pieces will be part of a new exhibition at Casa del Agua in Trinitat Nova.","breadcrumb":{"@id":"https:\/\/www.kultura.cat\/en\/project\/gavarro-collection-casa-de-laigua-water-house-at-trinitat-nova\/#breadcrumb"},"inLanguage":"en-US","potentialAction":[{"@type":"ReadAction","target":["https:\/\/www.kultura.cat\/en\/project\/gavarro-collection-casa-de-laigua-water-house-at-trinitat-nova\/"]}]},{"@type":"ImageObject","inLanguage":"en-US","@id":"https:\/\/www.kultura.cat\/en\/project\/gavarro-collection-casa-de-laigua-water-house-at-trinitat-nova\/#primaryimage","url":"https:\/\/www.kultura.cat\/wp-content\/uploads\/2025\/06\/ar16b.jpg","contentUrl":"https:\/\/www.kultura.cat\/wp-content\/uploads\/2025\/06\/ar16b.jpg","width":1200,"height":800},{"@type":"BreadcrumbList","@id":"https:\/\/www.kultura.cat\/en\/project\/gavarro-collection-casa-de-laigua-water-house-at-trinitat-nova\/#breadcrumb","itemListElement":[{"@type":"ListItem","position":1,"name":"Portada","item":"https:\/\/www.kultura.cat\/en\/"},{"@type":"ListItem","position":2,"name":"Projects","item":"https:\/\/www.kultura.cat\/en\/project\/"},{"@type":"ListItem","position":3,"name":"Gavarr\u00f3 collection. Casa de l&#8217;Aigua (Water house) at Trinitat Nova"}]},{"@type":"WebSite","@id":"https:\/\/www.kultura.cat\/en\/#website","url":"https:\/\/www.kultura.cat\/en\/","name":"Kultura","description":"Ideas y Estrategias para el Patrimonio","potentialAction":[{"@type":"SearchAction","target":{"@type":"EntryPoint","urlTemplate":"https:\/\/www.kultura.cat\/en\/?s={search_term_string}"},"query-input":{"@type":"PropertyValueSpecification","valueRequired":true,"valueName":"search_term_string"}}],"inLanguage":"en-US"}]}},"_links":{"self":[{"href":"https:\/\/www.kultura.cat\/en\/wp-json\/wp\/v2\/project\/3149","targetHints":{"allow":["GET"]}}],"collection":[{"href":"https:\/\/www.kultura.cat\/en\/wp-json\/wp\/v2\/project"}],"about":[{"href":"https:\/\/www.kultura.cat\/en\/wp-json\/wp\/v2\/types\/project"}],"author":[{"embeddable":true,"href":"https:\/\/www.kultura.cat\/en\/wp-json\/wp\/v2\/users\/2"}],"replies":[{"embeddable":true,"href":"https:\/\/www.kultura.cat\/en\/wp-json\/wp\/v2\/comments?post=3149"}],"version-history":[{"count":18,"href":"https:\/\/www.kultura.cat\/en\/wp-json\/wp\/v2\/project\/3149\/revisions"}],"predecessor-version":[{"id":3752,"href":"https:\/\/www.kultura.cat\/en\/wp-json\/wp\/v2\/project\/3149\/revisions\/3752"}],"wp:featuredmedia":[{"embeddable":true,"href":"https:\/\/www.kultura.cat\/en\/wp-json\/wp\/v2\/media\/3128"}],"wp:attachment":[{"href":"https:\/\/www.kultura.cat\/en\/wp-json\/wp\/v2\/media?parent=3149"}],"wp:term":[{"taxonomy":"project_category","embeddable":true,"href":"https:\/\/www.kultura.cat\/en\/wp-json\/wp\/v2\/project_category?post=3149"},{"taxonomy":"project_tag","embeddable":true,"href":"https:\/\/www.kultura.cat\/en\/wp-json\/wp\/v2\/project_tag?post=3149"}],"curies":[{"name":"wp","href":"https:\/\/api.w.org\/{rel}","templated":true}]}}