{"id":2068,"date":"2024-08-23T12:19:25","date_gmt":"2024-08-23T12:19:25","guid":{"rendered":"https:\/\/www.kultura.cat\/project\/yacimiento-arqueologico-contrebia-leucade\/"},"modified":"2024-08-26T07:24:54","modified_gmt":"2024-08-26T07:24:54","slug":"contrebia-leucade-arqueological-site","status":"publish","type":"project","link":"https:\/\/www.kultura.cat\/en\/project\/contrebia-leucade-arqueological-site\/","title":{"rendered":"Contrebia Leucade arqueological site"},"content":{"rendered":"<p>[et_pb_section fb_built=&#8221;1&#8243; admin_label=&#8221;section&#8221; _builder_version=&#8221;4.16&#8243; custom_padding=&#8221;0px||23px|||&#8221; global_colors_info=&#8221;{}&#8221;][et_pb_row admin_label=&#8221;row&#8221; _builder_version=&#8221;4.24.0&#8243; background_image=&#8221;https:\/\/www.kultura.cat\/wp-content\/uploads\/2024\/08\/CONTREBIA-LEUCADE-MEMORIA-final_PROGRAMA-MEJORA-PATRIMONIO-CON-USO-TURISTICO.jpg&#8221; background_repeat=&#8221;repeat&#8221; width=&#8221;100%&#8221; max_width=&#8221;2560px&#8221; height=&#8221;450px&#8221; max_height=&#8221;450px&#8221; custom_margin=&#8221;|auto|36px|auto||&#8221; custom_padding=&#8221;0px|||||&#8221; global_colors_info=&#8221;{}&#8221;][et_pb_column type=&#8221;4_4&#8243; _builder_version=&#8221;4.16&#8243; custom_padding=&#8221;|||&#8221; global_colors_info=&#8221;{}&#8221; custom_padding__hover=&#8221;|||&#8221;][\/et_pb_column][\/et_pb_row][et_pb_row admin_label=&#8221;row&#8221; _builder_version=&#8221;4.16&#8243; background_size=&#8221;initial&#8221; background_position=&#8221;top_left&#8221; background_repeat=&#8221;repeat&#8221; custom_padding=&#8221;1px|||||&#8221; global_colors_info=&#8221;{}&#8221;][et_pb_column type=&#8221;4_4&#8243; _builder_version=&#8221;4.16&#8243; custom_padding=&#8221;|||&#8221; global_colors_info=&#8221;{}&#8221; custom_padding__hover=&#8221;|||&#8221;][et_pb_text admin_label=&#8221;Text&#8221; _builder_version=&#8221;4.24.0&#8243; header_3_text_color=&#8221;#a0a0a0&#8243; header_3_font_size=&#8221;18px&#8221; background_size=&#8221;initial&#8221; background_position=&#8221;top_left&#8221; background_repeat=&#8221;repeat&#8221; custom_margin=&#8221;||20px|||&#8221; use_border_color=&#8221;off&#8221; border_color=&#8221;#ffffff&#8221; border_style=&#8221;solid&#8221; global_colors_info=&#8221;{}&#8221;]<\/p>\n<h3>STRATEGIC PLANIFICATION<\/h3>\n<p>[\/et_pb_text][et_pb_text admin_label=&#8221;Text&#8221; _builder_version=&#8221;4.24.0&#8243; background_size=&#8221;initial&#8221; background_position=&#8221;top_left&#8221; background_repeat=&#8221;repeat&#8221; min_height=&#8221;127px&#8221; custom_margin=&#8221;||3px|||&#8221; use_border_color=&#8221;off&#8221; border_color=&#8221;#ffffff&#8221; border_style=&#8221;solid&#8221; global_colors_info=&#8221;{}&#8221;]<\/p>\n<h2 class=\"title\"><span style=\"font-weight: 400;\">Technical assistance for the application<\/span><\/h2>\n<h1 class=\"title\"><strong>Consolidaci\u00f3 i millora d&#8217;accessibilitat del jaciment Contrebia Leucade. Programa de millora de competitivitat i dinamitzaci\u00f3 del patrimoni hist\u00f2ric amb \u00fas tur\u00edstic.<\/strong><\/h1>\n<p>[\/et_pb_text][et_pb_text admin_label=&#8221;Text&#8221; _builder_version=&#8221;4.24.0&#8243; background_size=&#8221;initial&#8221; background_position=&#8221;top_left&#8221; background_repeat=&#8221;repeat&#8221; use_border_color=&#8221;off&#8221; border_color=&#8221;#ffffff&#8221; border_style=&#8221;solid&#8221; global_colors_info=&#8221;{}&#8221;]<\/p>\n<h3><b>Aguilar del R\u00edo Alhama, La Rioja.<\/b><\/h3>\n<h3>Execution dates 2022<\/h3>\n<p>[\/et_pb_text][\/et_pb_column][\/et_pb_row][et_pb_row column_structure=&#8221;3_4,1_4&#8243; admin_label=&#8221;row&#8221; _builder_version=&#8221;4.16&#8243; background_size=&#8221;initial&#8221; background_position=&#8221;top_left&#8221; background_repeat=&#8221;repeat&#8221; custom_padding=&#8221;4px|||||&#8221; global_colors_info=&#8221;{}&#8221;][et_pb_column type=&#8221;3_4&#8243; _builder_version=&#8221;4.16&#8243; custom_padding=&#8221;|||&#8221; global_colors_info=&#8221;{}&#8221; custom_padding__hover=&#8221;|||&#8221;][et_pb_text admin_label=&#8221;Text&#8221; _builder_version=&#8221;4.24.0&#8243; header_4_line_height=&#8221;1.4em&#8221; background_size=&#8221;initial&#8221; background_position=&#8221;top_left&#8221; background_repeat=&#8221;repeat&#8221; hover_enabled=&#8221;0&#8243; use_border_color=&#8221;off&#8221; border_color=&#8221;#ffffff&#8221; border_style=&#8221;solid&#8221; global_colors_info=&#8221;{}&#8221; sticky_enabled=&#8221;0&#8243;]<\/p>\n<p><strong>Technical assistance for the development and submission of the proposal \u00abCONSOLIDATION OF THE ROMAN WALL (L45-6F) AND IMPROVEMENT OF ACCESSIBILITY. ARCHAEOLOGICAL SITE OF CONTREBIA LEUCADE.\u00bb, to the Program for improving the competitiveness and dynamization of Historical Heritage for tourist use of the Ministry of Industry, Commerce and Tourism of Spain.<\/strong><\/p>\n<p><span style=\"font-weight: 400;\">During the implementation of this project, Kultura worked in dialogue with the General Directorate of Tourism of La Rioja in order to prepare a proposal with the aim of rehabilitating and consolidating the areas at risk of the site, as well as structural adaptation for people with reduced mobility. This initiative not only proposes to conserve and protect the Property, but also to expand its tourist offer, facilitate the visitor experience and improve its accessibility.<\/span><\/p>\n<p><strong>The application was granted in July 2024 for the amount of 1,967,079.00 euros.<\/strong><\/p>\n<p><strong><\/strong><\/p>\n<p style=\"text-align: left;\">Photography credits nuevecuatrouno.com<\/p>\n<p>[\/et_pb_text][\/et_pb_column][et_pb_column type=&#8221;1_4&#8243; _builder_version=&#8221;4.16&#8243; custom_padding=&#8221;|||&#8221; global_colors_info=&#8221;{}&#8221; custom_padding__hover=&#8221;|||&#8221;][et_pb_text admin_label=&#8221;Text&#8221; _builder_version=&#8221;4.24.0&#8243; background_size=&#8221;initial&#8221; background_position=&#8221;top_left&#8221; background_repeat=&#8221;repeat&#8221; use_border_color=&#8221;off&#8221; border_color=&#8221;#ffffff&#8221; border_style=&#8221;solid&#8221; global_colors_info=&#8221;{}&#8221;]<\/p>\n<h4>Project carried our for:<\/h4>\n<p><span style=\"font-weight: 400;\">Direcci\u00f3 general de Turisme de La Rioja<\/span><\/p>\n<p>&nbsp;<\/p>\n<h4>More:<\/h4>\n<p><a href=\"https:\/\/www.mintur.gob.es\/PortalAyudas\/Patrimonio-historico\/DescripcionGeneral\/Paginas\/Index.aspx\" target=\"_blank\" rel=\"noopener\">Web convocatoria &#8211; Ministerio de Industria, Comercio y Turismo<\/a><\/p>\n<p>&nbsp;<\/p>\n<p>[\/et_pb_text][\/et_pb_column][\/et_pb_row][\/et_pb_section][et_pb_section fb_built=&#8221;1&#8243; admin_label=&#8221;section&#8221; _builder_version=&#8221;4.16&#8243; background_color=&#8221;#f7f7f7&#8243; custom_padding=&#8221;26px||28px|||&#8221; global_colors_info=&#8221;{}&#8221;][et_pb_row admin_label=&#8221;row&#8221; _builder_version=&#8221;4.16&#8243; background_size=&#8221;initial&#8221; background_position=&#8221;top_left&#8221; background_repeat=&#8221;repeat&#8221; custom_padding=&#8221;14px|||||&#8221; global_colors_info=&#8221;{}&#8221;][et_pb_column type=&#8221;4_4&#8243; _builder_version=&#8221;4.16&#8243; custom_padding=&#8221;|||&#8221; global_colors_info=&#8221;{}&#8221; custom_padding__hover=&#8221;|||&#8221;][et_pb_text _builder_version=&#8221;4.24.0&#8243; _module_preset=&#8221;default&#8221; header_2_text_color=&#8221;#bc1d4d&#8221; custom_margin=&#8221;||21px|||&#8221; global_colors_info=&#8221;{}&#8221;]<\/p>\n<h2 style=\"text-align: center;\">Gallery<\/h2>\n<p>[\/et_pb_text][et_pb_gallery gallery_ids=&#8221;2064&#8243; fullwidth=&#8221;on&#8221; admin_label=&#8221;Galer\u00eda&#8221; _builder_version=&#8221;4.24.0&#8243; caption_all_caps=&#8221;off&#8221; auto=&#8221;on&#8221; auto_speed=&#8221;5000&#8243; use_border_color=&#8221;off&#8221; border_color=&#8221;#ffffff&#8221; border_style=&#8221;solid&#8221; global_colors_info=&#8221;{}&#8221;] [\/et_pb_gallery][\/et_pb_column][\/et_pb_row][et_pb_row _builder_version=&#8221;4.24.0&#8243; _module_preset=&#8221;default&#8221; locked=&#8221;off&#8221; global_colors_info=&#8221;{}&#8221;][et_pb_column type=&#8221;4_4&#8243; _builder_version=&#8221;4.24.0&#8243; _module_preset=&#8221;default&#8221; global_colors_info=&#8221;{}&#8221;][et_pb_text _builder_version=&#8221;4.24.0&#8243; _module_preset=&#8221;default&#8221; header_2_text_color=&#8221;#bc1d4d&#8221; custom_margin=&#8221;||21px|||&#8221; global_colors_info=&#8221;{}&#8221;]<\/p>\n<h2 style=\"text-align: center;\">Related projects<\/h2>\n<p>[\/et_pb_text][et_pb_portfolio fullwidth=&#8221;off&#8221; posts_number=&#8221;4&#8243; include_categories=&#8221;7&#8243; show_categories=&#8221;off&#8221; show_pagination=&#8221;off&#8221; zoom_icon_color=&#8221;#bc1d4d&#8221; hover_icon=&#8221;&#x50;||divi||400&#8243; _builder_version=&#8221;4.24.0&#8243; _module_preset=&#8221;default&#8221; title_text_color=&#8221;rgba(0,0,0,0.76)&#8221; title_font_size=&#8221;14px&#8221; locked=&#8221;off&#8221; global_colors_info=&#8221;{}&#8221;][\/et_pb_portfolio][\/et_pb_column][\/et_pb_row][\/et_pb_section][et_pb_section fb_built=&#8221;1&#8243; custom_padding_last_edited=&#8221;on|desktop&#8221; admin_label=&#8221;section&#8221; _builder_version=&#8221;4.24.0&#8243; background_image=&#8221;https:\/\/www.kultura.cat\/wp-content\/uploads\/2024\/08\/CONTREBIA-LEUCADE-MEMORIA-final_PROGRAMA-MEJORA-PATRIMONIO-CON-USO-TURISTICO.jpg&#8221; parallax=&#8221;on&#8221; parallax_method=&#8221;off&#8221; custom_padding_tablet=&#8221;50px|0|50px|0&#8243; custom_padding_phone=&#8221;&#8221; transparent_background=&#8221;off&#8221; padding_mobile=&#8221;off&#8221; make_fullwidth=&#8221;off&#8221; use_custom_width=&#8221;off&#8221; width_unit=&#8221;on&#8221; global_colors_info=&#8221;{}&#8221;][et_pb_row admin_label=&#8221;row&#8221; _builder_version=&#8221;4.16&#8243; background_size=&#8221;initial&#8221; background_position=&#8221;top_left&#8221; background_repeat=&#8221;repeat&#8221; global_colors_info=&#8221;{}&#8221;][et_pb_column type=&#8221;4_4&#8243; _builder_version=&#8221;4.16&#8243; custom_padding=&#8221;|||&#8221; global_colors_info=&#8221;{}&#8221; custom_padding__hover=&#8221;|||&#8221;][et_pb_cta title=&#8221;Do you like our work?&#8221; button_url=&#8221;mailto:info@kultura.cat&#8221; url_new_window=&#8221;on&#8221; button_text=&#8221;Contact us&#8221; admin_label=&#8221;Call To Action&#8221; _builder_version=&#8221;4.24.0&#8243; use_background_color=&#8221;off&#8221; background_size=&#8221;initial&#8221; background_position=&#8221;top_left&#8221; background_repeat=&#8221;repeat&#8221; link_option_url_new_window=&#8221;on&#8221; use_border_color=&#8221;off&#8221; border_color=&#8221;#ffffff&#8221; border_style=&#8221;solid&#8221; button_letter_spacing_hover=&#8221;0&#8243; global_colors_info=&#8221;{}&#8221; button_text_size__hover_enabled=&#8221;off&#8221; button_one_text_size__hover_enabled=&#8221;off&#8221; button_two_text_size__hover_enabled=&#8221;off&#8221; button_text_color__hover_enabled=&#8221;off&#8221; button_one_text_color__hover_enabled=&#8221;off&#8221; button_two_text_color__hover_enabled=&#8221;off&#8221; button_border_width__hover_enabled=&#8221;off&#8221; button_one_border_width__hover_enabled=&#8221;off&#8221; button_two_border_width__hover_enabled=&#8221;off&#8221; button_border_color__hover_enabled=&#8221;off&#8221; button_one_border_color__hover_enabled=&#8221;off&#8221; button_two_border_color__hover_enabled=&#8221;off&#8221; button_border_radius__hover_enabled=&#8221;off&#8221; button_one_border_radius__hover_enabled=&#8221;off&#8221; button_two_border_radius__hover_enabled=&#8221;off&#8221; button_letter_spacing__hover_enabled=&#8221;on&#8221; button_letter_spacing__hover=&#8221;0&#8243; button_one_letter_spacing__hover_enabled=&#8221;off&#8221; button_two_letter_spacing__hover_enabled=&#8221;off&#8221; button_bg_color__hover_enabled=&#8221;off&#8221; button_one_bg_color__hover_enabled=&#8221;off&#8221; button_two_bg_color__hover_enabled=&#8221;off&#8221;][\/et_pb_cta][\/et_pb_column][\/et_pb_row][\/et_pb_section]<\/p>\n","protected":false},"excerpt":{"rendered":"<p>STRATEGIC PLANIFICATIONTechnical assistance for the application Consolidaci\u00f3 i millora d&#8217;accessibilitat del jaciment Contrebia Leucade. Programa de millora de competitivitat i dinamitzaci\u00f3 del patrimoni hist\u00f2ric amb \u00fas tur\u00edstic.Aguilar del R\u00edo Alhama, La Rioja. Execution dates 2022Technical assistance for the development and submission of the proposal \u00abCONSOLIDATION OF THE ROMAN WALL (L45-6F) AND IMPROVEMENT OF ACCESSIBILITY. ARCHAEOLOGICAL [&hellip;]<\/p>\n","protected":false},"author":2,"featured_media":2064,"comment_status":"open","ping_status":"closed","template":"","meta":{"_et_pb_use_builder":"on","_et_pb_old_content":"","_et_gb_content_width":"","footnotes":""},"project_category":[33,34],"project_tag":[],"class_list":["post-2068","project","type-project","status-publish","has-post-thumbnail","hentry","project_category-planificacio-estrategica-en","project_category-ultimo-en"],"yoast_head":"<!-- This site is optimized with the Yoast SEO plugin v24.8.1 - https:\/\/yoast.com\/wordpress\/plugins\/seo\/ -->\n<title>Contrebia Leucade arqueological site - Kultura<\/title>\n<meta name=\"robots\" content=\"index, follow, max-snippet:-1, max-image-preview:large, max-video-preview:-1\" \/>\n<link rel=\"canonical\" href=\"https:\/\/www.kultura.cat\/en\/project\/contrebia-leucade-arqueological-site\/\" \/>\n<meta property=\"og:locale\" content=\"en_US\" \/>\n<meta property=\"og:type\" content=\"article\" \/>\n<meta property=\"og:title\" content=\"Contrebia Leucade arqueological site - Kultura\" \/>\n<meta property=\"og:description\" content=\"STRATEGIC PLANIFICATIONTechnical assistance for the application Consolidaci\u00f3 i millora d&#039;accessibilitat del jaciment Contrebia Leucade. Programa de millora de competitivitat i dinamitzaci\u00f3 del patrimoni hist\u00f2ric amb \u00fas tur\u00edstic.Aguilar del R\u00edo Alhama, La Rioja. Execution dates 2022Technical assistance for the development and submission of the proposal \u00abCONSOLIDATION OF THE ROMAN WALL (L45-6F) AND IMPROVEMENT OF ACCESSIBILITY. ARCHAEOLOGICAL [&hellip;]\" \/>\n<meta property=\"og:url\" content=\"https:\/\/www.kultura.cat\/en\/project\/contrebia-leucade-arqueological-site\/\" \/>\n<meta property=\"og:site_name\" content=\"Kultura\" \/>\n<meta property=\"article:modified_time\" content=\"2024-08-26T07:24:54+00:00\" \/>\n<meta property=\"og:image\" content=\"https:\/\/www.kultura.cat\/wp-content\/uploads\/2024\/08\/CONTREBIA-LEUCADE-MEMORIA-final_PROGRAMA-MEJORA-PATRIMONIO-CON-USO-TURISTICO.jpg\" \/>\n\t<meta property=\"og:image:width\" content=\"1400\" \/>\n\t<meta property=\"og:image:height\" content=\"788\" \/>\n\t<meta property=\"og:image:type\" content=\"image\/jpeg\" \/>\n<meta name=\"twitter:card\" content=\"summary_large_image\" \/>\n<meta name=\"twitter:label1\" content=\"Est. reading time\" \/>\n\t<meta name=\"twitter:data1\" content=\"3 minutes\" \/>\n<script type=\"application\/ld+json\" class=\"yoast-schema-graph\">{\"@context\":\"https:\/\/schema.org\",\"@graph\":[{\"@type\":\"WebPage\",\"@id\":\"https:\/\/www.kultura.cat\/en\/project\/contrebia-leucade-arqueological-site\/\",\"url\":\"https:\/\/www.kultura.cat\/en\/project\/contrebia-leucade-arqueological-site\/\",\"name\":\"Contrebia Leucade arqueological site - Kultura\",\"isPartOf\":{\"@id\":\"https:\/\/www.kultura.cat\/en\/#website\"},\"primaryImageOfPage\":{\"@id\":\"https:\/\/www.kultura.cat\/en\/project\/contrebia-leucade-arqueological-site\/#primaryimage\"},\"image\":{\"@id\":\"https:\/\/www.kultura.cat\/en\/project\/contrebia-leucade-arqueological-site\/#primaryimage\"},\"thumbnailUrl\":\"https:\/\/www.kultura.cat\/wp-content\/uploads\/2024\/08\/CONTREBIA-LEUCADE-MEMORIA-final_PROGRAMA-MEJORA-PATRIMONIO-CON-USO-TURISTICO.jpg\",\"datePublished\":\"2024-08-23T12:19:25+00:00\",\"dateModified\":\"2024-08-26T07:24:54+00:00\",\"breadcrumb\":{\"@id\":\"https:\/\/www.kultura.cat\/en\/project\/contrebia-leucade-arqueological-site\/#breadcrumb\"},\"inLanguage\":\"en-US\",\"potentialAction\":[{\"@type\":\"ReadAction\",\"target\":[\"https:\/\/www.kultura.cat\/en\/project\/contrebia-leucade-arqueological-site\/\"]}]},{\"@type\":\"ImageObject\",\"inLanguage\":\"en-US\",\"@id\":\"https:\/\/www.kultura.cat\/en\/project\/contrebia-leucade-arqueological-site\/#primaryimage\",\"url\":\"https:\/\/www.kultura.cat\/wp-content\/uploads\/2024\/08\/CONTREBIA-LEUCADE-MEMORIA-final_PROGRAMA-MEJORA-PATRIMONIO-CON-USO-TURISTICO.jpg\",\"contentUrl\":\"https:\/\/www.kultura.cat\/wp-content\/uploads\/2024\/08\/CONTREBIA-LEUCADE-MEMORIA-final_PROGRAMA-MEJORA-PATRIMONIO-CON-USO-TURISTICO.jpg\",\"width\":1400,\"height\":788},{\"@type\":\"BreadcrumbList\",\"@id\":\"https:\/\/www.kultura.cat\/en\/project\/contrebia-leucade-arqueological-site\/#breadcrumb\",\"itemListElement\":[{\"@type\":\"ListItem\",\"position\":1,\"name\":\"Portada\",\"item\":\"https:\/\/www.kultura.cat\/en\/\"},{\"@type\":\"ListItem\",\"position\":2,\"name\":\"Projects\",\"item\":\"https:\/\/www.kultura.cat\/en\/project\/\"},{\"@type\":\"ListItem\",\"position\":3,\"name\":\"Contrebia Leucade arqueological site\"}]},{\"@type\":\"WebSite\",\"@id\":\"https:\/\/www.kultura.cat\/en\/#website\",\"url\":\"https:\/\/www.kultura.cat\/en\/\",\"name\":\"Kultura\",\"description\":\"Ideas y Estrategias para el Patrimonio\",\"potentialAction\":[{\"@type\":\"SearchAction\",\"target\":{\"@type\":\"EntryPoint\",\"urlTemplate\":\"https:\/\/www.kultura.cat\/en\/?s={search_term_string}\"},\"query-input\":{\"@type\":\"PropertyValueSpecification\",\"valueRequired\":true,\"valueName\":\"search_term_string\"}}],\"inLanguage\":\"en-US\"}]}<\/script>\n<!-- \/ Yoast SEO plugin. -->","yoast_head_json":{"title":"Contrebia Leucade arqueological site - Kultura","robots":{"index":"index","follow":"follow","max-snippet":"max-snippet:-1","max-image-preview":"max-image-preview:large","max-video-preview":"max-video-preview:-1"},"canonical":"https:\/\/www.kultura.cat\/en\/project\/contrebia-leucade-arqueological-site\/","og_locale":"en_US","og_type":"article","og_title":"Contrebia Leucade arqueological site - Kultura","og_description":"STRATEGIC PLANIFICATIONTechnical assistance for the application Consolidaci\u00f3 i millora d'accessibilitat del jaciment Contrebia Leucade. Programa de millora de competitivitat i dinamitzaci\u00f3 del patrimoni hist\u00f2ric amb \u00fas tur\u00edstic.Aguilar del R\u00edo Alhama, La Rioja. Execution dates 2022Technical assistance for the development and submission of the proposal \u00abCONSOLIDATION OF THE ROMAN WALL (L45-6F) AND IMPROVEMENT OF ACCESSIBILITY. ARCHAEOLOGICAL [&hellip;]","og_url":"https:\/\/www.kultura.cat\/en\/project\/contrebia-leucade-arqueological-site\/","og_site_name":"Kultura","article_modified_time":"2024-08-26T07:24:54+00:00","og_image":[{"width":1400,"height":788,"url":"https:\/\/www.kultura.cat\/wp-content\/uploads\/2024\/08\/CONTREBIA-LEUCADE-MEMORIA-final_PROGRAMA-MEJORA-PATRIMONIO-CON-USO-TURISTICO.jpg","type":"image\/jpeg"}],"twitter_card":"summary_large_image","twitter_misc":{"Est. reading time":"3 minutes"},"schema":{"@context":"https:\/\/schema.org","@graph":[{"@type":"WebPage","@id":"https:\/\/www.kultura.cat\/en\/project\/contrebia-leucade-arqueological-site\/","url":"https:\/\/www.kultura.cat\/en\/project\/contrebia-leucade-arqueological-site\/","name":"Contrebia Leucade arqueological site - Kultura","isPartOf":{"@id":"https:\/\/www.kultura.cat\/en\/#website"},"primaryImageOfPage":{"@id":"https:\/\/www.kultura.cat\/en\/project\/contrebia-leucade-arqueological-site\/#primaryimage"},"image":{"@id":"https:\/\/www.kultura.cat\/en\/project\/contrebia-leucade-arqueological-site\/#primaryimage"},"thumbnailUrl":"https:\/\/www.kultura.cat\/wp-content\/uploads\/2024\/08\/CONTREBIA-LEUCADE-MEMORIA-final_PROGRAMA-MEJORA-PATRIMONIO-CON-USO-TURISTICO.jpg","datePublished":"2024-08-23T12:19:25+00:00","dateModified":"2024-08-26T07:24:54+00:00","breadcrumb":{"@id":"https:\/\/www.kultura.cat\/en\/project\/contrebia-leucade-arqueological-site\/#breadcrumb"},"inLanguage":"en-US","potentialAction":[{"@type":"ReadAction","target":["https:\/\/www.kultura.cat\/en\/project\/contrebia-leucade-arqueological-site\/"]}]},{"@type":"ImageObject","inLanguage":"en-US","@id":"https:\/\/www.kultura.cat\/en\/project\/contrebia-leucade-arqueological-site\/#primaryimage","url":"https:\/\/www.kultura.cat\/wp-content\/uploads\/2024\/08\/CONTREBIA-LEUCADE-MEMORIA-final_PROGRAMA-MEJORA-PATRIMONIO-CON-USO-TURISTICO.jpg","contentUrl":"https:\/\/www.kultura.cat\/wp-content\/uploads\/2024\/08\/CONTREBIA-LEUCADE-MEMORIA-final_PROGRAMA-MEJORA-PATRIMONIO-CON-USO-TURISTICO.jpg","width":1400,"height":788},{"@type":"BreadcrumbList","@id":"https:\/\/www.kultura.cat\/en\/project\/contrebia-leucade-arqueological-site\/#breadcrumb","itemListElement":[{"@type":"ListItem","position":1,"name":"Portada","item":"https:\/\/www.kultura.cat\/en\/"},{"@type":"ListItem","position":2,"name":"Projects","item":"https:\/\/www.kultura.cat\/en\/project\/"},{"@type":"ListItem","position":3,"name":"Contrebia Leucade arqueological site"}]},{"@type":"WebSite","@id":"https:\/\/www.kultura.cat\/en\/#website","url":"https:\/\/www.kultura.cat\/en\/","name":"Kultura","description":"Ideas y Estrategias para el Patrimonio","potentialAction":[{"@type":"SearchAction","target":{"@type":"EntryPoint","urlTemplate":"https:\/\/www.kultura.cat\/en\/?s={search_term_string}"},"query-input":{"@type":"PropertyValueSpecification","valueRequired":true,"valueName":"search_term_string"}}],"inLanguage":"en-US"}]}},"_links":{"self":[{"href":"https:\/\/www.kultura.cat\/en\/wp-json\/wp\/v2\/project\/2068","targetHints":{"allow":["GET"]}}],"collection":[{"href":"https:\/\/www.kultura.cat\/en\/wp-json\/wp\/v2\/project"}],"about":[{"href":"https:\/\/www.kultura.cat\/en\/wp-json\/wp\/v2\/types\/project"}],"author":[{"embeddable":true,"href":"https:\/\/www.kultura.cat\/en\/wp-json\/wp\/v2\/users\/2"}],"replies":[{"embeddable":true,"href":"https:\/\/www.kultura.cat\/en\/wp-json\/wp\/v2\/comments?post=2068"}],"version-history":[{"count":27,"href":"https:\/\/www.kultura.cat\/en\/wp-json\/wp\/v2\/project\/2068\/revisions"}],"predecessor-version":[{"id":2132,"href":"https:\/\/www.kultura.cat\/en\/wp-json\/wp\/v2\/project\/2068\/revisions\/2132"}],"wp:featuredmedia":[{"embeddable":true,"href":"https:\/\/www.kultura.cat\/en\/wp-json\/wp\/v2\/media\/2064"}],"wp:attachment":[{"href":"https:\/\/www.kultura.cat\/en\/wp-json\/wp\/v2\/media?parent=2068"}],"wp:term":[{"taxonomy":"project_category","embeddable":true,"href":"https:\/\/www.kultura.cat\/en\/wp-json\/wp\/v2\/project_category?post=2068"},{"taxonomy":"project_tag","embeddable":true,"href":"https:\/\/www.kultura.cat\/en\/wp-json\/wp\/v2\/project_tag?post=2068"}],"curies":[{"name":"wp","href":"https:\/\/api.w.org\/{rel}","templated":true}]}}