{"id":1735,"date":"2023-12-19T16:59:06","date_gmt":"2023-12-19T16:59:06","guid":{"rendered":"https:\/\/www.kultura.cat\/project\/museu-carmen-thyssen\/"},"modified":"2024-09-05T08:18:45","modified_gmt":"2024-09-05T08:18:45","slug":"museu-carmen-thyssen","status":"publish","type":"project","link":"https:\/\/www.kultura.cat\/en\/project\/museu-carmen-thyssen\/","title":{"rendered":"Museu Carmen Thyssen"},"content":{"rendered":"<p>[et_pb_section fb_built=&#8221;1&#8243; admin_label=&#8221;section&#8221; _builder_version=&#8221;4.16&#8243; custom_padding=&#8221;0px||23px|||&#8221; global_colors_info=&#8221;{}&#8221;][et_pb_row admin_label=&#8221;row&#8221; _builder_version=&#8221;4.24.0&#8243; background_image=&#8221;https:\/\/www.kultura.cat\/wp-content\/uploads\/2023\/12\/PE_02_proj_pral.jpg&#8221; background_position=&#8221;top_left&#8221; background_repeat=&#8221;repeat&#8221; width=&#8221;100%&#8221; max_width=&#8221;2560px&#8221; height=&#8221;450px&#8221; max_height=&#8221;450px&#8221; custom_margin=&#8221;|auto|35px|auto||&#8221; custom_padding=&#8221;0px|||||&#8221; global_colors_info=&#8221;{}&#8221;][et_pb_column type=&#8221;4_4&#8243; _builder_version=&#8221;4.16&#8243; custom_padding=&#8221;|||&#8221; global_colors_info=&#8221;{}&#8221; custom_padding__hover=&#8221;|||&#8221;][\/et_pb_column][\/et_pb_row][et_pb_row admin_label=&#8221;row&#8221; _builder_version=&#8221;4.16&#8243; background_size=&#8221;initial&#8221; background_position=&#8221;top_left&#8221; background_repeat=&#8221;repeat&#8221; custom_padding=&#8221;1px|||||&#8221; global_colors_info=&#8221;{}&#8221;][et_pb_column type=&#8221;4_4&#8243; _builder_version=&#8221;4.16&#8243; custom_padding=&#8221;|||&#8221; global_colors_info=&#8221;{}&#8221; custom_padding__hover=&#8221;|||&#8221;][et_pb_text admin_label=&#8221;Text&#8221; _builder_version=&#8221;4.24.0&#8243; header_3_text_color=&#8221;#a0a0a0&#8243; header_3_font_size=&#8221;18px&#8221; background_size=&#8221;initial&#8221; background_position=&#8221;top_left&#8221; background_repeat=&#8221;repeat&#8221; custom_margin=&#8221;||20px|||&#8221; use_border_color=&#8221;off&#8221; border_color=&#8221;#ffffff&#8221; border_style=&#8221;solid&#8221; global_colors_info=&#8221;{}&#8221;]<\/p>\n<h3><b>STRATEGIC PLANIFICATION<\/b><\/h3>\n<p>[\/et_pb_text][et_pb_text admin_label=&#8221;Text&#8221; _builder_version=&#8221;4.24.0&#8243; background_size=&#8221;initial&#8221; background_position=&#8221;top_left&#8221; background_repeat=&#8221;repeat&#8221; custom_margin=&#8221;||3px|||&#8221; hover_enabled=&#8221;0&#8243; use_border_color=&#8221;off&#8221; border_color=&#8221;#ffffff&#8221; border_style=&#8221;solid&#8221; global_colors_info=&#8221;{}&#8221; sticky_enabled=&#8221;0&#8243;]<\/p>\n<h2 class=\"title\"><b>Development of the use and feasibility plan<\/b><\/h2>\n<h1 class=\"title\"><b>Museu Carmen Thyssen<\/b><\/h1>\n<p>[\/et_pb_text][et_pb_text admin_label=&#8221;Text&#8221; _builder_version=&#8221;4.24.0&#8243; background_size=&#8221;initial&#8221; background_position=&#8221;top_left&#8221; background_repeat=&#8221;repeat&#8221; use_border_color=&#8221;off&#8221; border_color=&#8221;#ffffff&#8221; border_style=&#8221;solid&#8221; global_colors_info=&#8221;{}&#8221;]<\/p>\n<h3><b>Sant Feliu de Gu\u00edxols, Girona.<\/b><\/h3>\n<h3>Execution dates 2018<\/h3>\n<p>[\/et_pb_text][\/et_pb_column][\/et_pb_row][et_pb_row column_structure=&#8221;3_4,1_4&#8243; admin_label=&#8221;row&#8221; _builder_version=&#8221;4.16&#8243; background_size=&#8221;initial&#8221; background_position=&#8221;top_left&#8221; background_repeat=&#8221;repeat&#8221; custom_padding=&#8221;4px|||||&#8221; global_colors_info=&#8221;{}&#8221;][et_pb_column type=&#8221;3_4&#8243; _builder_version=&#8221;4.16&#8243; custom_padding=&#8221;|||&#8221; global_colors_info=&#8221;{}&#8221; custom_padding__hover=&#8221;|||&#8221;][et_pb_text admin_label=&#8221;Text&#8221; _builder_version=&#8221;4.24.0&#8243; header_4_line_height=&#8221;1.4em&#8221; background_size=&#8221;initial&#8221; background_position=&#8221;top_left&#8221; background_repeat=&#8221;repeat&#8221; use_border_color=&#8221;off&#8221; border_color=&#8221;#ffffff&#8221; border_style=&#8221;solid&#8221; global_colors_info=&#8221;{}&#8221;]<\/p>\n<p><strong>Creation and definition of the museological discourse, the strategic approach, the plan of use and the viability plan of the Carmen Thyssen Museum, Benedictine monastery of Sant Feliu de Gu\u00edxols.<\/strong><\/p>\n<p>Preparation of a proposal that establishes the identity of the Carmen Thyssen museum (mission and values), the definition of its functions, the services it will promote, and the economic projection of operation; all this under sustainability criteria and preventive conservation. It had its starting point in the analysis of the origins of the idea of the museum, the previous exhibitions held in the Carmen Thyssen space of the Monasterio, the Director Plan of the building, the preliminary project of the building, and the analysis of the collection.<\/p>\n<p>This document served as a reference for the formalization of the final architectural project of the museum building. The renovation works began in 2023 with the objective of opening in 2025.<\/p>\n<p>[\/et_pb_text][\/et_pb_column][et_pb_column type=&#8221;1_4&#8243; _builder_version=&#8221;4.16&#8243; custom_padding=&#8221;|||&#8221; global_colors_info=&#8221;{}&#8221; custom_padding__hover=&#8221;|||&#8221;][et_pb_text admin_label=&#8221;Text&#8221; _builder_version=&#8221;4.24.0&#8243; background_size=&#8221;initial&#8221; background_position=&#8221;top_left&#8221; background_repeat=&#8221;repeat&#8221; hover_enabled=&#8221;0&#8243; use_border_color=&#8221;off&#8221; border_color=&#8221;#ffffff&#8221; border_style=&#8221;solid&#8221; global_colors_info=&#8221;{}&#8221; sticky_enabled=&#8221;0&#8243;]<\/p>\n<h4>Project carried out for:<\/h4>\n<p><span style=\"font-weight: 400;\">Private foundation Centre d\u2019Art Col\u00b7lecci\u00f3 Catalana de Sant Feliu de Gu\u00edxols.<\/span><\/p>\n<p>&nbsp;<\/p>\n<h4>More:<\/h4>\n<p><a href=\"https:\/\/www.lavanguardia.com\/cultura\/20220729\/8438669\/thyssen-sant-feliu-guixols-abrira-2025.html\" target=\"_blank\" rel=\"noopener\">La Vanguardia<\/a><\/p>\n<p><a href=\"http:\/\/www.espaicarmenthyssen.com\/ca\/\" target=\"_blank\" rel=\"noopener\">Espai Carmen Thyssen<\/a><\/p>\n<p>[\/et_pb_text][\/et_pb_column][\/et_pb_row][\/et_pb_section][et_pb_section fb_built=&#8221;1&#8243; admin_label=&#8221;section&#8221; _builder_version=&#8221;4.16&#8243; background_color=&#8221;#f7f7f7&#8243; custom_padding=&#8221;26px||28px|||&#8221; locked=&#8221;off&#8221; global_colors_info=&#8221;{}&#8221;][et_pb_row admin_label=&#8221;row&#8221; _builder_version=&#8221;4.16&#8243; background_size=&#8221;initial&#8221; background_position=&#8221;top_left&#8221; background_repeat=&#8221;repeat&#8221; custom_padding=&#8221;14px|||||&#8221; global_colors_info=&#8221;{}&#8221;][et_pb_column type=&#8221;4_4&#8243; _builder_version=&#8221;4.16&#8243; custom_padding=&#8221;|||&#8221; global_colors_info=&#8221;{}&#8221; custom_padding__hover=&#8221;|||&#8221;][et_pb_text _builder_version=&#8221;4.24.0&#8243; _module_preset=&#8221;default&#8221; header_2_text_color=&#8221;#bc1d4d&#8221; custom_margin=&#8221;||21px|||&#8221; global_colors_info=&#8221;{}&#8221;]<\/p>\n<h2 style=\"text-align: center;\">Gallery<\/h2>\n<p>[\/et_pb_text][et_pb_gallery gallery_ids=&#8221;1940,1942&#8243; fullwidth=&#8221;on&#8221; admin_label=&#8221;Galer\u00eda&#8221; _builder_version=&#8221;4.23.1&#8243; caption_all_caps=&#8221;off&#8221; auto=&#8221;on&#8221; auto_speed=&#8221;5000&#8243; use_border_color=&#8221;off&#8221; border_color=&#8221;#ffffff&#8221; border_style=&#8221;solid&#8221; locked=&#8221;off&#8221; global_colors_info=&#8221;{}&#8221;] [\/et_pb_gallery][\/et_pb_column][\/et_pb_row][et_pb_row _builder_version=&#8221;4.24.0&#8243; _module_preset=&#8221;default&#8221; locked=&#8221;off&#8221; global_colors_info=&#8221;{}&#8221;][et_pb_column type=&#8221;4_4&#8243; _builder_version=&#8221;4.24.0&#8243; _module_preset=&#8221;default&#8221; global_colors_info=&#8221;{}&#8221;][et_pb_text _builder_version=&#8221;4.24.0&#8243; _module_preset=&#8221;default&#8221; header_2_text_color=&#8221;#bc1d4d&#8221; custom_margin=&#8221;||21px|||&#8221; global_colors_info=&#8221;{}&#8221;]<\/p>\n<h2 style=\"text-align: center;\">Related projects<\/h2>\n<p>[\/et_pb_text][et_pb_portfolio fullwidth=&#8221;off&#8221; posts_number=&#8221;4&#8243; include_categories=&#8221;7&#8243; show_categories=&#8221;off&#8221; show_pagination=&#8221;off&#8221; zoom_icon_color=&#8221;#bc1d4d&#8221; hover_icon=&#8221;&#x50;||divi||400&#8243; _builder_version=&#8221;4.24.0&#8243; _module_preset=&#8221;default&#8221; title_text_color=&#8221;rgba(0,0,0,0.76)&#8221; title_font_size=&#8221;14px&#8221; locked=&#8221;off&#8221; global_colors_info=&#8221;{}&#8221;][\/et_pb_portfolio][\/et_pb_column][\/et_pb_row][\/et_pb_section][et_pb_section fb_built=&#8221;1&#8243; custom_padding_last_edited=&#8221;on|desktop&#8221; admin_label=&#8221;section&#8221; _builder_version=&#8221;4.24.0&#8243; background_image=&#8221;https:\/\/www.kultura.cat\/wp-content\/uploads\/2023\/12\/PE_02_Gallery__0001_Capa-1.jpg&#8221; parallax=&#8221;on&#8221; parallax_method=&#8221;off&#8221; custom_padding_tablet=&#8221;50px|0|50px|0&#8243; custom_padding_phone=&#8221;&#8221; transparent_background=&#8221;off&#8221; padding_mobile=&#8221;off&#8221; make_fullwidth=&#8221;off&#8221; use_custom_width=&#8221;off&#8221; width_unit=&#8221;on&#8221; global_colors_info=&#8221;{}&#8221;][et_pb_row admin_label=&#8221;row&#8221; _builder_version=&#8221;4.16&#8243; background_size=&#8221;initial&#8221; background_position=&#8221;top_left&#8221; background_repeat=&#8221;repeat&#8221; global_colors_info=&#8221;{}&#8221;][et_pb_column type=&#8221;4_4&#8243; _builder_version=&#8221;4.16&#8243; custom_padding=&#8221;|||&#8221; global_colors_info=&#8221;{}&#8221; custom_padding__hover=&#8221;|||&#8221;][et_pb_cta title=&#8221;Do you like what we do?&#8221; button_url=&#8221;mailto:info@kultura.cat&#8221; url_new_window=&#8221;on&#8221; button_text=&#8221;Contact us&#8221; admin_label=&#8221;Call To Action&#8221; _builder_version=&#8221;4.24.0&#8243; use_background_color=&#8221;off&#8221; background_size=&#8221;initial&#8221; background_position=&#8221;top_left&#8221; background_repeat=&#8221;repeat&#8221; link_option_url_new_window=&#8221;on&#8221; use_border_color=&#8221;off&#8221; border_color=&#8221;#ffffff&#8221; border_style=&#8221;solid&#8221; button_letter_spacing_hover=&#8221;0&#8243; global_colors_info=&#8221;{}&#8221; button_text_size__hover_enabled=&#8221;off&#8221; button_one_text_size__hover_enabled=&#8221;off&#8221; button_two_text_size__hover_enabled=&#8221;off&#8221; button_text_color__hover_enabled=&#8221;off&#8221; button_one_text_color__hover_enabled=&#8221;off&#8221; button_two_text_color__hover_enabled=&#8221;off&#8221; button_border_width__hover_enabled=&#8221;off&#8221; button_one_border_width__hover_enabled=&#8221;off&#8221; button_two_border_width__hover_enabled=&#8221;off&#8221; button_border_color__hover_enabled=&#8221;off&#8221; button_one_border_color__hover_enabled=&#8221;off&#8221; button_two_border_color__hover_enabled=&#8221;off&#8221; button_border_radius__hover_enabled=&#8221;off&#8221; button_one_border_radius__hover_enabled=&#8221;off&#8221; button_two_border_radius__hover_enabled=&#8221;off&#8221; button_letter_spacing__hover_enabled=&#8221;on&#8221; button_letter_spacing__hover=&#8221;0&#8243; button_one_letter_spacing__hover_enabled=&#8221;off&#8221; button_two_letter_spacing__hover_enabled=&#8221;off&#8221; button_bg_color__hover_enabled=&#8221;off&#8221; button_one_bg_color__hover_enabled=&#8221;off&#8221; button_two_bg_color__hover_enabled=&#8221;off&#8221;][\/et_pb_cta][\/et_pb_column][\/et_pb_row][\/et_pb_section]<\/p>\n","protected":false},"excerpt":{"rendered":"<p>Creaci\u00f3n i definici\u00f3 del discurs museol\u00f2gic, l\u2019enfocament estrat\u00e8gic, el pla d\u2019usos i el pla de viabilitat del Museu Carmen Thyssen, monestir benedict\u00ed de Sant Feliu de Gu\u00edxols.<\/p>\n","protected":false},"author":1,"featured_media":1736,"comment_status":"open","ping_status":"closed","template":"","meta":{"_et_pb_use_builder":"on","_et_pb_old_content":"","_et_gb_content_width":"","footnotes":""},"project_category":[33,34],"project_tag":[],"class_list":["post-1735","project","type-project","status-publish","has-post-thumbnail","hentry","project_category-planificacio-estrategica-en","project_category-ultimo-en"],"yoast_head":"<!-- This site is optimized with the Yoast SEO plugin v24.8.1 - https:\/\/yoast.com\/wordpress\/plugins\/seo\/ -->\n<title>Museu Carmen Thyssen - Kultura<\/title>\n<meta name=\"robots\" content=\"index, follow, max-snippet:-1, max-image-preview:large, max-video-preview:-1\" \/>\n<link rel=\"canonical\" href=\"https:\/\/www.kultura.cat\/en\/project\/museu-carmen-thyssen\/\" \/>\n<meta property=\"og:locale\" content=\"en_US\" \/>\n<meta property=\"og:type\" content=\"article\" \/>\n<meta property=\"og:title\" content=\"Museu Carmen Thyssen - Kultura\" \/>\n<meta property=\"og:description\" content=\"Creaci\u00f3n i definici\u00f3 del discurs museol\u00f2gic, l\u2019enfocament estrat\u00e8gic, el pla d\u2019usos i el pla de viabilitat del Museu Carmen Thyssen, monestir benedict\u00ed de Sant Feliu de Gu\u00edxols.\" \/>\n<meta property=\"og:url\" content=\"https:\/\/www.kultura.cat\/en\/project\/museu-carmen-thyssen\/\" \/>\n<meta property=\"og:site_name\" content=\"Kultura\" \/>\n<meta property=\"article:modified_time\" content=\"2024-09-05T08:18:45+00:00\" \/>\n<meta property=\"og:image\" content=\"https:\/\/www.kultura.cat\/wp-content\/uploads\/2023\/12\/PE_02_proj_pral.jpg\" \/>\n\t<meta property=\"og:image:width\" content=\"1600\" \/>\n\t<meta property=\"og:image:height\" content=\"777\" \/>\n\t<meta property=\"og:image:type\" content=\"image\/jpeg\" \/>\n<meta name=\"twitter:card\" content=\"summary_large_image\" \/>\n<meta name=\"twitter:label1\" content=\"Est. reading time\" \/>\n\t<meta name=\"twitter:data1\" content=\"2 minutes\" \/>\n<script type=\"application\/ld+json\" class=\"yoast-schema-graph\">{\"@context\":\"https:\/\/schema.org\",\"@graph\":[{\"@type\":\"WebPage\",\"@id\":\"https:\/\/www.kultura.cat\/en\/project\/museu-carmen-thyssen\/\",\"url\":\"https:\/\/www.kultura.cat\/en\/project\/museu-carmen-thyssen\/\",\"name\":\"Museu Carmen Thyssen - Kultura\",\"isPartOf\":{\"@id\":\"https:\/\/www.kultura.cat\/en\/#website\"},\"primaryImageOfPage\":{\"@id\":\"https:\/\/www.kultura.cat\/en\/project\/museu-carmen-thyssen\/#primaryimage\"},\"image\":{\"@id\":\"https:\/\/www.kultura.cat\/en\/project\/museu-carmen-thyssen\/#primaryimage\"},\"thumbnailUrl\":\"https:\/\/www.kultura.cat\/wp-content\/uploads\/2023\/12\/PE_02_proj_pral.jpg\",\"datePublished\":\"2023-12-19T16:59:06+00:00\",\"dateModified\":\"2024-09-05T08:18:45+00:00\",\"breadcrumb\":{\"@id\":\"https:\/\/www.kultura.cat\/en\/project\/museu-carmen-thyssen\/#breadcrumb\"},\"inLanguage\":\"en-US\",\"potentialAction\":[{\"@type\":\"ReadAction\",\"target\":[\"https:\/\/www.kultura.cat\/en\/project\/museu-carmen-thyssen\/\"]}]},{\"@type\":\"ImageObject\",\"inLanguage\":\"en-US\",\"@id\":\"https:\/\/www.kultura.cat\/en\/project\/museu-carmen-thyssen\/#primaryimage\",\"url\":\"https:\/\/www.kultura.cat\/wp-content\/uploads\/2023\/12\/PE_02_proj_pral.jpg\",\"contentUrl\":\"https:\/\/www.kultura.cat\/wp-content\/uploads\/2023\/12\/PE_02_proj_pral.jpg\",\"width\":1600,\"height\":777},{\"@type\":\"BreadcrumbList\",\"@id\":\"https:\/\/www.kultura.cat\/en\/project\/museu-carmen-thyssen\/#breadcrumb\",\"itemListElement\":[{\"@type\":\"ListItem\",\"position\":1,\"name\":\"Portada\",\"item\":\"https:\/\/www.kultura.cat\/en\/\"},{\"@type\":\"ListItem\",\"position\":2,\"name\":\"Projects\",\"item\":\"https:\/\/www.kultura.cat\/en\/project\/\"},{\"@type\":\"ListItem\",\"position\":3,\"name\":\"Museu Carmen Thyssen\"}]},{\"@type\":\"WebSite\",\"@id\":\"https:\/\/www.kultura.cat\/en\/#website\",\"url\":\"https:\/\/www.kultura.cat\/en\/\",\"name\":\"Kultura\",\"description\":\"Ideas y Estrategias para el Patrimonio\",\"potentialAction\":[{\"@type\":\"SearchAction\",\"target\":{\"@type\":\"EntryPoint\",\"urlTemplate\":\"https:\/\/www.kultura.cat\/en\/?s={search_term_string}\"},\"query-input\":{\"@type\":\"PropertyValueSpecification\",\"valueRequired\":true,\"valueName\":\"search_term_string\"}}],\"inLanguage\":\"en-US\"}]}<\/script>\n<!-- \/ Yoast SEO plugin. -->","yoast_head_json":{"title":"Museu Carmen Thyssen - Kultura","robots":{"index":"index","follow":"follow","max-snippet":"max-snippet:-1","max-image-preview":"max-image-preview:large","max-video-preview":"max-video-preview:-1"},"canonical":"https:\/\/www.kultura.cat\/en\/project\/museu-carmen-thyssen\/","og_locale":"en_US","og_type":"article","og_title":"Museu Carmen Thyssen - Kultura","og_description":"Creaci\u00f3n i definici\u00f3 del discurs museol\u00f2gic, l\u2019enfocament estrat\u00e8gic, el pla d\u2019usos i el pla de viabilitat del Museu Carmen Thyssen, monestir benedict\u00ed de Sant Feliu de Gu\u00edxols.","og_url":"https:\/\/www.kultura.cat\/en\/project\/museu-carmen-thyssen\/","og_site_name":"Kultura","article_modified_time":"2024-09-05T08:18:45+00:00","og_image":[{"width":1600,"height":777,"url":"https:\/\/www.kultura.cat\/wp-content\/uploads\/2023\/12\/PE_02_proj_pral.jpg","type":"image\/jpeg"}],"twitter_card":"summary_large_image","twitter_misc":{"Est. reading time":"2 minutes"},"schema":{"@context":"https:\/\/schema.org","@graph":[{"@type":"WebPage","@id":"https:\/\/www.kultura.cat\/en\/project\/museu-carmen-thyssen\/","url":"https:\/\/www.kultura.cat\/en\/project\/museu-carmen-thyssen\/","name":"Museu Carmen Thyssen - Kultura","isPartOf":{"@id":"https:\/\/www.kultura.cat\/en\/#website"},"primaryImageOfPage":{"@id":"https:\/\/www.kultura.cat\/en\/project\/museu-carmen-thyssen\/#primaryimage"},"image":{"@id":"https:\/\/www.kultura.cat\/en\/project\/museu-carmen-thyssen\/#primaryimage"},"thumbnailUrl":"https:\/\/www.kultura.cat\/wp-content\/uploads\/2023\/12\/PE_02_proj_pral.jpg","datePublished":"2023-12-19T16:59:06+00:00","dateModified":"2024-09-05T08:18:45+00:00","breadcrumb":{"@id":"https:\/\/www.kultura.cat\/en\/project\/museu-carmen-thyssen\/#breadcrumb"},"inLanguage":"en-US","potentialAction":[{"@type":"ReadAction","target":["https:\/\/www.kultura.cat\/en\/project\/museu-carmen-thyssen\/"]}]},{"@type":"ImageObject","inLanguage":"en-US","@id":"https:\/\/www.kultura.cat\/en\/project\/museu-carmen-thyssen\/#primaryimage","url":"https:\/\/www.kultura.cat\/wp-content\/uploads\/2023\/12\/PE_02_proj_pral.jpg","contentUrl":"https:\/\/www.kultura.cat\/wp-content\/uploads\/2023\/12\/PE_02_proj_pral.jpg","width":1600,"height":777},{"@type":"BreadcrumbList","@id":"https:\/\/www.kultura.cat\/en\/project\/museu-carmen-thyssen\/#breadcrumb","itemListElement":[{"@type":"ListItem","position":1,"name":"Portada","item":"https:\/\/www.kultura.cat\/en\/"},{"@type":"ListItem","position":2,"name":"Projects","item":"https:\/\/www.kultura.cat\/en\/project\/"},{"@type":"ListItem","position":3,"name":"Museu Carmen Thyssen"}]},{"@type":"WebSite","@id":"https:\/\/www.kultura.cat\/en\/#website","url":"https:\/\/www.kultura.cat\/en\/","name":"Kultura","description":"Ideas y Estrategias para el Patrimonio","potentialAction":[{"@type":"SearchAction","target":{"@type":"EntryPoint","urlTemplate":"https:\/\/www.kultura.cat\/en\/?s={search_term_string}"},"query-input":{"@type":"PropertyValueSpecification","valueRequired":true,"valueName":"search_term_string"}}],"inLanguage":"en-US"}]}},"_links":{"self":[{"href":"https:\/\/www.kultura.cat\/en\/wp-json\/wp\/v2\/project\/1735","targetHints":{"allow":["GET"]}}],"collection":[{"href":"https:\/\/www.kultura.cat\/en\/wp-json\/wp\/v2\/project"}],"about":[{"href":"https:\/\/www.kultura.cat\/en\/wp-json\/wp\/v2\/types\/project"}],"author":[{"embeddable":true,"href":"https:\/\/www.kultura.cat\/en\/wp-json\/wp\/v2\/users\/1"}],"replies":[{"embeddable":true,"href":"https:\/\/www.kultura.cat\/en\/wp-json\/wp\/v2\/comments?post=1735"}],"version-history":[{"count":9,"href":"https:\/\/www.kultura.cat\/en\/wp-json\/wp\/v2\/project\/1735\/revisions"}],"predecessor-version":[{"id":2154,"href":"https:\/\/www.kultura.cat\/en\/wp-json\/wp\/v2\/project\/1735\/revisions\/2154"}],"wp:featuredmedia":[{"embeddable":true,"href":"https:\/\/www.kultura.cat\/en\/wp-json\/wp\/v2\/media\/1736"}],"wp:attachment":[{"href":"https:\/\/www.kultura.cat\/en\/wp-json\/wp\/v2\/media?parent=1735"}],"wp:term":[{"taxonomy":"project_category","embeddable":true,"href":"https:\/\/www.kultura.cat\/en\/wp-json\/wp\/v2\/project_category?post=1735"},{"taxonomy":"project_tag","embeddable":true,"href":"https:\/\/www.kultura.cat\/en\/wp-json\/wp\/v2\/project_tag?post=1735"}],"curies":[{"name":"wp","href":"https:\/\/api.w.org\/{rel}","templated":true}]}}