{"id":1728,"date":"2023-12-19T10:23:13","date_gmt":"2023-12-19T10:23:13","guid":{"rendered":"https:\/\/www.kultura.cat\/project\/menorca-talaiotica\/"},"modified":"2024-09-05T08:21:43","modified_gmt":"2024-09-05T08:21:43","slug":"menorca-talaiotica","status":"publish","type":"project","link":"https:\/\/www.kultura.cat\/en\/project\/menorca-talaiotica\/","title":{"rendered":"Talayotic Menorca"},"content":{"rendered":"<p>[et_pb_section fb_built=&#8221;1&#8243; admin_label=&#8221;section&#8221; _builder_version=&#8221;4.16&#8243; custom_padding=&#8221;0px||23px|||&#8221; global_colors_info=&#8221;{}&#8221;][et_pb_row admin_label=&#8221;row&#8221; _builder_version=&#8221;4.24.0&#8243; background_image=&#8221;https:\/\/www.kultura.cat\/wp-content\/uploads\/2023\/11\/20211009_100351_pral.jpg&#8221; background_repeat=&#8221;repeat&#8221; width=&#8221;100%&#8221; max_width=&#8221;2560px&#8221; height=&#8221;450px&#8221; max_height=&#8221;450px&#8221; custom_margin=&#8221;|auto|36px|auto||&#8221; custom_padding=&#8221;0px|||||&#8221; global_colors_info=&#8221;{}&#8221;][et_pb_column type=&#8221;4_4&#8243; _builder_version=&#8221;4.16&#8243; custom_padding=&#8221;|||&#8221; global_colors_info=&#8221;{}&#8221; custom_padding__hover=&#8221;|||&#8221;][\/et_pb_column][\/et_pb_row][et_pb_row admin_label=&#8221;row&#8221; _builder_version=&#8221;4.16&#8243; background_size=&#8221;initial&#8221; background_position=&#8221;top_left&#8221; background_repeat=&#8221;repeat&#8221; custom_padding=&#8221;1px|||||&#8221; global_colors_info=&#8221;{}&#8221;][et_pb_column type=&#8221;4_4&#8243; _builder_version=&#8221;4.16&#8243; custom_padding=&#8221;|||&#8221; global_colors_info=&#8221;{}&#8221; custom_padding__hover=&#8221;|||&#8221;][et_pb_text admin_label=&#8221;Text&#8221; _builder_version=&#8221;4.24.0&#8243; header_3_text_color=&#8221;#a0a0a0&#8243; header_3_font_size=&#8221;18px&#8221; background_size=&#8221;initial&#8221; background_position=&#8221;top_left&#8221; background_repeat=&#8221;repeat&#8221; custom_margin=&#8221;||20px|||&#8221; use_border_color=&#8221;off&#8221; border_color=&#8221;#ffffff&#8221; border_style=&#8221;solid&#8221; global_colors_info=&#8221;{}&#8221;]<\/p>\n<h3><b>STRATEGIC PLANIFICATION<\/b><\/h3>\n<p>[\/et_pb_text][et_pb_text admin_label=&#8221;Text&#8221; _builder_version=&#8221;4.24.0&#8243; background_size=&#8221;initial&#8221; background_position=&#8221;top_left&#8221; background_repeat=&#8221;repeat&#8221; custom_margin=&#8221;||3px|||&#8221; use_border_color=&#8221;off&#8221; border_color=&#8221;#ffffff&#8221; border_style=&#8221;solid&#8221; global_colors_info=&#8221;{}&#8221;]<\/p>\n<h2><b>Development of the management plan<\/b><\/h2>\n<h1 class=\"title\"><b><em>Menorca Talai\u00f2tica, <i>una odissea cicl\u00f2pia insular<\/i><\/em><br \/><\/b><\/h1>\n<p>[\/et_pb_text][et_pb_text admin_label=&#8221;Text&#8221; _builder_version=&#8221;4.24.0&#8243; background_size=&#8221;initial&#8221; background_position=&#8221;top_left&#8221; background_repeat=&#8221;repeat&#8221; use_border_color=&#8221;off&#8221; border_color=&#8221;#ffffff&#8221; border_style=&#8221;solid&#8221; global_colors_info=&#8221;{}&#8221;]<\/p>\n<h3><b>Menorca.<\/b><\/h3>\n<h3>Excetution data 2021<\/h3>\n<p>[\/et_pb_text][\/et_pb_column][\/et_pb_row][et_pb_row column_structure=&#8221;3_4,1_4&#8243; admin_label=&#8221;row&#8221; _builder_version=&#8221;4.16&#8243; background_size=&#8221;initial&#8221; background_position=&#8221;top_left&#8221; background_repeat=&#8221;repeat&#8221; custom_padding=&#8221;4px|||||&#8221; global_colors_info=&#8221;{}&#8221;][et_pb_column type=&#8221;3_4&#8243; _builder_version=&#8221;4.16&#8243; custom_padding=&#8221;|||&#8221; global_colors_info=&#8221;{}&#8221; custom_padding__hover=&#8221;|||&#8221;][et_pb_text admin_label=&#8221;Text&#8221; _builder_version=&#8221;4.24.0&#8243; header_4_line_height=&#8221;1.4em&#8221; background_size=&#8221;initial&#8221; background_position=&#8221;top_left&#8221; background_repeat=&#8221;repeat&#8221; use_border_color=&#8221;off&#8221; border_color=&#8221;#ffffff&#8221; border_style=&#8221;solid&#8221; global_colors_info=&#8221;{}&#8221;]<\/p>\n<p><b>Development of the management plan for the Talayotic Menorca candidacy as a UNESCO world heritage site, which establishes the principles of the organization and management of the different areas of the archaeological heritage: protect, research, conserve and disseminate, always with the aim of guaranteeing exceptional universal value, authenticity and integrity of this heritage.<\/b><\/p>\n<p><span style=\"font-weight: 400;\">The plan includes a diagnosis of the heritage that is part of the candidacy, evaluating the significance, values, state of research, conservation, risks, capacity of communication and involvement with the community. The diagnosis has been the basis for establishing the project\u2019s objectives and the action plan, in which the action programs are defined to ensure the development of the policies of protection, conservation, research, dissemination, management, socialization and community participation in the framework of the archaeological heritage of Menorca\u2019s prehistory.<\/span><\/p>\n<p><b>On September 18, 2023, Talayotic Menorca was recognized as a UNESCO world heritage site.<\/b><\/p>\n<p>[\/et_pb_text][et_pb_text admin_label=&#8221;Text&#8221; _builder_version=&#8221;4.24.0&#8243; header_4_line_height=&#8221;1.4em&#8221; background_size=&#8221;initial&#8221; background_position=&#8221;top_left&#8221; background_repeat=&#8221;repeat&#8221; hover_enabled=&#8221;0&#8243; use_border_color=&#8221;off&#8221; border_color=&#8221;#ffffff&#8221; border_style=&#8221;solid&#8221; global_colors_info=&#8221;{}&#8221; sticky_enabled=&#8221;0&#8243;]<\/p>\n<p><b>PRESS<\/b><\/p>\n<p>EL PAIS<br \/><a href=\"https:\/\/elpais.com\/cultura\/2023-09-18\/menorca-se-une-a-la-lista-de-patrimonio-mundial-de-la-unesco-por-sus-yacimientos-prehistoricos.html\" target=\"_blank\" rel=\"noopener\">Menorca se une a la Lista de Patrimonio Mundial de la Unesco por sus yacimientos prehist\u00f3ricos<\/a><\/p>\n<p><span style=\"font-weight: 400;\">LA MONCLOA<br \/><a href=\"https:\/\/www.lamoncloa.gob.es\/serviciosdeprensa\/notasprensa\/cultura\/Paginas\/2023\/180923-menorca-talayotica-patrimonio-unesco.aspx\" target=\"_blank\" rel=\"noopener\">Espa\u00f1a alcanza con &#8216;Menorca Talay\u00f3tica&#8217; la 50\u00aa inscripci\u00f3n en la Lista del Patrimonio Mundial de la UNESCO<\/a> <\/span><\/p>\n<p><span style=\"font-weight: 400;\">RTVE<br \/><a href=\"https:\/\/www.rtve.es\/noticias\/20230918\/unesco-declara-yacimientos-menorca-talayotica-como-patrimonio-mundial\/2456209.shtml\" target=\"_blank\" rel=\"noopener\">La Unesco declara los yacimientos de Menorca Talay\u00f3tica como Patrimonio Mundial <\/a><\/span><span style=\"font-weight: 400;\"><\/span><\/p>\n<p><span style=\"font-weight: 400;\"><a href=\"https:\/\/www.caib.es\/pidip2front\/ficha_noticia.xhtml;jsessionid=8wK5Uqz9JxvWzsPkJTDDJfSqmH7_i84Ye8HCzSVa.sapplin24?lang=es&amp;urlSemantica=strongMenorca-Talayoacutetica-inscrita-como-Patrimonio-Mundial-de-la-UNESCOstrong\u2013\" target=\"_blank\" rel=\"noopener\">Menorca Talay\u00f3tica, inscrita como Patrimonio Mundial de la UNESCO<\/a> <\/span><\/p>\n<p>[\/et_pb_text][\/et_pb_column][et_pb_column type=&#8221;1_4&#8243; _builder_version=&#8221;4.16&#8243; custom_padding=&#8221;|||&#8221; global_colors_info=&#8221;{}&#8221; custom_padding__hover=&#8221;|||&#8221;][et_pb_text admin_label=&#8221;Text&#8221; _builder_version=&#8221;4.24.0&#8243; background_size=&#8221;initial&#8221; background_position=&#8221;top_left&#8221; background_repeat=&#8221;repeat&#8221; hover_enabled=&#8221;0&#8243; use_border_color=&#8221;off&#8221; border_color=&#8221;#ffffff&#8221; border_style=&#8221;solid&#8221; global_colors_info=&#8221;{}&#8221; custom_padding=&#8221;||0px|||&#8221; sticky_enabled=&#8221;0&#8243;]<\/p>\n<h4>Project carried out for:<\/h4>\n<p><span style=\"font-weight: 400;\">Consell Insular de Menorca (CIMe)<\/span><\/p>\n<p>&nbsp;<\/p>\n<h4>More:<\/h4>\n<p><a href=\"https:\/\/www.menorcatalayotica.info\" target=\"_blank\" rel=\"noopener\">Menorca Talai\u00f2tica<\/a><\/p>\n<p>[\/et_pb_text][\/et_pb_column][\/et_pb_row][\/et_pb_section][et_pb_section fb_built=&#8221;1&#8243; admin_label=&#8221;section&#8221; _builder_version=&#8221;4.16&#8243; background_color=&#8221;#f7f7f7&#8243; custom_padding=&#8221;26px||28px|||&#8221; global_colors_info=&#8221;{}&#8221;][et_pb_row admin_label=&#8221;row&#8221; _builder_version=&#8221;4.16&#8243; background_size=&#8221;initial&#8221; background_position=&#8221;top_left&#8221; background_repeat=&#8221;repeat&#8221; custom_padding=&#8221;14px|||||&#8221; global_colors_info=&#8221;{}&#8221;][et_pb_column type=&#8221;4_4&#8243; _builder_version=&#8221;4.16&#8243; custom_padding=&#8221;|||&#8221; global_colors_info=&#8221;{}&#8221; custom_padding__hover=&#8221;|||&#8221;][et_pb_text _builder_version=&#8221;4.24.0&#8243; _module_preset=&#8221;default&#8221; header_2_text_color=&#8221;#bc1d4d&#8221; custom_margin=&#8221;||21px|||&#8221; global_colors_info=&#8221;{}&#8221;]<\/p>\n<h2 style=\"text-align: center;\">Gallery<\/h2>\n<p>[\/et_pb_text][et_pb_gallery gallery_ids=&#8221;1964,1965,1966,1967,1968,1969,1970,1971,1972,1973,1974,1975,1976,1977&#8243; fullwidth=&#8221;on&#8221; admin_label=&#8221;Galer\u00eda&#8221; _builder_version=&#8221;4.23.1&#8243; caption_all_caps=&#8221;off&#8221; auto=&#8221;on&#8221; auto_speed=&#8221;5000&#8243; use_border_color=&#8221;off&#8221; border_color=&#8221;#ffffff&#8221; border_style=&#8221;solid&#8221; global_colors_info=&#8221;{}&#8221;] [\/et_pb_gallery][\/et_pb_column][\/et_pb_row][et_pb_row _builder_version=&#8221;4.24.0&#8243; _module_preset=&#8221;default&#8221; locked=&#8221;off&#8221; global_colors_info=&#8221;{}&#8221;][et_pb_column type=&#8221;4_4&#8243; _builder_version=&#8221;4.24.0&#8243; _module_preset=&#8221;default&#8221; global_colors_info=&#8221;{}&#8221;][et_pb_text _builder_version=&#8221;4.24.0&#8243; _module_preset=&#8221;default&#8221; header_2_text_color=&#8221;#bc1d4d&#8221; custom_margin=&#8221;||21px|||&#8221; global_colors_info=&#8221;{}&#8221;]<\/p>\n<h2 style=\"text-align: center;\">Related projects<\/h2>\n<p>[\/et_pb_text][et_pb_portfolio fullwidth=&#8221;off&#8221; posts_number=&#8221;4&#8243; include_categories=&#8221;7&#8243; show_categories=&#8221;off&#8221; show_pagination=&#8221;off&#8221; zoom_icon_color=&#8221;#bc1d4d&#8221; hover_icon=&#8221;&#x50;||divi||400&#8243; _builder_version=&#8221;4.24.0&#8243; _module_preset=&#8221;default&#8221; title_text_color=&#8221;rgba(0,0,0,0.76)&#8221; title_font_size=&#8221;14px&#8221; locked=&#8221;off&#8221; global_colors_info=&#8221;{}&#8221;][\/et_pb_portfolio][\/et_pb_column][\/et_pb_row][\/et_pb_section][et_pb_section fb_built=&#8221;1&#8243; custom_padding_last_edited=&#8221;on|desktop&#8221; admin_label=&#8221;section&#8221; _builder_version=&#8221;4.24.0&#8243; background_image=&#8221;https:\/\/www.kultura.cat\/wp-content\/uploads\/2023\/11\/Menorca_0002_Capa-11.jpg&#8221; parallax=&#8221;on&#8221; parallax_method=&#8221;off&#8221; custom_padding_tablet=&#8221;50px|0|50px|0&#8243; custom_padding_phone=&#8221;&#8221; transparent_background=&#8221;off&#8221; padding_mobile=&#8221;off&#8221; make_fullwidth=&#8221;off&#8221; use_custom_width=&#8221;off&#8221; width_unit=&#8221;on&#8221; global_colors_info=&#8221;{}&#8221;][et_pb_row admin_label=&#8221;row&#8221; _builder_version=&#8221;4.16&#8243; background_size=&#8221;initial&#8221; background_position=&#8221;top_left&#8221; background_repeat=&#8221;repeat&#8221; global_colors_info=&#8221;{}&#8221;][et_pb_column type=&#8221;4_4&#8243; _builder_version=&#8221;4.16&#8243; custom_padding=&#8221;|||&#8221; global_colors_info=&#8221;{}&#8221; custom_padding__hover=&#8221;|||&#8221;][et_pb_cta title=&#8221;Do you like our work?&#8221; button_url=&#8221;mailto:info@kultura.cat&#8221; url_new_window=&#8221;on&#8221; button_text=&#8221;Contact us&#8221; admin_label=&#8221;Call To Action&#8221; _builder_version=&#8221;4.24.0&#8243; use_background_color=&#8221;off&#8221; background_size=&#8221;initial&#8221; background_position=&#8221;top_left&#8221; background_repeat=&#8221;repeat&#8221; link_option_url_new_window=&#8221;on&#8221; use_border_color=&#8221;off&#8221; border_color=&#8221;#ffffff&#8221; border_style=&#8221;solid&#8221; button_letter_spacing_hover=&#8221;0&#8243; global_colors_info=&#8221;{}&#8221; button_text_size__hover_enabled=&#8221;off&#8221; button_one_text_size__hover_enabled=&#8221;off&#8221; button_two_text_size__hover_enabled=&#8221;off&#8221; button_text_color__hover_enabled=&#8221;off&#8221; button_one_text_color__hover_enabled=&#8221;off&#8221; button_two_text_color__hover_enabled=&#8221;off&#8221; button_border_width__hover_enabled=&#8221;off&#8221; button_one_border_width__hover_enabled=&#8221;off&#8221; button_two_border_width__hover_enabled=&#8221;off&#8221; button_border_color__hover_enabled=&#8221;off&#8221; button_one_border_color__hover_enabled=&#8221;off&#8221; button_two_border_color__hover_enabled=&#8221;off&#8221; button_border_radius__hover_enabled=&#8221;off&#8221; button_one_border_radius__hover_enabled=&#8221;off&#8221; button_two_border_radius__hover_enabled=&#8221;off&#8221; button_letter_spacing__hover_enabled=&#8221;on&#8221; button_letter_spacing__hover=&#8221;0&#8243; button_one_letter_spacing__hover_enabled=&#8221;off&#8221; button_two_letter_spacing__hover_enabled=&#8221;off&#8221; button_bg_color__hover_enabled=&#8221;off&#8221; button_one_bg_color__hover_enabled=&#8221;off&#8221; button_two_bg_color__hover_enabled=&#8221;off&#8221;][\/et_pb_cta][\/et_pb_column][\/et_pb_row][\/et_pb_section]<\/p>\n","protected":false},"excerpt":{"rendered":"<p>Redacci\u00f3 del pla de gesti\u00f3 de la candidatura Menorca Talai\u00f2tica com patrimoni mundial UNESCO, que estableix els principis de l\u2019organitzaci\u00f3 i la gesti\u00f3 dels diferents \u00e0mbits del patrimoni arqueol\u00f2gic: protegir, investigar, conservar i difondre, sempre amb l\u2019objectiu de garantir el valor universal excepcional, l\u2019autenticitat i la integritat d\u2019aquest patrimoni.<\/p>\n","protected":false},"author":1,"featured_media":1729,"comment_status":"open","ping_status":"closed","template":"","meta":{"_et_pb_use_builder":"on","_et_pb_old_content":"","_et_gb_content_width":"","footnotes":""},"project_category":[33,34],"project_tag":[],"class_list":["post-1728","project","type-project","status-publish","has-post-thumbnail","hentry","project_category-planificacio-estrategica-en","project_category-ultimo-en"],"yoast_head":"<!-- This site is optimized with the Yoast SEO plugin v24.8.1 - https:\/\/yoast.com\/wordpress\/plugins\/seo\/ -->\n<title>Talayotic Menorca - Kultura<\/title>\n<meta name=\"robots\" content=\"index, follow, max-snippet:-1, max-image-preview:large, max-video-preview:-1\" \/>\n<link rel=\"canonical\" href=\"https:\/\/www.kultura.cat\/en\/project\/menorca-talaiotica\/\" \/>\n<meta property=\"og:locale\" content=\"en_US\" \/>\n<meta property=\"og:type\" content=\"article\" \/>\n<meta property=\"og:title\" content=\"Talayotic Menorca - Kultura\" \/>\n<meta property=\"og:description\" content=\"Redacci\u00f3 del pla de gesti\u00f3 de la candidatura Menorca Talai\u00f2tica com patrimoni mundial UNESCO, que estableix els principis de l\u2019organitzaci\u00f3 i la gesti\u00f3 dels diferents \u00e0mbits del patrimoni arqueol\u00f2gic: protegir, investigar, conservar i difondre, sempre amb l\u2019objectiu de garantir el valor universal excepcional, l\u2019autenticitat i la integritat d\u2019aquest patrimoni.\" \/>\n<meta property=\"og:url\" content=\"https:\/\/www.kultura.cat\/en\/project\/menorca-talaiotica\/\" \/>\n<meta property=\"og:site_name\" content=\"Kultura\" \/>\n<meta property=\"article:modified_time\" content=\"2024-09-05T08:21:43+00:00\" \/>\n<meta property=\"og:image\" content=\"https:\/\/www.kultura.cat\/wp-content\/uploads\/2023\/12\/proj_pral_PE_01.jpg\" \/>\n\t<meta property=\"og:image:width\" content=\"1600\" \/>\n\t<meta property=\"og:image:height\" content=\"777\" \/>\n\t<meta property=\"og:image:type\" content=\"image\/jpeg\" \/>\n<meta name=\"twitter:card\" content=\"summary_large_image\" \/>\n<meta name=\"twitter:label1\" content=\"Est. reading time\" \/>\n\t<meta name=\"twitter:data1\" content=\"2 minutes\" \/>\n<script type=\"application\/ld+json\" class=\"yoast-schema-graph\">{\"@context\":\"https:\/\/schema.org\",\"@graph\":[{\"@type\":\"WebPage\",\"@id\":\"https:\/\/www.kultura.cat\/en\/project\/menorca-talaiotica\/\",\"url\":\"https:\/\/www.kultura.cat\/en\/project\/menorca-talaiotica\/\",\"name\":\"Talayotic Menorca - Kultura\",\"isPartOf\":{\"@id\":\"https:\/\/www.kultura.cat\/en\/#website\"},\"primaryImageOfPage\":{\"@id\":\"https:\/\/www.kultura.cat\/en\/project\/menorca-talaiotica\/#primaryimage\"},\"image\":{\"@id\":\"https:\/\/www.kultura.cat\/en\/project\/menorca-talaiotica\/#primaryimage\"},\"thumbnailUrl\":\"https:\/\/www.kultura.cat\/wp-content\/uploads\/2023\/12\/proj_pral_PE_01.jpg\",\"datePublished\":\"2023-12-19T10:23:13+00:00\",\"dateModified\":\"2024-09-05T08:21:43+00:00\",\"breadcrumb\":{\"@id\":\"https:\/\/www.kultura.cat\/en\/project\/menorca-talaiotica\/#breadcrumb\"},\"inLanguage\":\"en-US\",\"potentialAction\":[{\"@type\":\"ReadAction\",\"target\":[\"https:\/\/www.kultura.cat\/en\/project\/menorca-talaiotica\/\"]}]},{\"@type\":\"ImageObject\",\"inLanguage\":\"en-US\",\"@id\":\"https:\/\/www.kultura.cat\/en\/project\/menorca-talaiotica\/#primaryimage\",\"url\":\"https:\/\/www.kultura.cat\/wp-content\/uploads\/2023\/12\/proj_pral_PE_01.jpg\",\"contentUrl\":\"https:\/\/www.kultura.cat\/wp-content\/uploads\/2023\/12\/proj_pral_PE_01.jpg\",\"width\":1600,\"height\":777},{\"@type\":\"BreadcrumbList\",\"@id\":\"https:\/\/www.kultura.cat\/en\/project\/menorca-talaiotica\/#breadcrumb\",\"itemListElement\":[{\"@type\":\"ListItem\",\"position\":1,\"name\":\"Portada\",\"item\":\"https:\/\/www.kultura.cat\/en\/\"},{\"@type\":\"ListItem\",\"position\":2,\"name\":\"Projects\",\"item\":\"https:\/\/www.kultura.cat\/en\/project\/\"},{\"@type\":\"ListItem\",\"position\":3,\"name\":\"Talayotic Menorca\"}]},{\"@type\":\"WebSite\",\"@id\":\"https:\/\/www.kultura.cat\/en\/#website\",\"url\":\"https:\/\/www.kultura.cat\/en\/\",\"name\":\"Kultura\",\"description\":\"Ideas y Estrategias para el Patrimonio\",\"potentialAction\":[{\"@type\":\"SearchAction\",\"target\":{\"@type\":\"EntryPoint\",\"urlTemplate\":\"https:\/\/www.kultura.cat\/en\/?s={search_term_string}\"},\"query-input\":{\"@type\":\"PropertyValueSpecification\",\"valueRequired\":true,\"valueName\":\"search_term_string\"}}],\"inLanguage\":\"en-US\"}]}<\/script>\n<!-- \/ Yoast SEO plugin. -->","yoast_head_json":{"title":"Talayotic Menorca - Kultura","robots":{"index":"index","follow":"follow","max-snippet":"max-snippet:-1","max-image-preview":"max-image-preview:large","max-video-preview":"max-video-preview:-1"},"canonical":"https:\/\/www.kultura.cat\/en\/project\/menorca-talaiotica\/","og_locale":"en_US","og_type":"article","og_title":"Talayotic Menorca - Kultura","og_description":"Redacci\u00f3 del pla de gesti\u00f3 de la candidatura Menorca Talai\u00f2tica com patrimoni mundial UNESCO, que estableix els principis de l\u2019organitzaci\u00f3 i la gesti\u00f3 dels diferents \u00e0mbits del patrimoni arqueol\u00f2gic: protegir, investigar, conservar i difondre, sempre amb l\u2019objectiu de garantir el valor universal excepcional, l\u2019autenticitat i la integritat d\u2019aquest patrimoni.","og_url":"https:\/\/www.kultura.cat\/en\/project\/menorca-talaiotica\/","og_site_name":"Kultura","article_modified_time":"2024-09-05T08:21:43+00:00","og_image":[{"width":1600,"height":777,"url":"https:\/\/www.kultura.cat\/wp-content\/uploads\/2023\/12\/proj_pral_PE_01.jpg","type":"image\/jpeg"}],"twitter_card":"summary_large_image","twitter_misc":{"Est. reading time":"2 minutes"},"schema":{"@context":"https:\/\/schema.org","@graph":[{"@type":"WebPage","@id":"https:\/\/www.kultura.cat\/en\/project\/menorca-talaiotica\/","url":"https:\/\/www.kultura.cat\/en\/project\/menorca-talaiotica\/","name":"Talayotic Menorca - Kultura","isPartOf":{"@id":"https:\/\/www.kultura.cat\/en\/#website"},"primaryImageOfPage":{"@id":"https:\/\/www.kultura.cat\/en\/project\/menorca-talaiotica\/#primaryimage"},"image":{"@id":"https:\/\/www.kultura.cat\/en\/project\/menorca-talaiotica\/#primaryimage"},"thumbnailUrl":"https:\/\/www.kultura.cat\/wp-content\/uploads\/2023\/12\/proj_pral_PE_01.jpg","datePublished":"2023-12-19T10:23:13+00:00","dateModified":"2024-09-05T08:21:43+00:00","breadcrumb":{"@id":"https:\/\/www.kultura.cat\/en\/project\/menorca-talaiotica\/#breadcrumb"},"inLanguage":"en-US","potentialAction":[{"@type":"ReadAction","target":["https:\/\/www.kultura.cat\/en\/project\/menorca-talaiotica\/"]}]},{"@type":"ImageObject","inLanguage":"en-US","@id":"https:\/\/www.kultura.cat\/en\/project\/menorca-talaiotica\/#primaryimage","url":"https:\/\/www.kultura.cat\/wp-content\/uploads\/2023\/12\/proj_pral_PE_01.jpg","contentUrl":"https:\/\/www.kultura.cat\/wp-content\/uploads\/2023\/12\/proj_pral_PE_01.jpg","width":1600,"height":777},{"@type":"BreadcrumbList","@id":"https:\/\/www.kultura.cat\/en\/project\/menorca-talaiotica\/#breadcrumb","itemListElement":[{"@type":"ListItem","position":1,"name":"Portada","item":"https:\/\/www.kultura.cat\/en\/"},{"@type":"ListItem","position":2,"name":"Projects","item":"https:\/\/www.kultura.cat\/en\/project\/"},{"@type":"ListItem","position":3,"name":"Talayotic Menorca"}]},{"@type":"WebSite","@id":"https:\/\/www.kultura.cat\/en\/#website","url":"https:\/\/www.kultura.cat\/en\/","name":"Kultura","description":"Ideas y Estrategias para el Patrimonio","potentialAction":[{"@type":"SearchAction","target":{"@type":"EntryPoint","urlTemplate":"https:\/\/www.kultura.cat\/en\/?s={search_term_string}"},"query-input":{"@type":"PropertyValueSpecification","valueRequired":true,"valueName":"search_term_string"}}],"inLanguage":"en-US"}]}},"_links":{"self":[{"href":"https:\/\/www.kultura.cat\/en\/wp-json\/wp\/v2\/project\/1728","targetHints":{"allow":["GET"]}}],"collection":[{"href":"https:\/\/www.kultura.cat\/en\/wp-json\/wp\/v2\/project"}],"about":[{"href":"https:\/\/www.kultura.cat\/en\/wp-json\/wp\/v2\/types\/project"}],"author":[{"embeddable":true,"href":"https:\/\/www.kultura.cat\/en\/wp-json\/wp\/v2\/users\/1"}],"replies":[{"embeddable":true,"href":"https:\/\/www.kultura.cat\/en\/wp-json\/wp\/v2\/comments?post=1728"}],"version-history":[{"count":13,"href":"https:\/\/www.kultura.cat\/en\/wp-json\/wp\/v2\/project\/1728\/revisions"}],"predecessor-version":[{"id":2158,"href":"https:\/\/www.kultura.cat\/en\/wp-json\/wp\/v2\/project\/1728\/revisions\/2158"}],"wp:featuredmedia":[{"embeddable":true,"href":"https:\/\/www.kultura.cat\/en\/wp-json\/wp\/v2\/media\/1729"}],"wp:attachment":[{"href":"https:\/\/www.kultura.cat\/en\/wp-json\/wp\/v2\/media?parent=1728"}],"wp:term":[{"taxonomy":"project_category","embeddable":true,"href":"https:\/\/www.kultura.cat\/en\/wp-json\/wp\/v2\/project_category?post=1728"},{"taxonomy":"project_tag","embeddable":true,"href":"https:\/\/www.kultura.cat\/en\/wp-json\/wp\/v2\/project_tag?post=1728"}],"curies":[{"name":"wp","href":"https:\/\/api.w.org\/{rel}","templated":true}]}}