{"id":1445,"date":"2024-01-12T08:22:11","date_gmt":"2024-01-12T08:22:11","guid":{"rendered":"https:\/\/www.kultura.cat\/politica-de-privacidad\/"},"modified":"2024-08-12T10:53:55","modified_gmt":"2024-08-12T10:53:55","slug":"privacy-policy","status":"publish","type":"page","link":"https:\/\/www.kultura.cat\/en\/privacy-policy\/","title":{"rendered":"Privacy policy"},"content":{"rendered":"<p>[et_pb_section fb_built=&#8221;1&#8243; admin_label=&#8221;section&#8221; _builder_version=&#8221;4.16&#8243; global_colors_info=&#8221;{}&#8221;][et_pb_row admin_label=&#8221;row&#8221; _builder_version=&#8221;4.16&#8243; background_size=&#8221;initial&#8221; background_position=&#8221;top_left&#8221; background_repeat=&#8221;repeat&#8221; global_colors_info=&#8221;{}&#8221;][et_pb_column type=&#8221;4_4&#8243; _builder_version=&#8221;4.16&#8243; custom_padding=&#8221;|||&#8221; global_colors_info=&#8221;{}&#8221; custom_padding__hover=&#8221;|||&#8221;][et_pb_text admin_label=&#8221;Text&#8221; _builder_version=&#8221;4.24.0&#8243; background_size=&#8221;initial&#8221; background_position=&#8221;top_left&#8221; background_repeat=&#8221;repeat&#8221; hover_enabled=&#8221;0&#8243; global_colors_info=&#8221;{}&#8221; sticky_enabled=&#8221;0&#8243;]<\/p>\n<h2><strong><span>Privacy Policy<\/span><\/strong><\/h2>\n<p><span>Last updated: January 2024.<\/span><\/p>\n<p>&nbsp;<\/p>\n<h4><strong><span><\/span><\/strong><span><strong>INFORMATION TO USERS<\/strong><\/span><\/h4>\n<p><strong><span>KULTURA Ideas and Strategies for Heritage<\/span><\/strong><span>, as Data Controller, informs you that, in accordance with Regulation (EU) 2016\/679, of April 27 (GDPR) and Organic Law 3\/2018, of December 5, on the Protection of Personal Data and Guarantee of Digital Rights (LOPDGDD), we will process your data as reflected in this Privacy Policy.<\/span><\/p>\n<p>In this Privacy Policy, we describe how we collect your personal data, why we collect it, what we do with it, who we share it with, how we protect it, and your options regarding the processing of your personal data.<\/p>\n<p>This Policy applies to the processing of your personal data collected by the company for the provision of its services. By accepting the measures of this Policy, you consent to us processing your personal data as defined in this Policy.<\/p>\n<p><span>\u00a0<\/span><\/p>\n<h4><strong><span> CONTACT<\/span><\/strong><\/h4>\n<p><span>Registered company name: <strong>KULTURA IDEAS AND STRATEGIES FOR HERITAGE SL<\/strong><\/span><\/p>\n<p><span>Trade name: <strong>KULTURA Ideas and strategies for heritage<\/strong><\/span><\/p>\n<p><span>CIF: <strong>B63124523<\/strong><\/span><\/p>\n<p><span>Adress: <strong>C\/ Rossend Nobas, 33 P.Bj. 08018, Barcelona<\/strong><\/span><\/p>\n<p><span>e-mail: <strong>administracion@kultura.cat<\/strong><\/span><\/p>\n<p><span>\u00a0<\/span><\/p>\n<h4><strong><span> KEY PRINCIPLES<\/span><\/strong><\/h4>\n<p>We have always been committed to providing our services with the highest degree of quality, which includes handling your data with security and transparency. Our principles are:<\/p>\n<ul>\n<li><strong>Legality:<\/strong> We will only collect your personal data for specific, explicit, and legitimate purposes.<\/li>\n<li><strong>Data Minimization:<\/strong> We limit the collection of personal data to what is strictly relevant and necessary for the purposes for which it was collected.<\/li>\n<li><strong>Purpose Limitation:<\/strong> We will only collect your personal data for the stated purposes and only according to your wishes.<\/li>\n<li><strong>Accuracy:<\/strong> We will keep your personal data accurate and up-to-date.<\/li>\n<li><strong>Data Security:<\/strong> We apply appropriate technical and organizational measures proportional to the risks to ensure that your data is not damaged, such as unauthorized disclosure or access, accidental or unlawful destruction, or accidental loss or alteration, and any other form of unlawful processing.<\/li>\n<li><strong>Access and Rectification:<\/strong> We provide means for you to access or rectify your data when you deem it appropriate.<\/li>\n<li><strong>Retention:<\/strong> We retain your personal data in a legal and appropriate manner and only for as long as necessary for the purposes for which it was collected.<\/li>\n<li><strong>International Transfers:<\/strong> When your data is to be transferred outside the EU\/EEA, it will be adequately protected.<\/li>\n<li><strong>Third Parties:<\/strong> Access to and transfer of personal data to third parties are carried out in accordance with applicable laws and regulations and with appropriate contractual guarantees.<\/li>\n<li><strong>Direct Marketing and Cookies:<\/strong> We comply with applicable advertising and cookie legislation.<\/li>\n<\/ul>\n<h4><strong><span><\/span><\/strong><\/h4>\n<p><strong><span><\/span><\/strong><\/p>\n<h4><strong><span>COLLECTION AND PROCESSING OF YOUR PERSONAL DATA<\/span><\/strong><\/h4>\n<p><span style=\"font-weight: 400;\">The types of data that may be requested and processed are:<\/span><\/p>\n<ul>\n<li style=\"font-weight: 400;\" aria-level=\"1\"><span style=\"font-weight: 400;\">Identifying data.<\/span><\/li>\n<\/ul>\n<p><span style=\"font-weight: 400;\">We also automatically collect data about your visit to our website as described in the cookie policy.<\/span><\/p>\n<p><span style=\"font-weight: 400;\">Whenever we request your Personal Data, we will clearly inform you of what personal data we collect and for what purpose. In general, we collect and process your personal data for the purpose of:<\/span><\/p>\n<ul>\n<li style=\"font-weight: 400;\" aria-level=\"1\"><span style=\"font-weight: 400;\">Providing information, services, products, relevant information, and updates in the sector.<\/span><\/li>\n<li style=\"font-weight: 400;\" aria-level=\"1\"><span style=\"font-weight: 400;\">Sending communications.<\/span><\/li>\n<\/ul>\n<h4><\/h4>\n<h4><strong><span>LEGITIMACY<\/span><\/strong><\/h4>\n<p><span style=\"font-weight: 400;\">In accordance with applicable data protection regulations, your personal data may be processed whenever:<\/span><\/p>\n<ul>\n<li style=\"font-weight: 400;\" aria-level=\"1\"><span style=\"font-weight: 400;\">You have given us your consent for the processing. Of course, you may withdraw your consent at any time.<\/span><\/li>\n<li style=\"font-weight: 400;\" aria-level=\"1\"><span style=\"font-weight: 400;\">By legal requirement.<\/span><\/li>\n<li style=\"font-weight: 400;\" aria-level=\"1\"><span style=\"font-weight: 400;\">Due to the existence of a legitimate interest that is not undermined by your privacy rights, such as sending commercial information either by subscribing to our newsletter or by your status as a customer.<\/span><\/li>\n<li style=\"font-weight: 400;\" aria-level=\"1\"><span style=\"font-weight: 400;\">It is necessary for the provision of any of our services through a contractual relationship between you and us.<\/span><\/li>\n<\/ul>\n<h4><strong><span><\/span><\/strong><\/h4>\n<h4><strong><span>DISCLOSURE OF PERSONAL DATA<\/span><\/strong><\/h4>\n<p><span style=\"font-weight: 400;\">The data may be disclosed to companies related to <strong>KULTURA Ideas and Strategies for Heritage<\/strong> for the provision of various services as Data Processors. The company will not make any transfers, except by legal obligation.<\/span><\/p>\n<h4><strong><span> RIGHTS<\/span><\/strong><\/h4>\n<p><span style=\"font-weight: 400;\">In relation to the collection and processing of your personal data, you can contact us at any time to:<\/span><\/p>\n<ul>\n<li style=\"font-weight: 400;\" aria-level=\"1\"><span style=\"font-weight: 400;\">Access your personal data and any other information indicated in Article 15.1 of the GDPR.<\/span><\/li>\n<li style=\"font-weight: 400;\" aria-level=\"1\"><span style=\"font-weight: 400;\">Rectify your personal data that are inaccurate or incomplete in accordance with Article 16 of the GDPR.<\/span><\/li>\n<li style=\"font-weight: 400;\" aria-level=\"1\"><span style=\"font-weight: 400;\">Delete your personal data in accordance with Article 17 of the GDPR.<\/span><\/li>\n<li style=\"font-weight: 400;\" aria-level=\"1\"><span style=\"font-weight: 400;\">Limit the processing of your personal data in accordance with Article 18 of the GDPR.<\/span><\/li>\n<li style=\"font-weight: 400;\" aria-level=\"1\"><span style=\"font-weight: 400;\">Request the portability of your data in accordance with Article 20 of the GDPR.<\/span><\/li>\n<li style=\"font-weight: 400;\" aria-level=\"1\"><span style=\"font-weight: 400;\">Object to the processing of your personal data in accordance with Article 21 of the GDPR.<\/span><\/li>\n<\/ul>\n<p><span style=\"font-weight: 400;\">If you have given your consent for a specific purpose, you have the right to withdraw the consent granted at any time, without affecting the lawfulness of the processing based on the prior consent before its withdrawal.<\/span><\/p>\n<p><span style=\"font-weight: 400;\">You can exercise these rights by sending a reasoned and accredited communication to <strong>administracion@kultura.cat.<\/strong><\/span><\/p>\n<p><span><span style=\"font-weight: 400;\">You also have the right to lodge a complaint with the competent supervisory authority <\/span> (<a href=\"https:\/\/www.aepd.es\/es\">www.aepd.es<\/a>) <span style=\"font-weight: 400;\">if you consider that the processing does not comply with current regulations.<\/span><\/span><\/p>\n<h4><strong><span>LEGAL INFORMATION<\/span><\/strong><\/h4>\n<p><span style=\"font-weight: 400;\">The requirements of this Policy complement, and do not replace, any other requirements existing under the applicable data protection law, which shall prevail in any case.<\/span><\/p>\n<p><span style=\"font-weight: 400;\">This Policy is subject to periodic revisions, and the company may modify it at any time. When this occurs, we will notify you of any changes and ask you to review the latest version of our Policy and confirm your acceptance.<\/span><\/p>\n<p>&nbsp;<\/p>\n<p>[\/et_pb_text][\/et_pb_column][\/et_pb_row][\/et_pb_section]<\/p>\n","protected":false},"excerpt":{"rendered":"<p>KULTURA Ideas y Estrategias para el Patrimonio, como Responsable del Tratamiento, le informa que, seg\u00fan lo dispuesto en el Reglamento (UE) 2016\/679, de 27 de abril, (RGPD) y en la L.O. 3\/2018, de 5 de diciembre, de protecci\u00f3n de datos y garant\u00eda de los derechos digitales (LOPDGDD), trataremos su datos tal y como reflejamos en la presente Pol\u00edtica de Privacidad.<\/p>\n","protected":false},"author":1,"featured_media":0,"parent":0,"menu_order":0,"comment_status":"closed","ping_status":"closed","template":"","meta":{"_et_pb_use_builder":"on","_et_pb_old_content":"","_et_gb_content_width":"","footnotes":""},"class_list":["post-1445","page","type-page","status-publish","hentry"],"yoast_head":"<!-- This site is optimized with the Yoast SEO plugin v24.8.1 - https:\/\/yoast.com\/wordpress\/plugins\/seo\/ -->\n<title>Privacy policy - Kultura<\/title>\n<meta name=\"robots\" content=\"index, follow, max-snippet:-1, max-image-preview:large, max-video-preview:-1\" \/>\n<link rel=\"canonical\" href=\"https:\/\/www.kultura.cat\/en\/privacy-policy\/\" \/>\n<meta property=\"og:locale\" content=\"en_US\" \/>\n<meta property=\"og:type\" content=\"article\" \/>\n<meta property=\"og:title\" content=\"Privacy policy - Kultura\" \/>\n<meta property=\"og:description\" content=\"KULTURA Ideas y Estrategias para el Patrimonio, como Responsable del Tratamiento, le informa que, seg\u00fan lo dispuesto en el Reglamento (UE) 2016\/679, de 27 de abril, (RGPD) y en la L.O. 3\/2018, de 5 de diciembre, de protecci\u00f3n de datos y garant\u00eda de los derechos digitales (LOPDGDD), trataremos su datos tal y como reflejamos en la presente Pol\u00edtica de Privacidad.\" \/>\n<meta property=\"og:url\" content=\"https:\/\/www.kultura.cat\/en\/privacy-policy\/\" \/>\n<meta property=\"og:site_name\" content=\"Kultura\" \/>\n<meta property=\"article:modified_time\" content=\"2024-08-12T10:53:55+00:00\" \/>\n<meta name=\"twitter:card\" content=\"summary_large_image\" \/>\n<meta name=\"twitter:label1\" content=\"Est. reading time\" \/>\n\t<meta name=\"twitter:data1\" content=\"6 minutes\" \/>\n<script type=\"application\/ld+json\" class=\"yoast-schema-graph\">{\"@context\":\"https:\/\/schema.org\",\"@graph\":[{\"@type\":\"WebPage\",\"@id\":\"https:\/\/www.kultura.cat\/en\/privacy-policy\/\",\"url\":\"https:\/\/www.kultura.cat\/en\/privacy-policy\/\",\"name\":\"Privacy policy - Kultura\",\"isPartOf\":{\"@id\":\"https:\/\/www.kultura.cat\/en\/#website\"},\"datePublished\":\"2024-01-12T08:22:11+00:00\",\"dateModified\":\"2024-08-12T10:53:55+00:00\",\"breadcrumb\":{\"@id\":\"https:\/\/www.kultura.cat\/en\/privacy-policy\/#breadcrumb\"},\"inLanguage\":\"en-US\",\"potentialAction\":[{\"@type\":\"ReadAction\",\"target\":[\"https:\/\/www.kultura.cat\/en\/privacy-policy\/\"]}]},{\"@type\":\"BreadcrumbList\",\"@id\":\"https:\/\/www.kultura.cat\/en\/privacy-policy\/#breadcrumb\",\"itemListElement\":[{\"@type\":\"ListItem\",\"position\":1,\"name\":\"Portada\",\"item\":\"https:\/\/www.kultura.cat\/en\/\"},{\"@type\":\"ListItem\",\"position\":2,\"name\":\"Privacy policy\"}]},{\"@type\":\"WebSite\",\"@id\":\"https:\/\/www.kultura.cat\/en\/#website\",\"url\":\"https:\/\/www.kultura.cat\/en\/\",\"name\":\"Kultura\",\"description\":\"Ideas y Estrategias para el Patrimonio\",\"potentialAction\":[{\"@type\":\"SearchAction\",\"target\":{\"@type\":\"EntryPoint\",\"urlTemplate\":\"https:\/\/www.kultura.cat\/en\/?s={search_term_string}\"},\"query-input\":{\"@type\":\"PropertyValueSpecification\",\"valueRequired\":true,\"valueName\":\"search_term_string\"}}],\"inLanguage\":\"en-US\"}]}<\/script>\n<!-- \/ Yoast SEO plugin. -->","yoast_head_json":{"title":"Privacy policy - Kultura","robots":{"index":"index","follow":"follow","max-snippet":"max-snippet:-1","max-image-preview":"max-image-preview:large","max-video-preview":"max-video-preview:-1"},"canonical":"https:\/\/www.kultura.cat\/en\/privacy-policy\/","og_locale":"en_US","og_type":"article","og_title":"Privacy policy - Kultura","og_description":"KULTURA Ideas y Estrategias para el Patrimonio, como Responsable del Tratamiento, le informa que, seg\u00fan lo dispuesto en el Reglamento (UE) 2016\/679, de 27 de abril, (RGPD) y en la L.O. 3\/2018, de 5 de diciembre, de protecci\u00f3n de datos y garant\u00eda de los derechos digitales (LOPDGDD), trataremos su datos tal y como reflejamos en la presente Pol\u00edtica de Privacidad.","og_url":"https:\/\/www.kultura.cat\/en\/privacy-policy\/","og_site_name":"Kultura","article_modified_time":"2024-08-12T10:53:55+00:00","twitter_card":"summary_large_image","twitter_misc":{"Est. reading time":"6 minutes"},"schema":{"@context":"https:\/\/schema.org","@graph":[{"@type":"WebPage","@id":"https:\/\/www.kultura.cat\/en\/privacy-policy\/","url":"https:\/\/www.kultura.cat\/en\/privacy-policy\/","name":"Privacy policy - Kultura","isPartOf":{"@id":"https:\/\/www.kultura.cat\/en\/#website"},"datePublished":"2024-01-12T08:22:11+00:00","dateModified":"2024-08-12T10:53:55+00:00","breadcrumb":{"@id":"https:\/\/www.kultura.cat\/en\/privacy-policy\/#breadcrumb"},"inLanguage":"en-US","potentialAction":[{"@type":"ReadAction","target":["https:\/\/www.kultura.cat\/en\/privacy-policy\/"]}]},{"@type":"BreadcrumbList","@id":"https:\/\/www.kultura.cat\/en\/privacy-policy\/#breadcrumb","itemListElement":[{"@type":"ListItem","position":1,"name":"Portada","item":"https:\/\/www.kultura.cat\/en\/"},{"@type":"ListItem","position":2,"name":"Privacy policy"}]},{"@type":"WebSite","@id":"https:\/\/www.kultura.cat\/en\/#website","url":"https:\/\/www.kultura.cat\/en\/","name":"Kultura","description":"Ideas y Estrategias para el Patrimonio","potentialAction":[{"@type":"SearchAction","target":{"@type":"EntryPoint","urlTemplate":"https:\/\/www.kultura.cat\/en\/?s={search_term_string}"},"query-input":{"@type":"PropertyValueSpecification","valueRequired":true,"valueName":"search_term_string"}}],"inLanguage":"en-US"}]}},"_links":{"self":[{"href":"https:\/\/www.kultura.cat\/en\/wp-json\/wp\/v2\/pages\/1445","targetHints":{"allow":["GET"]}}],"collection":[{"href":"https:\/\/www.kultura.cat\/en\/wp-json\/wp\/v2\/pages"}],"about":[{"href":"https:\/\/www.kultura.cat\/en\/wp-json\/wp\/v2\/types\/page"}],"author":[{"embeddable":true,"href":"https:\/\/www.kultura.cat\/en\/wp-json\/wp\/v2\/users\/1"}],"replies":[{"embeddable":true,"href":"https:\/\/www.kultura.cat\/en\/wp-json\/wp\/v2\/comments?post=1445"}],"version-history":[{"count":7,"href":"https:\/\/www.kultura.cat\/en\/wp-json\/wp\/v2\/pages\/1445\/revisions"}],"predecessor-version":[{"id":1796,"href":"https:\/\/www.kultura.cat\/en\/wp-json\/wp\/v2\/pages\/1445\/revisions\/1796"}],"wp:attachment":[{"href":"https:\/\/www.kultura.cat\/en\/wp-json\/wp\/v2\/media?parent=1445"}],"curies":[{"name":"wp","href":"https:\/\/api.w.org\/{rel}","templated":true}]}}